{"id":2663,"date":"2019-06-10T00:41:45","date_gmt":"2019-06-09T22:41:45","guid":{"rendered":"https:\/\/www.neurolinguistic.com\/blog\/?page_id=2663"},"modified":"2019-06-10T00:59:44","modified_gmt":"2019-06-09T22:59:44","slug":"nuovo-congresso-dipnosi-2019-naturale","status":"publish","type":"page","link":"https:\/\/www.neurolinguistic.com\/blog\/nuovo-congresso-dipnosi-2019-naturale\/","title":{"rendered":"Nuovo Congresso d&#8217;Ipnosi 2019 &#8211; Medicine Naturali"},"content":{"rendered":"<h1 style=\"margin: 0px; padding: 0px; border: 0px; font-style: inherit; font-variant: inherit; font-weight: normal; font-stretch: inherit; font-size: 1.6em; line-height: 1.1em; font-family: 'Source Sans Pro', sans-serif; vertical-align: baseline; color: #2697da; letter-spacing: -1px; text-shadow: rgba(255, 255, 255, 0.5) 1px 1px 0px; text-align: center;\"><strong>Scopri come l&#8217;Ipnosi pu\u00f2 cambiare la tua vita e darti una marcia in pi\u00f9<\/strong><\/h1>\n<p><iframe loading=\"lazy\" title=\"WORLD HYPNOSIS CONGRESS 2019 that will be replied in 2022!\" width=\"500\" height=\"281\" src=\"https:\/\/www.youtube.com\/embed\/M4Cdih_XZxk?feature=oembed\" frameborder=\"0\" allow=\"accelerometer; autoplay; clipboard-write; encrypted-media; gyroscope; picture-in-picture; web-share\" referrerpolicy=\"strict-origin-when-cross-origin\" allowfullscreen><\/iframe><\/p>\n<h1 style=\"margin: 0px; padding: 0px; border: 0px; font-style: inherit; font-variant: inherit; font-weight: normal; font-stretch: inherit; font-size: 40px; line-height: 1.1em; font-family: 'Source Sans Pro', sans-serif; vertical-align: baseline; color: #2697da; letter-spacing: -1px; text-shadow: rgba(255, 255, 255, 0.5) 1px 1px 0px; text-align: center;\">Nuovo Congresso Mondiale d&#8217;Ipnosi 2019<\/h1>\n<h2 style=\"margin: 0px; padding: 0px; border: 0px; font-style: inherit; font-variant: inherit; font-stretch: inherit; font-size: 26px; line-height: 1.1em; font-family: 'Source Sans Pro', sans-serif; vertical-align: baseline; color: #212121; letter-spacing: -1px; text-shadow: rgba(255, 255, 255, 0.5) 1px 1px 0px; text-align: center;\">Roma, 21-23 Giugno 2019<br \/>\n+ possibilit\u00e0 Masterclass Unica 24-25 Giugno 2019<br \/>\nNovit\u00e0 Ipnosi 2019 &#8211; se gi\u00e0 operi nel campo delle medicine Naturali ed Energetiche, l&#8217;Ipnosi \u00e8 quell&#8217;elemento che ti permetter\u00e0 di dare una spinta alla tua Pratica<\/h2>\n<form action=\"https:\/\/www.paypal.com\/cgi-bin\/webscr\" method=\"post\" target=\"_top\"><input name=\"cmd\" type=\"hidden\" value=\"_s-xclick\" \/><br \/>\n<input name=\"hosted_button_id\" type=\"hidden\" value=\"KMR7CFR6R3HTA\" \/><\/p>\n<table>\n<tbody>\n<tr>\n<td><input name=\"on0\" type=\"hidden\" value=\"Scegli il Biglietto\" \/>Scegli il Biglietto<\/td>\n<\/tr>\n<tr>\n<td><select name=\"os0\"><option value=\"Biglietto Bronzo\">Biglietto Bronzo \u20ac139,00 EUR<\/option><option value=\"Biglietto Argento\">Biglietto Argento \u20ac265,00 EUR<\/option><option value=\"Biglietto Oro\">Biglietto Oro \u20ac365,00 EUR<\/option><option value=\"Ipnosi Rapida\">Ipnosi Rapida \u20ac299,00 EUR<\/option><option value=\"Biglietto Smeraldo\">Biglietto Smeraldo \u20ac399,00 EUR<\/option><option value=\"Biglietto Zaffiro\">Biglietto Zaffiro \u20ac499,00 EUR<\/option><option value=\"Biglietto Platino\">Biglietto Platino \u20ac599,00 EUR<\/option><option value=\"Bronzo x 3\">Bronzo x 3 \u20ac333,00 EUR<\/option><option value=\"Bronzo aggiunto al gruppo\">Bronzo aggiunto al gruppo \u20ac111,00 EUR<\/option><\/select><\/td>\n<\/tr>\n<\/tbody>\n<\/table>\n<p><input name=\"currency_code\" type=\"hidden\" value=\"EUR\" \/><br \/>\n<input alt=\"PayPal \u00e8 il metodo rapido e sicuro per pagare e farsi pagare online.\" name=\"submit\" src=\"https:\/\/www.neurolinguistic.com\/blog\/wp-content\/uploads\/iscrivitiora.jpg\" type=\"image\" \/><br \/>\n<img loading=\"lazy\" decoding=\"async\" src=\"https:\/\/www.paypalobjects.com\/it_IT\/i\/scr\/pixel.gif\" alt=\"\" width=\"1\" height=\"1\" border=\"0\" \/><\/p>\n<\/form>\n<p style=\"margin: 0px; padding: 0px; border: 0px; font-variant-numeric: inherit; font-variant-east-asian: inherit; font-weight: normal; font-stretch: inherit; font-size: 40px; line-height: 1.1em; font-family: 'Source Sans Pro', sans-serif; vertical-align: baseline; color: #2697da; letter-spacing: -1px; text-shadow: rgba(255, 255, 255, 0.5) 1px 1px 0px; text-align: center;\"><a style=\"color: #2697da;\" href=\"tel:00390694806601\">+39 0694806601<\/a><\/p>\n<p style=\"margin: 0px; padding: 0px; border: 0px; font-variant-numeric: inherit; font-variant-east-asian: inherit; font-weight: normal; font-stretch: inherit; font-size: 40px; line-height: 1.1em; font-family: 'Source Sans Pro', sans-serif; vertical-align: baseline; color: #2697da; letter-spacing: -1px; text-shadow: rgba(255, 255, 255, 0.5) 1px 1px 0px; text-align: center;\"><a style=\"color: #2697da;\" href=\"mailto:ipcaconvegni@gmail.com\">ipcaconvegni@gmail.com<\/a><\/p>\n<h3 style=\"margin: 0px; padding: 0px; border: 0px; font-variant-numeric: inherit; font-variant-east-asian: inherit; font-stretch: inherit; font-size: 1.3em; line-height: 30px; font-family: 'Source Sans Pro', sans-serif; vertical-align: baseline; color: #181818; text-align: center;\">Prof. Fabio Puentes, PhD (Brasile)<\/h3>\n<p style=\"margin: 0px 0px 1.1em; padding: 0px; border: 0px; font-style: inherit; font-variant: inherit; font-weight: inherit; font-stretch: inherit; font-size: 17px; line-height: 1.5em; font-family: 'Source Sans Pro', sans-serif; vertical-align: baseline; color: #262626; text-align: center;\">Il Prof. Fabio Puentes \u00e8 il massimo esperto brasiliano di ipnosi in ambito clinico. Opera come Ipnologo presso l&#8217;Ospedale di San Paolo presso il Dipartimento di Neurochirurgia. Durante il Congresso Mondiale d&#8217;Ipnosi spiegher\u00e0 i Protocolli da lui utilizzati per la riduzione del dolore e per indurre l&#8217;ipnosi istantaneamente.<\/p>\n<p><img loading=\"lazy\" decoding=\"async\" src=\"https:\/\/www.neurolinguistic.com\/blog\/wp-content\/uploads\/fabio-puentes.jpg\" alt=\"\" width=\"300\" height=\"248\" \/><\/p>\n<h3 style=\"margin: 0px; padding: 0px; border: 0px; font-variant-numeric: inherit; font-variant-east-asian: inherit; font-stretch: inherit; font-size: 1.3em; line-height: 30px; font-family: 'Source Sans Pro', sans-serif; vertical-align: baseline; color: #181818; text-align: center;\">Dr Marco Paret<\/h3>\n<p style=\"margin-top: 0px; margin-bottom: 1.1em; padding: 0px; border: 0px; font-style: inherit; font-variant: inherit; font-weight: inherit; font-stretch: inherit; font-size: 17px; line-height: 1.5em; font-family: 'Source Sans Pro', sans-serif; vertical-align: baseline; color: #262626; text-align: center;\">Il Dr Marco Paret \u00e8 il fondatore dell&#8217;Istituto di Ipnosi e Comunicazione Non Verbale (ISI-CNV) con esperienza trentennale nello sviluppo di tecniche innovative di ipnosi istantanea, presentate anche presso la National Guild of Hypnotists (USA). Ha contribuito nella diffusione delle scienze di ipnosi in quattro continenti, presso la sua scuola di Nizza lavora con allievi provenienti da tutto il mondo. Nel congresso presenter\u00e0 NUOVI PROTOCOLLI di IPNOSI basati su 3 elementi nuovi non sviluppati finora.<\/p>\n<p><img loading=\"lazy\" decoding=\"async\" src=\"https:\/\/www.neurolinguistic.com\/blog\/wp-content\/uploads\/marcoparet-300x225-1.jpg\" alt=\"\" width=\"300\" height=\"225\" \/><\/p>\n<h3 style=\"margin: 0px; padding: 0px; border: 0px; font-variant-numeric: inherit; font-variant-east-asian: inherit; font-stretch: inherit; font-size: 1.3em; line-height: 30px; font-family: 'Source Sans Pro', sans-serif; vertical-align: baseline; color: #181818; text-align: center;\">Prof Stefano Benemeglio<\/h3>\n<p style=\"margin-top: 0px; margin-bottom: 1.1em; padding: 0px; border: 0px; font-style: inherit; font-variant: inherit; font-weight: inherit; font-stretch: inherit; font-size: 17px; line-height: 1.5em; font-family: 'Source Sans Pro', sans-serif; vertical-align: baseline; color: #262626; text-align: center;\">Psicologo, Padre Fondatore dell&#8217;Ipnosi Dinamica Benemegliana.\u00a0Nel decennio tra il &#8217;68 e il &#8217;78 studia i meccanismi dell&#8217;ipnosi sotto il profilo del comportamento emotivo, definisce il modello pragmatico e operativo della&#8221;Ipnosi Dinamica&#8221; e codifica un proprio linguaggio di Comunicazione Analogica. Nel decennio \u201980-\u201990 definisce i fondamenti della Psicologia Analogica, disciplina che studia le leggi che governano il comportamento emotivo dell\u2019uomo, esplicitando, attraverso modalit\u00e0 sempre pi\u00f9 analitiche, sia le procedure che l\u2019aspetto filosofico ed epistemologico della disciplina.<\/p>\n<p><img loading=\"lazy\" decoding=\"async\" src=\"https:\/\/www.neurolinguistic.com\/blog\/wp-content\/uploads\/Stefano-Benemeglio.jpg\" sizes=\"auto, (max-width: 364px) 100vw, 364px\" srcset=\"https:\/\/www.neurolinguistic.com\/blog\/wp-content\/uploads\/Stefano-Benemeglio.jpg 364w, https:\/\/www.neurolinguistic.com\/blog\/wp-content\/uploads\/Stefano-Benemeglio-300x199.jpg 300w\" alt=\"\" width=\"364\" height=\"242\" \/><\/p>\n<h3 style=\"margin: 0px; padding: 0px; border: 0px; font-variant-numeric: inherit; font-variant-east-asian: inherit; font-stretch: inherit; font-size: 1.3em; line-height: 30px; font-family: 'Source Sans Pro', sans-serif; vertical-align: baseline; color: #181818; text-align: center;\">Dr Igor Vitale<\/h3>\n<p style=\"margin-top: 0px; margin-bottom: 1.1em; padding: 0px; border: 0px; font-style: inherit; font-variant: inherit; font-weight: inherit; font-stretch: inherit; font-size: 17px; line-height: 1.5em; font-family: 'Source Sans Pro', sans-serif; vertical-align: baseline; color: #262626; text-align: center;\">Psicologo, Relatore Internazionale, co-Autore del Trattato d&#8217;Ipnosi. Docente esterno per i Master Universitari di Universit\u00e0 di Padova, Universit\u00e0 LUMSA, Universit\u00e0 Tor Vergata. Esperto chiave in 10 Progetto Internazionali approvati dalla Commissione Europea su temi della salute e della sicurezza nazionale in partenariato con Romania, Regno Unito, Austria, Bulgaria, Italia, Spagna, Norvegia, Cipro, Germania, Turchia, Grecia e molte altre<\/p>\n<p><img loading=\"lazy\" decoding=\"async\" src=\"https:\/\/www.neurolinguistic.com\/blog\/wp-content\/uploads\/igor-vitale-b-300x198.jpg\" alt=\"\" width=\"300\" height=\"198\" \/><\/p>\n<h3 style=\"margin: 0px; padding: 0px; border: 0px; font-variant-numeric: inherit; font-variant-east-asian: inherit; font-stretch: inherit; font-size: 1.3em; line-height: 30px; font-family: 'Source Sans Pro', sans-serif; vertical-align: baseline; color: #181818; text-align: center;\">Marco Valerio Ricci<\/h3>\n<p style=\"margin-top: 0px; margin-bottom: 1.1em; padding: 0px; border: 0px; font-style: inherit; font-variant: inherit; font-weight: inherit; font-stretch: inherit; font-size: 17px; line-height: 1.5em; font-family: 'Source Sans Pro', sans-serif; vertical-align: baseline; color: #262626; text-align: center;\">Marco Valerio Ricci \u00e8 uno dei quattro Licensed NLP Master Trainer italiani (e circa trenta al mondo), nominato direttamente dal Dr. Richard Bandler, co-creatore del campo della PNL, ad Orlando (Florida). Durante il Congresso Mondiale d&#8217;Ipnosi, Marco Valerio Ricci terr\u00e0 un training intensivo di Ipnosi per la motivazione e Sviluppo dell&#8217;Energia Ipnotica.<\/p>\n<p><img loading=\"lazy\" decoding=\"async\" src=\"https:\/\/www.neurolinguistic.com\/blog\/wp-content\/uploads\/marco-valerio-ricci.jpg\" alt=\"\" width=\"300\" height=\"254\" \/><\/p>\n<h3 style=\"margin: 0px; padding: 0px; border: 0px; font-variant-numeric: inherit; font-variant-east-asian: inherit; font-stretch: inherit; font-size: 1.3em; line-height: 30px; font-family: 'Source Sans Pro', sans-serif; vertical-align: baseline; color: #181818; text-align: center;\">Sara Sica<\/h3>\n<p style=\"margin: 0px 0px 1.1em; padding: 0px; border: 0px; font-style: inherit; font-variant: inherit; font-weight: inherit; font-stretch: inherit; font-size: 17px; line-height: 1.5em; font-family: 'Source Sans Pro', sans-serif; vertical-align: baseline; color: #262626; text-align: center;\">Naturopata Sara Sica, Operatrice del Benessere Naturale, Arteterapeuta, Coach e Ipnoterapeuta del metodo del Dott. Paret. \u00c8 l&#8217;ideatrice del protocollo di Ipnosi Regressiva Paretiana e Arteterapia. Integra\u00a0 protocolli di Ipnosi Istantanea del Dott. Paret alle Discipline Olistiche per la Salute utili alla\u00a0 risoluzione dei conflitti psico fisici emozionali.<\/p>\n<p><img loading=\"lazy\" decoding=\"async\" src=\"https:\/\/www.neurolinguistic.com\/blog\/wp-content\/uploads\/sarasica-e1560006045686.jpg\" sizes=\"auto, (max-width: 313px) 100vw, 313px\" srcset=\"https:\/\/www.neurolinguistic.com\/blog\/wp-content\/uploads\/sarasica-e1560006045686.jpg 313w, https:\/\/www.neurolinguistic.com\/blog\/wp-content\/uploads\/sarasica-e1560006045686-300x286.jpg 300w\" alt=\"\" width=\"313\" height=\"298\" \/><\/p>\n<h3 style=\"margin: 0px; padding: 0px; border: 0px; font-variant-numeric: inherit; font-variant-east-asian: inherit; font-stretch: inherit; font-size: 1.3em; line-height: 30px; font-family: 'Source Sans Pro', sans-serif; vertical-align: baseline; color: #181818; text-align: center;\">Oronzo Liantonio<\/h3>\n<p style=\"margin: 0px 0px 1.1em; padding: 0px; border: 0px; font-variant-numeric: inherit; font-variant-east-asian: inherit; font-stretch: inherit; line-height: 1.5em; vertical-align: baseline; text-align: center;\"><strong>IPNOSI DINAMICA<\/strong> asta cerchio e triangolo, per il riequilibrio emotivo. Dall&#8217;induzione ipnotica alla fenomenologia.\u00a0Come riequilibrare i propri squilibri emozionali attraverso l\u2019ipnosi dinamica benemegliana e il dialogo con l\u2019inconscio.<\/p>\n<p><img loading=\"lazy\" decoding=\"async\" src=\"https:\/\/www.neurolinguistic.com\/blog\/wp-content\/uploads\/oronzo2.png\" sizes=\"auto, (max-width: 279px) 100vw, 279px\" srcset=\"https:\/\/www.neurolinguistic.com\/blog\/wp-content\/uploads\/oronzo2.png 279w, https:\/\/www.neurolinguistic.com\/blog\/wp-content\/uploads\/oronzo2-150x150.png 150w\" alt=\"\" width=\"279\" height=\"278\" \/><\/p>\n<h3 style=\"margin: 0px; padding: 0px; border: 0px; font-variant-numeric: inherit; font-variant-east-asian: inherit; font-stretch: inherit; font-size: 1.3em; line-height: 30px; font-family: 'Source Sans Pro', sans-serif; vertical-align: baseline; color: #181818; text-align: center;\">Elio Isaia e Giuseppe Arena<\/h3>\n<p style=\"margin: 0px 0px 1.1em; padding: 0px; border: 0px; font-style: inherit; font-variant: inherit; font-weight: inherit; font-stretch: inherit; font-size: 17px; line-height: 1.5em; font-family: 'Source Sans Pro', sans-serif; vertical-align: baseline; color: #262626; text-align: center;\">Fondatori dell\u2019istituto Rilassamento Profondo, ipnotisti certificati a livello Europeo, professionisti della regressione e di vite precedenti, applicano con successo protocolli di autoipnosi per il superamento di traumi, sblocco energetico ed emozionale, cambiamento di schemi comportamentali; in questo evento condurranno una pratica di Ipnosi Regressiva alle Vite Precedenti coinvolgendo i partecipanti con dimostrazioni individuali ed esercizi di gruppo per ottenere risultati immediati.<\/p>\n<p><img loading=\"lazy\" decoding=\"async\" src=\"https:\/\/www.neurolinguistic.com\/blog\/wp-content\/uploads\/elio3.png\" sizes=\"auto, (max-width: 322px) 100vw, 322px\" srcset=\"https:\/\/www.neurolinguistic.com\/blog\/wp-content\/uploads\/elio3.png 322w, https:\/\/www.neurolinguistic.com\/blog\/wp-content\/uploads\/elio3-300x280.png 300w\" alt=\"\" width=\"322\" height=\"301\" \/><\/p>\n<h3 style=\"margin: 0px; padding: 0px; border: 0px; font-variant-numeric: inherit; font-variant-east-asian: inherit; font-stretch: inherit; font-size: 1.3em; line-height: 30px; font-family: 'Source Sans Pro', sans-serif; vertical-align: baseline; color: #181818; text-align: center;\">Dorota Zajac<\/h3>\n<p style=\"margin: 0px 0px 1.1em; padding: 0px; border: 0px; font-variant: inherit; font-stretch: inherit; line-height: 1.5em; vertical-align: baseline; text-align: center; font-weight: inherit; font-style: inherit; font-size: 17px; font-family: 'Source Sans Pro', sans-serif; color: #262626;\">Mental coach e ipnoterapeuta specializzata in potenziamento delle risorse individuali. Specializzata su Trattamenti per Peso forma, Paure, fobie e tanto altro..<\/p>\n<p><img loading=\"lazy\" decoding=\"async\" src=\"https:\/\/www.neurolinguistic.com\/blog\/wp-content\/uploads\/zorac3.jpg\" sizes=\"auto, (max-width: 336px) 100vw, 336px\" srcset=\"https:\/\/www.neurolinguistic.com\/blog\/wp-content\/uploads\/zorac3.jpg 336w, https:\/\/www.neurolinguistic.com\/blog\/wp-content\/uploads\/zorac3-292x300.jpg 292w\" alt=\"\" width=\"336\" height=\"345\" \/><\/p>\n<h3 style=\"margin: 0px; padding: 0px; border: 0px; font-variant-numeric: inherit; font-variant-east-asian: inherit; font-stretch: inherit; font-size: 1.3em; line-height: 30px; font-family: 'Source Sans Pro', sans-serif; vertical-align: baseline; color: #181818; text-align: center;\">Emanuela Pompas<\/h3>\n<p style=\"margin: 0px 0px 1.1em; padding: 0px; border: 0px; font-variant: inherit; font-stretch: inherit; line-height: 1.5em; vertical-align: baseline; text-align: center; font-weight: inherit; font-style: inherit; font-size: 17px; font-family: 'Source Sans Pro', sans-serif; color: #262626;\">Attraverso alcuni esercizi di visualizzazione e di meditazione guidata, si inizia a prepararsi a tornare indietro nel tempo per oltrepassare il muro della memoria, in modo da far emergere i primi ricordi. Infine verr\u00e0 utilizzata la regressione, per rivivere momenti dell\u2019infanzia e ritornare nelle vite passate. La regressione nelle vite precedenti si utilizza per capire i problemi attuali, che hanno sempre una radice molto lontana: prendendo coscienza di chi siamo e da dove veniamo, \u00e8 possibile risolvere alcune problematiche psichiche.<\/p>\n<p><img loading=\"lazy\" decoding=\"async\" src=\"https:\/\/www.neurolinguistic.com\/blog\/wp-content\/uploads\/manuelapompas-1.jpg\" sizes=\"auto, (max-width: 296px) 100vw, 296px\" srcset=\"https:\/\/www.neurolinguistic.com\/blog\/wp-content\/uploads\/manuelapompas-1.jpg 296w, https:\/\/www.neurolinguistic.com\/blog\/wp-content\/uploads\/manuelapompas-1-150x150.jpg 150w\" alt=\"\" width=\"296\" height=\"295\" \/><\/p>\n<h3 style=\"margin: 0px; padding: 0px; border: 0px; font-variant-numeric: inherit; font-variant-east-asian: inherit; font-stretch: inherit; font-size: 1.3em; line-height: 30px; font-family: 'Source Sans Pro', sans-serif; vertical-align: baseline; color: #181818; text-align: center;\">Viola Scialanca<\/h3>\n<p style=\"margin: 0px 0px 1.1em; padding: 0px; border: 0px; font-style: inherit; font-variant: inherit; font-weight: inherit; font-stretch: inherit; font-size: 17px; line-height: 1.5em; font-family: 'Source Sans Pro', sans-serif; vertical-align: baseline; color: #262626; text-align: center;\">Psicologa e\u00a0 counselor esperta di Danzaterapia, coniuga efficacemente i protocolli ipnotici con la danzaterapia coniugando la psiche all\u2019approccio al corpo, alla creativit\u00e0 e all\u2019ancestralit\u00e0 in grado di riportare l\u2019Uomo alla sua dimensione Una e Unica con tutto l\u2019Universo.\u00a0 Vedremo come sviluppare la presenza e a scopi artistici e \u201cterapeutici\u201d, e sperimenteremo la trance per come via per la guarigione.<\/p>\n<p><img loading=\"lazy\" decoding=\"async\" src=\"https:\/\/www.neurolinguistic.com\/blog\/wp-content\/uploads\/viola3.jpg\" sizes=\"auto, (max-width: 315px) 100vw, 315px\" srcset=\"https:\/\/www.neurolinguistic.com\/blog\/wp-content\/uploads\/viola3.jpg 315w, https:\/\/www.neurolinguistic.com\/blog\/wp-content\/uploads\/viola3-150x150.jpg 150w, https:\/\/www.neurolinguistic.com\/blog\/wp-content\/uploads\/viola3-298x300.jpg 298w\" alt=\"\" width=\"315\" height=\"317\" \/><\/p>\n<h3 style=\"margin: 0px; padding: 0px; border: 0px; font-variant-numeric: inherit; font-variant-east-asian: inherit; font-stretch: inherit; font-size: 1.3em; line-height: 30px; font-family: 'Source Sans Pro', sans-serif; vertical-align: baseline; color: #181818; text-align: center;\">Domenico Lisi<\/h3>\n<p style=\"margin: 0px 0px 1.1em; padding: 0px; border: 0px; font-style: inherit; font-variant: inherit; font-weight: inherit; font-stretch: inherit; font-size: 17px; line-height: 1.5em; font-family: 'Source Sans Pro', sans-serif; vertical-align: baseline; color: #262626; text-align: center;\">Domenico Lisi, attualmente tiene prestigiosi seminari e consulenze individuali di Costellazioni Familiari, Psicogenealogia e PsicoTarocchi, il Dialogo con l&#8217;Inconscio e la Meditazione. Da 15 anni approfondisce argomenti come l\u2019esoterismo, la meditazione, il Reiki, le tecniche energetiche, le costellazioni familiari e i Tarocchi, imparando da diversi insegnanti e Maestri.<\/p>\n<p><img loading=\"lazy\" decoding=\"async\" src=\"https:\/\/www.neurolinguistic.com\/blog\/wp-content\/uploads\/image-1.jpg\" alt=\"domenico-lisi\" width=\"229\" height=\"233\" \/><br \/>\n<a href=\"https:\/\/docs.google.com\/spreadsheets\/d\/1cKpnyP6sLb6tbD98eGv3TkBC27QicOqQJRoD6hdlTEI\/export?format=pdf\"><br \/>\nLeggi il programma completo online!<br \/>\n<\/a><\/p>\n<h3 style=\"margin: 0px; padding: 0px; border: 0px; font-variant-numeric: inherit; font-variant-east-asian: inherit; font-weight: normal; font-stretch: inherit; font-size: 40px; line-height: 1.1em; font-family: 'Source Sans Pro', sans-serif; vertical-align: baseline; color: #2697da; letter-spacing: -1px; text-shadow: rgba(255, 255, 255, 0.5) 1px 1px 0px; text-align: center;\"><strong>E con la partecipazione delle Eng<\/strong><strong style=\"font-size: 18pt;\">lish Sisters<\/strong><\/h3>\n<p><img loading=\"lazy\" decoding=\"async\" src=\"https:\/\/www.neurolinguistic.com\/blog\/wp-content\/uploads\/The-English-Sisters-You-Tube-copy-1024x820-1-300x240.jpg\" alt=\"\" width=\"300\" height=\"240\" \/><\/p>\n<p><a href=\"https:\/\/docs.google.com\/spreadsheets\/d\/1cKpnyP6sLb6tbD98eGv3TkBC27QicOqQJRoD6hdlTEI\/export?format=pdf\"><br \/>\nScarica il Programma Dettagliato<br \/>\n<\/a><\/p>\n<h2 style=\"margin: 0px; padding: 0px; border: 0px; font-variant-numeric: inherit; font-variant-east-asian: inherit; font-weight: normal; font-stretch: inherit; font-size: 40px; line-height: 1.1em; font-family: 'Source Sans Pro', sans-serif; vertical-align: baseline; color: #2697da; letter-spacing: -1px; text-shadow: rgba(255, 255, 255, 0.5) 1px 1px 0px; text-align: center;\">Il Programma Didattico<\/h2>\n<h3 style=\"margin: 0px; padding: 0px; border: 0px; font-variant-numeric: inherit; font-variant-east-asian: inherit; font-stretch: inherit; font-size: 1.3em; line-height: 30px; font-family: 'Source Sans Pro', sans-serif; vertical-align: baseline; color: #181818; text-align: center;\">Giorno 1 &#8211; Ipnosi e Scienze di Frontiera<\/h3>\n<p style=\"margin-top: 0px; margin-bottom: 1.1em; padding: 0px; border: 0px; font-style: inherit; font-variant: inherit; font-weight: inherit; font-stretch: inherit; font-size: 17px; line-height: 1.5em; font-family: 'Source Sans Pro', sans-serif; vertical-align: baseline; color: #262626;\">Programma Sala Centrale (orario 14-18.30)<br style=\"margin: 0pt; padding: 0pt;\" \/>Ipnosi per il cambiamento personali &#8211; Esercizi di autoipnosi per la vita quotidiana &#8211; Esercizi di Ipnosi Paretiana . Ipnosi Simbolica e Regressioni &#8211; Ipnosi e Scienze di Frontiera<\/p>\n<p style=\"margin-top: 0px; margin-bottom: 1.1em; padding: 0px; border: 0px; font-style: inherit; font-variant: inherit; font-weight: inherit; font-stretch: inherit; font-size: 17px; line-height: 1.5em; font-family: 'Source Sans Pro', sans-serif; vertical-align: baseline; color: #262626;\">Programma Sala Esercizi (orario 19-21)<\/p>\n<p style=\"margin-top: 0px; margin-bottom: 1.1em; padding: 0px; border: 0px; font-style: inherit; font-variant: inherit; font-weight: inherit; font-stretch: inherit; font-size: 17px; line-height: 1.5em; font-family: 'Source Sans Pro', sans-serif; vertical-align: baseline; color: #262626;\">Protocolli ed esercitazioni di Ipnosi Paretiana, le tecniche di induzione ipnotica.<\/p>\n<p><img loading=\"lazy\" decoding=\"async\" src=\"https:\/\/www.neurolinguistic.com\/blog\/wp-content\/uploads\/ipnos-3.jpg\" sizes=\"auto, (max-width: 960px) 100vw, 960px\" srcset=\"https:\/\/www.neurolinguistic.com\/blog\/wp-content\/uploads\/ipnos-3.jpg 960w, https:\/\/www.neurolinguistic.com\/blog\/wp-content\/uploads\/ipnos-3-300x200.jpg 300w, https:\/\/www.neurolinguistic.com\/blog\/wp-content\/uploads\/ipnos-3-768x512.jpg 768w\" alt=\"\" width=\"960\" height=\"640\" \/><\/p>\n<h3 style=\"margin: 0px; padding: 0px; border: 0px; font-variant-numeric: inherit; font-variant-east-asian: inherit; font-stretch: inherit; font-size: 1.3em; line-height: 30px; font-family: 'Source Sans Pro', sans-serif; vertical-align: baseline; color: #181818; text-align: center;\">Giorno 2 &#8211; Protocolli di Ipnosi<\/h3>\n<p style=\"margin-top: 0px; margin-bottom: 1.1em; padding: 0px; border: 0px; font-style: inherit; font-variant: inherit; font-weight: inherit; font-stretch: inherit; font-size: 17px; line-height: 1.5em; font-family: 'Source Sans Pro', sans-serif; vertical-align: baseline; color: #262626;\">Programma Sala Centrale (orario 10-18.30)<br style=\"margin: 0pt; padding: 0pt;\" \/>Ipnosi per la gestione delle emozioni negative &#8211; Ipnosi per il cambiamento &#8211; Ipnosi Simbolica &#8211; Ipnosi Benemegliana &#8211; Script di induzione ipnotica &#8211; ipnosi per il benessere personale &#8211; ipnosi per la felicit\u00e0 &#8211; ipnosi per aumentare le capacit\u00e0 di comunicazioni e le skill empatiche &#8211; Ipnosi per la Motivazione &#8211; Sviluppo dell&#8217;Energia Ipnotica<\/p>\n<p style=\"margin-top: 0px; margin-bottom: 1.1em; padding: 0px; border: 0px; font-style: inherit; font-variant: inherit; font-weight: inherit; font-stretch: inherit; font-size: 17px; line-height: 1.5em; font-family: 'Source Sans Pro', sans-serif; vertical-align: baseline; color: #262626;\">Programma Sala Esercizi (orario 10-18.30)<br style=\"margin: 0pt; padding: 0pt;\" \/>Protocolli di induzione ipnotica &#8211; Ipnosi per dimagrire &#8211; Ipnosi per ridurre le abitudini disfunzionali &#8211; Ipnosi per la riduzione della dipendenza affettiva e delle compulsioni &#8211; Ipnosi Simbolica Benemegliana &#8211; fenomenologie ipnotiche &#8211; Ipnosi Quantistica<\/p>\n<p style=\"margin-top: 0px; margin-bottom: 1.1em; padding: 0px; border: 0px; font-style: inherit; font-variant: inherit; font-weight: inherit; font-stretch: inherit; font-size: 17px; line-height: 1.5em; font-family: 'Source Sans Pro', sans-serif; vertical-align: baseline; color: #262626;\">Programma Sala Esercizi (orario 19-21) &#8211; A cura del prof. Puentes<br style=\"margin: 0pt; padding: 0pt;\" \/>Ipnosi clinica, protocolli di ipnosi istantanea, tecniche ipnotiche per la riduzione del dolore.<\/p>\n<p><img loading=\"lazy\" decoding=\"async\" src=\"https:\/\/www.neurolinguistic.com\/blog\/wp-content\/uploads\/ipno-6.jpg\" sizes=\"auto, (max-width: 960px) 100vw, 960px\" srcset=\"https:\/\/www.neurolinguistic.com\/blog\/wp-content\/uploads\/ipno-6.jpg 960w, https:\/\/www.neurolinguistic.com\/blog\/wp-content\/uploads\/ipno-6-300x200.jpg 300w, https:\/\/www.neurolinguistic.com\/blog\/wp-content\/uploads\/ipno-6-768x512.jpg 768w\" alt=\"\" width=\"960\" height=\"640\" \/><\/p>\n<h3 style=\"margin: 0px; padding: 0px; border: 0px; font-variant-numeric: inherit; font-variant-east-asian: inherit; font-stretch: inherit; font-size: 1.3em; line-height: 30px; font-family: 'Source Sans Pro', sans-serif; vertical-align: baseline; color: #181818; text-align: center;\">Giorno 3 &#8211; Ipnosi Regressiva<\/h3>\n<p style=\"margin-top: 0px; margin-bottom: 1.1em; padding: 0px; border: 0px; font-style: inherit; font-variant: inherit; font-weight: inherit; font-stretch: inherit; font-size: 17px; line-height: 1.5em; font-family: 'Source Sans Pro', sans-serif; vertical-align: baseline; color: #262626;\">Programma Sala Centrale (orario 10-18.30)<br style=\"margin: 0pt; padding: 0pt;\" \/>Ipnosi Regressiva &#8211; Ipnosi Progressiva &#8211; Come gestire eventi passati disfunzionali &#8211; Past Life Therapy &#8211; Regressioni a confronto &#8211; Il potenziale dell&#8217;ipnosi regressiva per i blocchi emotivi &#8211; Quantum Regression Therapy<\/p>\n<p style=\"margin-top: 0px; margin-bottom: 1.1em; padding: 0px; border: 0px; font-style: inherit; font-variant: inherit; font-weight: inherit; font-stretch: inherit; font-size: 17px; line-height: 1.5em; font-family: 'Source Sans Pro', sans-serif; vertical-align: baseline; color: #262626;\">Programma Sala Esercizi (orario 10-18.30)<br style=\"margin: 0pt; padding: 0pt;\" \/>Tecniche di Ipnosi Regressiva &#8211; Tecniche di Ipnosi Progressiva &#8211; Esercizi di Past Life Therapy &#8211; l&#8217;uso della Timeline delle procedure ipnotiche &#8211; esercizi per usare le emozioni nel processo di regressione &#8211; Tecniche di Ipnosi Terapeutica &#8211; Esercizi<\/p>\n<p><img loading=\"lazy\" decoding=\"async\" src=\"https:\/\/www.neurolinguistic.com\/blog\/wp-content\/uploads\/ipno1.jpg\" sizes=\"auto, (max-width: 960px) 100vw, 960px\" srcset=\"https:\/\/www.neurolinguistic.com\/blog\/wp-content\/uploads\/ipno1.jpg 960w, https:\/\/www.neurolinguistic.com\/blog\/wp-content\/uploads\/ipno1-300x200.jpg 300w, https:\/\/www.neurolinguistic.com\/blog\/wp-content\/uploads\/ipno1-768x512.jpg 768w\" alt=\"\" width=\"960\" height=\"640\" \/><\/p>\n<h3 style=\"margin: 0px; padding: 0px; border: 0px; font-variant-numeric: inherit; font-variant-east-asian: inherit; font-stretch: inherit; font-size: 1.3em; line-height: 30px; font-family: 'Source Sans Pro', sans-serif; vertical-align: baseline; color: #181818; text-align: center;\">Giorno 4 &#8211; Ipnosi Rapida col prof. Puentes<\/h3>\n<p style=\"margin-top: 0px; margin-bottom: 1.1em; padding: 0px; border: 0px; font-style: inherit; font-variant: inherit; font-weight: inherit; font-stretch: inherit; font-size: 17px; line-height: 1.5em; font-family: 'Source Sans Pro', sans-serif; vertical-align: baseline; color: #262626; text-align: center;\">Cosa dire e cosa fare prima di indurre l&#8217;ipnosi &#8211; tecniche di ipnosi rapida &#8211; tecniche di ipnosi istantanea &#8211; protocolli di ipnosi &#8211; ipnosi terapeutica &#8211; come indurre l&#8217;ipnosi in meno di un minuto &#8211; ipnosi non verbale &#8211; Esercizi<\/p>\n<p><img loading=\"lazy\" decoding=\"async\" src=\"https:\/\/www.neurolinguistic.com\/blog\/wp-content\/uploads\/puentes1-1024x640.jpg\" sizes=\"auto, (max-width: 1024px) 100vw, 1024px\" srcset=\"https:\/\/www.neurolinguistic.com\/blog\/wp-content\/uploads\/puentes1-1024x640.jpg 1024w, https:\/\/www.neurolinguistic.com\/blog\/wp-content\/uploads\/puentes1-300x188.jpg 300w, https:\/\/www.neurolinguistic.com\/blog\/wp-content\/uploads\/puentes1-768x480.jpg 768w, https:\/\/www.neurolinguistic.com\/blog\/wp-content\/uploads\/puentes1.jpg 1152w\" alt=\"\" width=\"1024\" height=\"640\" \/><\/p>\n<h3 style=\"margin: 0px; padding: 0px; border: 0px; font-variant-numeric: inherit; font-variant-east-asian: inherit; font-stretch: inherit; font-size: 1.3em; line-height: 30px; font-family: 'Source Sans Pro', sans-serif; vertical-align: baseline; color: #181818; text-align: center;\">Giorno 5 &#8211; Ipnosi Rapida col prof. Puentes<\/h3>\n<p style=\"margin-top: 0px; margin-bottom: 1.1em; padding: 0px; border: 0px; font-style: inherit; font-variant: inherit; font-weight: inherit; font-stretch: inherit; font-size: 17px; line-height: 1.5em; font-family: 'Source Sans Pro', sans-serif; vertical-align: baseline; color: #262626; text-align: center;\">Ipnosi rapida e cambiamento &#8211; Ipnosi Istantanea II &#8211; Il protocollo di induzione ipnotica del prof. Puentes &#8211; Tecniche linguistiche di induzione ipnotica &#8211; come mantenere stabile il cambiamento e il processo ipnotico &#8211; ipnosi per ridurre il dolore, emozioni disfunzionali ed ansia &#8211; tecniche di autoipnosi &#8211; Esercizi<\/p>\n<p><img loading=\"lazy\" decoding=\"async\" src=\"https:\/\/www.neurolinguistic.com\/blog\/wp-content\/uploads\/puentes33.png\" sizes=\"auto, (max-width: 499px) 100vw, 499px\" srcset=\"https:\/\/www.neurolinguistic.com\/blog\/wp-content\/uploads\/puentes33.png 499w, https:\/\/www.neurolinguistic.com\/blog\/wp-content\/uploads\/puentes33-300x183.png 300w\" alt=\"\" width=\"499\" height=\"304\" \/><br \/>\n<img loading=\"lazy\" decoding=\"async\" src=\"https:\/\/www.neurolinguistic.com\/blog\/wp-content\/uploads\/roma1.jpg\" sizes=\"auto, (max-width: 600px) 100vw, 600px\" srcset=\"https:\/\/www.neurolinguistic.com\/blog\/wp-content\/uploads\/roma1.jpg 600w, https:\/\/www.neurolinguistic.com\/blog\/wp-content\/uploads\/roma1-300x170.jpg 300w\" alt=\"\" width=\"600\" height=\"340\" \/><\/p>\n<h4 style=\"margin: 0px; padding: 0px; border: 0px; font-variant-numeric: inherit; font-variant-east-asian: inherit; font-weight: normal; font-stretch: inherit; font-size: 40px; line-height: 1.1em; font-family: 'Source Sans Pro', sans-serif; vertical-align: baseline; color: #2697da; letter-spacing: -1px; text-shadow: rgba(255, 255, 255, 0.5) 1px 1px 0px; text-align: center;\">Roma, 21-25 Giugno 2019<br \/>\nHotel Oly, via Santuario Regina degli Apostoli, 36<\/h4>\n<p><iframe loading=\"lazy\" src=\"https:\/\/maps.google.com\/maps?q=Hotel%20Oly%2C%20via%20Santuario%20Regina%20degli%20Apostoli%2C%2036&amp;t=m&amp;z=14&amp;output=embed&amp;iwloc=near\" width=\"300\" height=\"150\" frameborder=\"0\" marginwidth=\"0\" marginheight=\"0\" scrolling=\"no\"><\/iframe><\/p>\n<p style=\"margin: 0px; padding: 0px; border: 0px; font-variant-numeric: inherit; font-variant-east-asian: inherit; font-weight: normal; font-stretch: inherit; font-size: 40px; line-height: 1.1em; font-family: 'Source Sans Pro', sans-serif; vertical-align: baseline; color: #2697da; letter-spacing: -1px; text-shadow: rgba(255, 255, 255, 0.5) 1px 1px 0px; text-align: center;\">Contattaci<br \/>\ntel. <a style=\"color: #2697da;\" href=\"tel:00390694806601\">0039 0694806601<\/a> &#8211;\u00a0<a style=\"color: #2697da;\" href=\"mailto:ipcaconvegni@gmail.com\">ipcaconvegni@gmail.com<\/a><\/p>\n<h3 style=\"margin: 0px; padding: 0px; border: 0px; font-variant-numeric: inherit; font-variant-east-asian: inherit; font-stretch: inherit; font-size: 1.3em; line-height: 30px; font-family: 'Source Sans Pro', sans-serif; vertical-align: baseline; color: #181818; text-align: center;\">Biglietto Bronzo &#8211; \u20ac139<\/h3>\n<p style=\"margin-top: 0px; margin-bottom: 1.1em; padding: 0px; border: 0px; font-style: inherit; font-variant: inherit; font-weight: inherit; font-stretch: inherit; font-size: 17px; line-height: 1.5em; font-family: 'Source Sans Pro', sans-serif; vertical-align: baseline; color: #262626; text-align: center;\">Accesso alla Sala Centrale con pratiche sala centrale giorni 21-23 Giugno 2019<\/p>\n<p style=\"margin-top: 0px; margin-bottom: 1.1em; padding: 0px; border: 0px; font-style: inherit; font-variant: inherit; font-weight: inherit; font-stretch: inherit; font-size: 17px; line-height: 1.5em; font-family: 'Source Sans Pro', sans-serif; vertical-align: baseline; color: #262626; text-align: center;\">Attestato di Partecipazione<\/p>\n<p style=\"margin-top: 0px; margin-bottom: 1.1em; padding: 0px; border: 0px; font-style: inherit; font-variant: inherit; font-weight: inherit; font-stretch: inherit; font-size: 17px; line-height: 1.5em; font-family: 'Source Sans Pro', sans-serif; vertical-align: baseline; color: #262626; text-align: center;\">Materiale Didattico<\/p>\n<p><img loading=\"lazy\" decoding=\"async\" src=\"https:\/\/www.neurolinguistic.com\/blog\/wp-content\/uploads\/biglietto-bronzo-300x156.jpg\" alt=\"\" width=\"300\" height=\"156\" \/><\/p>\n<h3 style=\"margin: 0px; padding: 0px; border: 0px; font-variant-numeric: inherit; font-variant-east-asian: inherit; font-stretch: inherit; font-size: 1.3em; line-height: 30px; font-family: 'Source Sans Pro', sans-serif; vertical-align: baseline; color: #181818; text-align: center;\">Biglietto Argento &#8211; \u20ac265<\/h3>\n<p style=\"margin-top: 0px; margin-bottom: 1.1em; padding: 0px; border: 0px; font-style: inherit; font-variant: inherit; font-weight: inherit; font-stretch: inherit; font-size: 17px; line-height: 1.5em; font-family: 'Source Sans Pro', sans-serif; vertical-align: baseline; color: #262626; text-align: center;\">Accesso alla Sala Centrale con pratiche sala centrale giorni 21-23 Giugno 2019<br style=\"margin: 0pt; padding: 0pt;\" \/>Accesso alla Sala Esercizi e Laboratori giorni 21-23 Giugno 2019<\/p>\n<p style=\"margin-top: 0px; margin-bottom: 1.1em; padding: 0px; border: 0px; font-style: inherit; font-variant: inherit; font-weight: inherit; font-stretch: inherit; font-size: 17px; line-height: 1.5em; font-family: 'Source Sans Pro', sans-serif; vertical-align: baseline; color: #262626; text-align: center;\">Attestato di Partecipazione<\/p>\n<p style=\"margin-top: 0px; margin-bottom: 1.1em; padding: 0px; border: 0px; font-style: inherit; font-variant: inherit; font-weight: inherit; font-stretch: inherit; font-size: 17px; line-height: 1.5em; font-family: 'Source Sans Pro', sans-serif; vertical-align: baseline; color: #262626; text-align: center;\">Materiale Didattico<\/p>\n<p><img loading=\"lazy\" decoding=\"async\" src=\"https:\/\/www.neurolinguistic.com\/blog\/wp-content\/uploads\/biglietto-argento-300x156.png\" alt=\"\" width=\"300\" height=\"156\" \/><\/p>\n<h3 style=\"margin: 0px; padding: 0px; border: 0px; font-variant-numeric: inherit; font-variant-east-asian: inherit; font-stretch: inherit; font-size: 1.3em; line-height: 30px; font-family: 'Source Sans Pro', sans-serif; vertical-align: baseline; color: #181818; text-align: center;\">Biglietto Oro &#8211; \u20ac365<\/h3>\n<p style=\"margin-top: 0px; margin-bottom: 1.1em; padding: 0px; border: 0px; font-style: inherit; font-variant: inherit; font-weight: inherit; font-stretch: inherit; font-size: 17px; line-height: 1.5em; font-family: 'Source Sans Pro', sans-serif; vertical-align: baseline; color: #262626; text-align: center;\">Accesso alla Sala Centrale giorni 21-23 Giugno 2019<br style=\"margin: 0pt; padding: 0pt;\" \/>Accesso alla Sala Esercizi giorni 21-23 Giugno 2019<br style=\"margin: 0pt; padding: 0pt;\" \/>Posto riservato nelle prime due file<br style=\"margin: 0pt; padding: 0pt;\" \/>Video del Congresso Mondiale d&#8217;Ipnosi 2019 (+10 ore)<br style=\"margin: 0pt; padding: 0pt;\" \/>Video del Congresso Mondiale d&#8217;Ipnosi 2018 e 2017 (+10 ore)<\/p>\n<p style=\"margin-top: 0px; margin-bottom: 1.1em; padding: 0px; border: 0px; font-style: inherit; font-variant: inherit; font-weight: inherit; font-stretch: inherit; font-size: 17px; line-height: 1.5em; font-family: 'Source Sans Pro', sans-serif; vertical-align: baseline; color: #262626; text-align: center;\">Attestato di Partecipazione<\/p>\n<p style=\"margin-top: 0px; margin-bottom: 1.1em; padding: 0px; border: 0px; font-style: inherit; font-variant: inherit; font-weight: inherit; font-stretch: inherit; font-size: 17px; line-height: 1.5em; font-family: 'Source Sans Pro', sans-serif; vertical-align: baseline; color: #262626; text-align: center;\">Materiale Didattico<\/p>\n<p><img loading=\"lazy\" decoding=\"async\" src=\"https:\/\/www.neurolinguistic.com\/blog\/wp-content\/uploads\/biglietto-oro-300x156.jpg\" alt=\"\" width=\"300\" height=\"156\" \/><\/p>\n<p style=\"text-align: center;\">Per chi \u00e8 interessato <strong>\u00e8 possibile inoltre partecipare<\/strong> ad una <strong>MasterClass<\/strong> di Ipnosi rapida con il <strong>Prof Puentes<\/strong> e il <strong>Dr Marco Paret<\/strong> con tecniche <strong>innovative<\/strong> non presentate negli anni precedenti.<\/p>\n<h3 style=\"margin: 0px; padding: 0px; border: 0px; font-variant-numeric: inherit; font-variant-east-asian: inherit; font-stretch: inherit; font-size: 1.3em; line-height: 30px; font-family: 'Source Sans Pro', sans-serif; vertical-align: baseline; color: #181818; text-align: center;\">Biglietto solo Masterclass Ipnosi Rapida &#8211; \u20ac299<\/h3>\n<p style=\"margin-top: 0px; margin-bottom: 1.1em; padding: 0px; border: 0px; font-style: inherit; font-variant: inherit; font-weight: inherit; font-stretch: inherit; font-size: 17px; line-height: 1.5em; font-family: 'Source Sans Pro', sans-serif; vertical-align: baseline; color: #262626; text-align: center;\">Accesso alla Masterclass di Ipnosi Rapida con il prof. Puentes 24-25 Giugno 2019<br style=\"margin: 0pt; padding: 0pt;\" \/>Attestato di Partecipazione &#8220;Masterclass di Ipnosi Rapida&#8221;<\/p>\n<p style=\"margin-top: 0px; margin-bottom: 1.1em; padding: 0px; border: 0px; font-style: inherit; font-variant: inherit; font-weight: inherit; font-stretch: inherit; font-size: 17px; line-height: 1.5em; font-family: 'Source Sans Pro', sans-serif; vertical-align: baseline; color: #262626; text-align: center;\">Materiale Didattico<\/p>\n<p><img loading=\"lazy\" decoding=\"async\" src=\"https:\/\/www.neurolinguistic.com\/blog\/wp-content\/uploads\/biglietto-rosso-300x156.jpg\" alt=\"\" width=\"300\" height=\"156\" \/><\/p>\n<h3 style=\"margin: 0px; padding: 0px; border: 0px; font-variant-numeric: inherit; font-variant-east-asian: inherit; font-stretch: inherit; font-size: 1.3em; line-height: 30px; font-family: 'Source Sans Pro', sans-serif; vertical-align: baseline; color: #181818; text-align: center;\">Biglietto Bronzo + Masterclass (= Biglietto Smeraldo) &#8211;<\/h3>\n<h3 style=\"margin: 0px; padding: 0px; border: 0px; font-variant-numeric: inherit; font-variant-east-asian: inherit; font-stretch: inherit; font-size: 1.3em; line-height: 30px; font-family: 'Source Sans Pro', sans-serif; vertical-align: baseline; color: #181818; text-align: center;\">\u20ac399 (risparmio: 40 euro)<\/h3>\n<p style=\"margin-top: 0px; margin-bottom: 1.1em; padding: 0px; border: 0px; font-style: inherit; font-variant: inherit; font-weight: inherit; font-stretch: inherit; font-size: 17px; line-height: 1.5em; font-family: 'Source Sans Pro', sans-serif; vertical-align: baseline; color: #262626; text-align: center;\">Accesso alla Sala Centrale nei giorni 21-23 Giugno 2019<\/p>\n<p style=\"margin-top: 0px; margin-bottom: 1.1em; padding: 0px; border: 0px; font-style: inherit; font-variant: inherit; font-weight: inherit; font-stretch: inherit; font-size: 17px; line-height: 1.5em; font-family: 'Source Sans Pro', sans-serif; vertical-align: baseline; color: #262626; text-align: center;\">Accesso alla Masterclass con il prof. Puentes 24-25 Giugno 2019<\/p>\n<p style=\"margin-top: 0px; margin-bottom: 1.1em; padding: 0px; border: 0px; font-style: inherit; font-variant: inherit; font-weight: inherit; font-stretch: inherit; font-size: 17px; line-height: 1.5em; font-family: 'Source Sans Pro', sans-serif; vertical-align: baseline; color: #262626; text-align: center;\">Certificato di Partecipazione &#8220;Congresso Mondiale d&#8217;Ipnosi&#8221;<\/p>\n<p style=\"margin-top: 0px; margin-bottom: 1.1em; padding: 0px; border: 0px; font-style: inherit; font-variant: inherit; font-weight: inherit; font-stretch: inherit; font-size: 17px; line-height: 1.5em; font-family: 'Source Sans Pro', sans-serif; vertical-align: baseline; color: #262626; text-align: center;\">Certificazione Internazionale &#8220;Masterclass di Ipnosi Rapida&#8221;<\/p>\n<p style=\"margin-top: 0px; margin-bottom: 1.1em; padding: 0px; border: 0px; font-style: inherit; font-variant: inherit; font-weight: inherit; font-stretch: inherit; font-size: 17px; line-height: 1.5em; font-family: 'Source Sans Pro', sans-serif; vertical-align: baseline; color: #262626; text-align: center;\">Materiale Didattico<\/p>\n<p><img loading=\"lazy\" decoding=\"async\" src=\"https:\/\/www.neurolinguistic.com\/blog\/wp-content\/uploads\/biglietto-smeraldo-300x156.jpg\" alt=\"\" width=\"300\" height=\"156\" \/><\/p>\n<h3 style=\"margin: 0px; padding: 0px; border: 0px; font-variant-numeric: inherit; font-variant-east-asian: inherit; font-stretch: inherit; font-size: 1.3em; line-height: 30px; font-family: 'Source Sans Pro', sans-serif; vertical-align: baseline; color: #181818; text-align: center;\">Biglietto Argento + MasterClass (= Biglietto Zaffiro) &#8211;<\/h3>\n<h3 style=\"margin: 0px; padding: 0px; border: 0px; font-variant-numeric: inherit; font-variant-east-asian: inherit; font-stretch: inherit; font-size: 1.3em; line-height: 30px; font-family: 'Source Sans Pro', sans-serif; vertical-align: baseline; color: #181818; text-align: center;\">\u20ac499 (risparmio: 65 euro)<\/h3>\n<p style=\"margin-top: 0px; margin-bottom: 1.1em; padding: 0px; border: 0px; font-style: inherit; font-variant: inherit; font-weight: inherit; font-stretch: inherit; font-size: 17px; line-height: 1.5em; font-family: 'Source Sans Pro', sans-serif; vertical-align: baseline; color: #262626; text-align: center;\">Accesso alla Sala Centrale nei giorni 21-23 Giugno 2019<\/p>\n<p style=\"margin-top: 0px; margin-bottom: 1.1em; padding: 0px; border: 0px; font-style: inherit; font-variant: inherit; font-weight: inherit; font-stretch: inherit; font-size: 17px; line-height: 1.5em; font-family: 'Source Sans Pro', sans-serif; vertical-align: baseline; color: #262626; text-align: center;\">Accesso alla Sala Esercizi nei giorni 21-23 Giugno 2019<\/p>\n<p style=\"margin-top: 0px; margin-bottom: 1.1em; padding: 0px; border: 0px; font-style: inherit; font-variant: inherit; font-weight: inherit; font-stretch: inherit; font-size: 17px; line-height: 1.5em; font-family: 'Source Sans Pro', sans-serif; vertical-align: baseline; color: #262626; text-align: center;\">Accesso alla Masterclass con il prof. Puentes 24-25 Giugno 2019<\/p>\n<p style=\"margin-top: 0px; margin-bottom: 1.1em; padding: 0px; border: 0px; font-style: inherit; font-variant: inherit; font-weight: inherit; font-stretch: inherit; font-size: 17px; line-height: 1.5em; font-family: 'Source Sans Pro', sans-serif; vertical-align: baseline; color: #262626; text-align: center;\">Certificato di Partecipazione &#8220;Congresso Mondiale d&#8217;Ipnosi&#8221;<\/p>\n<p style=\"margin-top: 0px; margin-bottom: 1.1em; padding: 0px; border: 0px; font-style: inherit; font-variant: inherit; font-weight: inherit; font-stretch: inherit; font-size: 17px; line-height: 1.5em; font-family: 'Source Sans Pro', sans-serif; vertical-align: baseline; color: #262626; text-align: center;\">Certificazione Internazionale &#8220;Masterclass di Ipnosi Rapida&#8221;<\/p>\n<p style=\"margin-top: 0px; margin-bottom: 1.1em; padding: 0px; border: 0px; font-style: inherit; font-variant: inherit; font-weight: inherit; font-stretch: inherit; font-size: 17px; line-height: 1.5em; font-family: 'Source Sans Pro', sans-serif; vertical-align: baseline; color: #262626; text-align: center;\">Materiale Didattico<\/p>\n<p><img loading=\"lazy\" decoding=\"async\" src=\"https:\/\/www.neurolinguistic.com\/blog\/wp-content\/uploads\/biglietto-zaffiro-300x156.jpg\" alt=\"\" width=\"300\" height=\"156\" \/><\/p>\n<h3 style=\"margin: 0px; padding: 0px; border: 0px; font-variant-numeric: inherit; font-variant-east-asian: inherit; font-stretch: inherit; font-size: 1.3em; line-height: 30px; font-family: 'Source Sans Pro', sans-serif; vertical-align: baseline; color: #181818; text-align: center;\">Biglietto Oro + MasterClass (= Biglietto Platino)<\/h3>\n<h3 style=\"margin: 0px; padding: 0px; border: 0px; font-variant-numeric: inherit; font-variant-east-asian: inherit; font-stretch: inherit; font-size: 1.3em; line-height: 30px; font-family: 'Source Sans Pro', sans-serif; vertical-align: baseline; color: #181818; text-align: center;\">&#8211; \u20ac599 (risparmio 65 euro)<\/h3>\n<p style=\"margin-top: 0px; margin-bottom: 1.1em; padding: 0px; border: 0px; font-style: inherit; font-variant: inherit; font-weight: inherit; font-stretch: inherit; font-size: 17px; line-height: 1.5em; font-family: 'Source Sans Pro', sans-serif; vertical-align: baseline; color: #262626; text-align: center;\">Accesso alla Sala Centrale nei giorni 21-23 Giugno 2019<\/p>\n<p style=\"margin-top: 0px; margin-bottom: 1.1em; padding: 0px; border: 0px; font-style: inherit; font-variant: inherit; font-weight: inherit; font-stretch: inherit; font-size: 17px; line-height: 1.5em; font-family: 'Source Sans Pro', sans-serif; vertical-align: baseline; color: #262626; text-align: center;\">Accesso alla Sala Esercizi nei giorni 21-23 Giugno 2019<\/p>\n<p style=\"margin-top: 0px; margin-bottom: 1.1em; padding: 0px; border: 0px; font-style: inherit; font-variant: inherit; font-weight: inherit; font-stretch: inherit; font-size: 17px; line-height: 1.5em; font-family: 'Source Sans Pro', sans-serif; vertical-align: baseline; color: #262626; text-align: center;\">Accesso alla Masterclass con il prof. Puentes 24-25 Giugno 2019<\/p>\n<p style=\"margin-top: 0px; margin-bottom: 1.1em; padding: 0px; border: 0px; font-style: inherit; font-variant: inherit; font-weight: inherit; font-stretch: inherit; font-size: 17px; line-height: 1.5em; font-family: 'Source Sans Pro', sans-serif; vertical-align: baseline; color: #262626; text-align: center;\">Video del Congresso Mondiale d&#8217;Ipnosi 2019 (+10 ore)<br style=\"margin: 0pt; padding: 0pt;\" \/>Video del Congresso Mondiale d&#8217;Ipnosi 2018 e 2017 (+10 ore)<\/p>\n<p style=\"margin-top: 0px; margin-bottom: 1.1em; padding: 0px; border: 0px; font-style: inherit; font-variant: inherit; font-weight: inherit; font-stretch: inherit; font-size: 17px; line-height: 1.5em; font-family: 'Source Sans Pro', sans-serif; vertical-align: baseline; color: #262626; text-align: center;\">Certificato di Partecipazione &#8220;Congresso Mondiale d&#8217;Ipnosi&#8221;<\/p>\n<p style=\"margin-top: 0px; margin-bottom: 1.1em; padding: 0px; border: 0px; font-style: inherit; font-variant: inherit; font-weight: inherit; font-stretch: inherit; font-size: 17px; line-height: 1.5em; font-family: 'Source Sans Pro', sans-serif; vertical-align: baseline; color: #262626; text-align: center;\">Certificazione Internazionale &#8220;Masterclass di Ipnosi Rapida&#8221;<\/p>\n<p style=\"margin-top: 0px; margin-bottom: 1.1em; padding: 0px; border: 0px; font-style: inherit; font-variant: inherit; font-weight: inherit; font-stretch: inherit; font-size: 17px; line-height: 1.5em; font-family: 'Source Sans Pro', sans-serif; vertical-align: baseline; color: #262626; text-align: center;\">Materiale Didattico<\/p>\n<p><img loading=\"lazy\" decoding=\"async\" src=\"https:\/\/www.neurolinguistic.com\/blog\/wp-content\/uploads\/biglietto-platino-300x156.jpg\" alt=\"\" width=\"300\" height=\"156\" \/><\/p>\n<h2 style=\"margin: 0px; padding: 0px; border: 0px; font-variant-numeric: inherit; font-variant-east-asian: inherit; font-weight: normal; font-stretch: inherit; font-size: 40px; line-height: 1.1em; font-family: 'Source Sans Pro', sans-serif; vertical-align: baseline; color: #2697da; letter-spacing: -1px; text-shadow: rgba(255, 255, 255, 0.5) 1px 1px 0px; text-align: center;\">Iscriviti oggi per riservare il tuo posto.<\/h2>\n<form action=\"https:\/\/www.paypal.com\/cgi-bin\/webscr\" method=\"post\" target=\"_top\"><input name=\"cmd\" type=\"hidden\" value=\"_s-xclick\" \/><br \/>\n<input name=\"hosted_button_id\" type=\"hidden\" value=\"KMR7CFR6R3HTA\" \/><\/p>\n<table>\n<tbody>\n<tr>\n<td><input name=\"on0\" type=\"hidden\" value=\"Scegli il Biglietto\" \/>Scegli il Biglietto<\/td>\n<\/tr>\n<tr>\n<td><select name=\"os0\"><option value=\"Biglietto Bronzo\">Biglietto Bronzo \u20ac139,00 EUR<\/option><option value=\"Biglietto Argento\">Biglietto Argento \u20ac265,00 EUR<\/option><option value=\"Biglietto Oro\">Biglietto Oro \u20ac365,00 EUR<\/option><option value=\"Ipnosi Rapida\">Ipnosi Rapida \u20ac299,00 EUR<\/option><option value=\"Biglietto Smeraldo\">Biglietto Smeraldo \u20ac399,00 EUR<\/option><option value=\"Biglietto Zaffiro\">Biglietto Zaffiro \u20ac499,00 EUR<\/option><option value=\"Biglietto Platino\">Biglietto Platino \u20ac599,00 EUR<\/option><option value=\"Bronzo x 3\">Bronzo x 3 \u20ac333,00 EUR<\/option><option value=\"Bronzo aggiunto al gruppo\">Bronzo aggiunto al gruppo \u20ac111,00 EUR<\/option><\/select><\/td>\n<\/tr>\n<\/tbody>\n<\/table>\n<p><input name=\"currency_code\" type=\"hidden\" value=\"EUR\" \/><br \/>\n<input alt=\"PayPal \u00e8 il metodo rapido e sicuro per pagare e farsi pagare online.\" name=\"submit\" src=\"https:\/\/www.neurolinguistic.com\/blog\/wp-content\/uploads\/iscrivitiora.jpg\" type=\"image\" \/><br \/>\n<img loading=\"lazy\" decoding=\"async\" src=\"https:\/\/www.paypalobjects.com\/it_IT\/i\/scr\/pixel.gif\" alt=\"\" width=\"1\" height=\"1\" border=\"0\" \/><\/p>\n<\/form>\n<p>Per informazioni chiedi a\u00a0 0039 0694806601 &#8211;\u00a0ipcaconvegni@gmail.com<\/p>\n<p>Organizzato\u00a0da IPCA Associazione Professionale di Categoria per l&#8217;IPNOSI affiliata a FELSA CISL.<\/p>\n","protected":false},"excerpt":{"rendered":"<p>Scopri come l&rsquo;Ipnosi pu&ograve; cambiare la tua vita e darti una marcia in pi&ugrave; Nuovo Congresso Mondiale d&rsquo;Ipnosi 2019 Roma, 21-23 Giugno 2019 + possibilit&agrave; Masterclass Unica 24-25 Giugno 2019 Novit&agrave; Ipnosi 2019 &ndash; se gi&agrave; operi nel campo delle medicine Naturali ed Energetiche, l&rsquo;Ipnosi &egrave; quell&rsquo;elemento che ti permetter&agrave; di dare una spinta alla [&hellip;]<\/p>\n","protected":false},"author":1,"featured_media":0,"parent":0,"menu_order":0,"comment_status":"closed","ping_status":"closed","template":"elementor_canvas","meta":{"footnotes":""},"class_list":["post-2663","page","type-page","status-publish","hentry"],"yoast_head":"<!-- This site is optimized with the Yoast SEO plugin v27.2 - https:\/\/yoast.com\/product\/yoast-seo-wordpress\/ -->\n<title>Nuovo Congresso d&#039;Ipnosi 2019 - Medicine Naturali &#8211; Universit\u00e9 Europ\u00e9enne - ISI-CNV<\/title>\n<meta name=\"robots\" content=\"index, follow, max-snippet:-1, max-image-preview:large, max-video-preview:-1\" \/>\n<link rel=\"canonical\" href=\"https:\/\/www.neurolinguistic.com\/blog\/nuovo-congresso-dipnosi-2019-naturale\/\" \/>\n<meta property=\"og:locale\" content=\"it_IT\" \/>\n<meta property=\"og:type\" content=\"article\" \/>\n<meta property=\"og:title\" content=\"Nuovo Congresso d&#039;Ipnosi 2019 - Medicine Naturali &#8211; Universit\u00e9 Europ\u00e9enne - ISI-CNV\" \/>\n<meta property=\"og:description\" content=\"Scopri come l&rsquo;Ipnosi pu&ograve; cambiare la tua vita e darti una marcia in pi&ugrave; Nuovo Congresso Mondiale d&rsquo;Ipnosi 2019 Roma, 21-23 Giugno 2019 + possibilit&agrave; Masterclass Unica 24-25 Giugno 2019 Novit&agrave; Ipnosi 2019 &ndash; se gi&agrave; operi nel campo delle medicine Naturali ed Energetiche, l&rsquo;Ipnosi &egrave; quell&rsquo;elemento che ti permetter&agrave; di dare una spinta alla [&hellip;]\" \/>\n<meta property=\"og:url\" content=\"https:\/\/www.neurolinguistic.com\/blog\/nuovo-congresso-dipnosi-2019-naturale\/\" \/>\n<meta property=\"og:site_name\" content=\"Universit\u00e9 Europ\u00e9enne - ISI-CNV\" \/>\n<meta property=\"article:publisher\" content=\"https:\/\/www.facebook.com\/ipnositecniche\" \/>\n<meta property=\"article:modified_time\" content=\"2019-06-09T22:59:44+00:00\" \/>\n<meta property=\"og:image\" content=\"https:\/\/www.paypalobjects.com\/it_IT\/i\/scr\/pixel.gif\" \/>\n<meta name=\"twitter:card\" content=\"summary_large_image\" \/>\n<meta name=\"twitter:label1\" content=\"Tempo di lettura stimato\" \/>\n\t<meta name=\"twitter:data1\" content=\"8 minuti\" \/>\n<script type=\"application\/ld+json\" class=\"yoast-schema-graph\">{\"@context\":\"https:\/\/schema.org\",\"@graph\":[{\"@type\":\"WebPage\",\"@id\":\"https:\/\/www.neurolinguistic.com\/blog\/nuovo-congresso-dipnosi-2019-naturale\/\",\"url\":\"https:\/\/www.neurolinguistic.com\/blog\/nuovo-congresso-dipnosi-2019-naturale\/\",\"name\":\"Nuovo Congresso d'Ipnosi 2019 - Medicine Naturali &#8211; Universit\u00e9 Europ\u00e9enne - ISI-CNV\",\"isPartOf\":{\"@id\":\"https:\/\/www.neurolinguistic.com\/blog\/#website\"},\"primaryImageOfPage\":{\"@id\":\"https:\/\/www.neurolinguistic.com\/blog\/nuovo-congresso-dipnosi-2019-naturale\/#primaryimage\"},\"image\":{\"@id\":\"https:\/\/www.neurolinguistic.com\/blog\/nuovo-congresso-dipnosi-2019-naturale\/#primaryimage\"},\"thumbnailUrl\":\"https:\/\/www.paypalobjects.com\/it_IT\/i\/scr\/pixel.gif\",\"datePublished\":\"2019-06-09T22:41:45+00:00\",\"dateModified\":\"2019-06-09T22:59:44+00:00\",\"breadcrumb\":{\"@id\":\"https:\/\/www.neurolinguistic.com\/blog\/nuovo-congresso-dipnosi-2019-naturale\/#breadcrumb\"},\"inLanguage\":\"it-IT\",\"potentialAction\":[{\"@type\":\"ReadAction\",\"target\":[\"https:\/\/www.neurolinguistic.com\/blog\/nuovo-congresso-dipnosi-2019-naturale\/\"]}]},{\"@type\":\"ImageObject\",\"inLanguage\":\"it-IT\",\"@id\":\"https:\/\/www.neurolinguistic.com\/blog\/nuovo-congresso-dipnosi-2019-naturale\/#primaryimage\",\"url\":\"https:\/\/www.paypalobjects.com\/it_IT\/i\/scr\/pixel.gif\",\"contentUrl\":\"https:\/\/www.paypalobjects.com\/it_IT\/i\/scr\/pixel.gif\"},{\"@type\":\"BreadcrumbList\",\"@id\":\"https:\/\/www.neurolinguistic.com\/blog\/nuovo-congresso-dipnosi-2019-naturale\/#breadcrumb\",\"itemListElement\":[{\"@type\":\"ListItem\",\"position\":1,\"name\":\"Home\",\"item\":\"https:\/\/www.neurolinguistic.com\/blog\/\"},{\"@type\":\"ListItem\",\"position\":2,\"name\":\"Nuovo Congresso d&#8217;Ipnosi 2019 &#8211; Medicine Naturali\"}]},{\"@type\":\"WebSite\",\"@id\":\"https:\/\/www.neurolinguistic.com\/blog\/#website\",\"url\":\"https:\/\/www.neurolinguistic.com\/blog\/\",\"name\":\"Universit\u00e9 Europ\u00e9enne - ISI-CNV\",\"description\":\"Articoli, Lezioni Online, Omaggi, Video e molto altro\",\"potentialAction\":[{\"@type\":\"SearchAction\",\"target\":{\"@type\":\"EntryPoint\",\"urlTemplate\":\"https:\/\/www.neurolinguistic.com\/blog\/?s={search_term_string}\"},\"query-input\":{\"@type\":\"PropertyValueSpecification\",\"valueRequired\":true,\"valueName\":\"search_term_string\"}}],\"inLanguage\":\"it-IT\"}]}<\/script>\n<!-- \/ Yoast SEO plugin. -->","yoast_head_json":{"title":"Nuovo Congresso d'Ipnosi 2019 - Medicine Naturali &#8211; Universit\u00e9 Europ\u00e9enne - ISI-CNV","robots":{"index":"index","follow":"follow","max-snippet":"max-snippet:-1","max-image-preview":"max-image-preview:large","max-video-preview":"max-video-preview:-1"},"canonical":"https:\/\/www.neurolinguistic.com\/blog\/nuovo-congresso-dipnosi-2019-naturale\/","og_locale":"it_IT","og_type":"article","og_title":"Nuovo Congresso d'Ipnosi 2019 - Medicine Naturali &#8211; Universit\u00e9 Europ\u00e9enne - ISI-CNV","og_description":"Scopri come l&rsquo;Ipnosi pu&ograve; cambiare la tua vita e darti una marcia in pi&ugrave; Nuovo Congresso Mondiale d&rsquo;Ipnosi 2019 Roma, 21-23 Giugno 2019 + possibilit&agrave; Masterclass Unica 24-25 Giugno 2019 Novit&agrave; Ipnosi 2019 &ndash; se gi&agrave; operi nel campo delle medicine Naturali ed Energetiche, l&rsquo;Ipnosi &egrave; quell&rsquo;elemento che ti permetter&agrave; di dare una spinta alla [&hellip;]","og_url":"https:\/\/www.neurolinguistic.com\/blog\/nuovo-congresso-dipnosi-2019-naturale\/","og_site_name":"Universit\u00e9 Europ\u00e9enne - ISI-CNV","article_publisher":"https:\/\/www.facebook.com\/ipnositecniche","article_modified_time":"2019-06-09T22:59:44+00:00","og_image":[{"url":"https:\/\/www.paypalobjects.com\/it_IT\/i\/scr\/pixel.gif","type":"","width":"","height":""}],"twitter_card":"summary_large_image","twitter_misc":{"Tempo di lettura stimato":"8 minuti"},"schema":{"@context":"https:\/\/schema.org","@graph":[{"@type":"WebPage","@id":"https:\/\/www.neurolinguistic.com\/blog\/nuovo-congresso-dipnosi-2019-naturale\/","url":"https:\/\/www.neurolinguistic.com\/blog\/nuovo-congresso-dipnosi-2019-naturale\/","name":"Nuovo Congresso d'Ipnosi 2019 - Medicine Naturali &#8211; Universit\u00e9 Europ\u00e9enne - ISI-CNV","isPartOf":{"@id":"https:\/\/www.neurolinguistic.com\/blog\/#website"},"primaryImageOfPage":{"@id":"https:\/\/www.neurolinguistic.com\/blog\/nuovo-congresso-dipnosi-2019-naturale\/#primaryimage"},"image":{"@id":"https:\/\/www.neurolinguistic.com\/blog\/nuovo-congresso-dipnosi-2019-naturale\/#primaryimage"},"thumbnailUrl":"https:\/\/www.paypalobjects.com\/it_IT\/i\/scr\/pixel.gif","datePublished":"2019-06-09T22:41:45+00:00","dateModified":"2019-06-09T22:59:44+00:00","breadcrumb":{"@id":"https:\/\/www.neurolinguistic.com\/blog\/nuovo-congresso-dipnosi-2019-naturale\/#breadcrumb"},"inLanguage":"it-IT","potentialAction":[{"@type":"ReadAction","target":["https:\/\/www.neurolinguistic.com\/blog\/nuovo-congresso-dipnosi-2019-naturale\/"]}]},{"@type":"ImageObject","inLanguage":"it-IT","@id":"https:\/\/www.neurolinguistic.com\/blog\/nuovo-congresso-dipnosi-2019-naturale\/#primaryimage","url":"https:\/\/www.paypalobjects.com\/it_IT\/i\/scr\/pixel.gif","contentUrl":"https:\/\/www.paypalobjects.com\/it_IT\/i\/scr\/pixel.gif"},{"@type":"BreadcrumbList","@id":"https:\/\/www.neurolinguistic.com\/blog\/nuovo-congresso-dipnosi-2019-naturale\/#breadcrumb","itemListElement":[{"@type":"ListItem","position":1,"name":"Home","item":"https:\/\/www.neurolinguistic.com\/blog\/"},{"@type":"ListItem","position":2,"name":"Nuovo Congresso d&#8217;Ipnosi 2019 &#8211; Medicine Naturali"}]},{"@type":"WebSite","@id":"https:\/\/www.neurolinguistic.com\/blog\/#website","url":"https:\/\/www.neurolinguistic.com\/blog\/","name":"Universit\u00e9 Europ\u00e9enne - ISI-CNV","description":"Articoli, Lezioni Online, Omaggi, Video e molto altro","potentialAction":[{"@type":"SearchAction","target":{"@type":"EntryPoint","urlTemplate":"https:\/\/www.neurolinguistic.com\/blog\/?s={search_term_string}"},"query-input":{"@type":"PropertyValueSpecification","valueRequired":true,"valueName":"search_term_string"}}],"inLanguage":"it-IT"}]}},"_links":{"self":[{"href":"https:\/\/www.neurolinguistic.com\/blog\/wp-json\/wp\/v2\/pages\/2663","targetHints":{"allow":["GET"]}}],"collection":[{"href":"https:\/\/www.neurolinguistic.com\/blog\/wp-json\/wp\/v2\/pages"}],"about":[{"href":"https:\/\/www.neurolinguistic.com\/blog\/wp-json\/wp\/v2\/types\/page"}],"author":[{"embeddable":true,"href":"https:\/\/www.neurolinguistic.com\/blog\/wp-json\/wp\/v2\/users\/1"}],"replies":[{"embeddable":true,"href":"https:\/\/www.neurolinguistic.com\/blog\/wp-json\/wp\/v2\/comments?post=2663"}],"version-history":[{"count":0,"href":"https:\/\/www.neurolinguistic.com\/blog\/wp-json\/wp\/v2\/pages\/2663\/revisions"}],"wp:attachment":[{"href":"https:\/\/www.neurolinguistic.com\/blog\/wp-json\/wp\/v2\/media?parent=2663"}],"curies":[{"name":"wp","href":"https:\/\/api.w.org\/{rel}","templated":true}]}}