{"id":2609,"date":"2019-04-29T19:21:24","date_gmt":"2019-04-29T17:21:24","guid":{"rendered":"https:\/\/www.neurolinguistic.com\/blog\/?page_id=2609"},"modified":"2019-04-29T19:25:05","modified_gmt":"2019-04-29T17:25:05","slug":"congresso-dipnosi-2019-2","status":"publish","type":"page","link":"https:\/\/www.neurolinguistic.com\/blog\/congresso-dipnosi-2019-2\/","title":{"rendered":"Congresso d&#8217;Ipnosi 2019"},"content":{"rendered":"<h1 style=\"margin: 0px; padding: 0px; border: 0px; font-style: inherit; font-variant: inherit; font-weight: normal; font-stretch: inherit; font-size: 40px; line-height: 1.1em; font-family: 'Source Sans Pro', sans-serif; vertical-align: baseline; color: #2697da; letter-spacing: -1px; text-shadow: rgba(255, 255, 255, 0.5) 1px 1px 0px; text-align: center;\">Congresso Mondiale d&#8217;Ipnosi 2019<\/h1>\n<h2 style=\"margin: 0px; padding: 0px; border: 0px; font-style: inherit; font-variant: inherit; font-stretch: inherit; font-size: 26px; line-height: 1.1em; font-family: 'Source Sans Pro', sans-serif; vertical-align: baseline; color: #212121; letter-spacing: -1px; text-shadow: rgba(255, 255, 255, 0.5) 1px 1px 0px; text-align: center;\">Roma, 21-25 Giugno 2019<\/h2>\n<h3 style=\"margin: 0px; padding: 0px; border: 0px; font-variant-numeric: inherit; font-variant-east-asian: inherit; font-stretch: inherit; font-size: 1.3em; line-height: 30px; font-family: 'Source Sans Pro', sans-serif; vertical-align: baseline; color: #181818; text-align: center;\">Prof. Fabio Puentes, PhD (Brasile)<\/h3>\n<p style=\"margin: 0px 0px 1.1em; padding: 0px; border: 0px; font-style: inherit; font-variant: inherit; font-weight: inherit; font-stretch: inherit; font-size: 17px; line-height: 1.5em; font-family: 'Source Sans Pro', sans-serif; vertical-align: baseline; color: #262626; text-align: center;\">Il Prof. Fabio Puentes \u00e8 il massimo esperto brasiliano di ipnosi in ambito clinico. Opera come Ipnologo presso l&#8217;Ospedale di San Paolo presso il Dipartimento di Neurochirurgia. Durante il Congresso Mondiale d&#8217;Ipnosi spiegher\u00e0 i Protocolli da lui utilizzati per la riduzione del dolore e per indurre l&#8217;ipnosi istantaneamente.<\/p>\n<p><img loading=\"lazy\" decoding=\"async\" src=\"https:\/\/www.neurolinguistic.com\/blog\/wp-content\/uploads\/fabio-puentes.jpg\" alt=\"\" width=\"300\" height=\"248\" \/><\/p>\n<h3 style=\"margin: 0px; padding: 0px; border: 0px; font-variant-numeric: inherit; font-variant-east-asian: inherit; font-stretch: inherit; font-size: 1.3em; line-height: 30px; font-family: 'Source Sans Pro', sans-serif; vertical-align: baseline; color: #181818; text-align: center;\">Marco Paret<\/h3>\n<p style=\"margin-top: 0px; margin-bottom: 1.1em; padding: 0px; border: 0px; font-style: inherit; font-variant: inherit; font-weight: inherit; font-stretch: inherit; font-size: 17px; line-height: 1.5em; font-family: 'Source Sans Pro', sans-serif; vertical-align: baseline; color: #262626; text-align: center;\">Marco Paret \u00e8 il fondatore dell&#8217;Istituto di Ipnosi e Comunicazione Non Verbale (ISI-CNV) con esperienza trentennale nello sviluppo di tecniche innovative di ipnosi istantanea, presentate presso la National Guild of Hypnotists (USA). Ha contribuito nella diffusione delle scienze di ipnosi in quattro continenti, presso la sua scuola di Nizza lavora con allievi provenienti da tutto il mondo.<\/p>\n<p><img loading=\"lazy\" decoding=\"async\" src=\"https:\/\/www.neurolinguistic.com\/blog\/wp-content\/uploads\/marcoparet-300x225-1.jpg\" alt=\"\" width=\"300\" height=\"225\" \/><\/p>\n<h3 style=\"margin: 0px; padding: 0px; border: 0px; font-variant-numeric: inherit; font-variant-east-asian: inherit; font-stretch: inherit; font-size: 1.3em; line-height: 30px; font-family: 'Source Sans Pro', sans-serif; vertical-align: baseline; color: #181818; text-align: center;\">Stefano Benemeglio<\/h3>\n<p style=\"margin-top: 0px; margin-bottom: 1.1em; padding: 0px; border: 0px; font-style: inherit; font-variant: inherit; font-weight: inherit; font-stretch: inherit; font-size: 17px; line-height: 1.5em; font-family: 'Source Sans Pro', sans-serif; vertical-align: baseline; color: #262626; text-align: center;\">Psicologo, Padre Fondatore dell&#8217;Ipnosi Dinamica Benemegliana.\u00a0Nel decennio tra il &#8217;68 e il &#8217;78 studia i meccanismi dell&#8217;ipnosi sotto il profilo del comportamento emotivo, definisce il modello pragmatico e operativo della&#8221;Ipnosi Dinamica&#8221; e codifica un proprio linguaggio di Comunicazione Analogica. Nel decennio \u201980-\u201990 definisce i fondamenti della Psicologia Analogica, disciplina che studia le leggi che governano il comportamento emotivo dell\u2019uomo, esplicitando, attraverso modalit\u00e0 sempre pi\u00f9 analitiche, sia le procedure che l\u2019aspetto filosofico ed epistemologico della disciplina.<\/p>\n<p><img loading=\"lazy\" decoding=\"async\" src=\"https:\/\/www.neurolinguistic.com\/blog\/wp-content\/uploads\/Stefano-Benemeglio.jpg\" sizes=\"auto, (max-width: 364px) 100vw, 364px\" srcset=\"https:\/\/www.neurolinguistic.com\/blog\/wp-content\/uploads\/Stefano-Benemeglio.jpg 364w, https:\/\/www.neurolinguistic.com\/blog\/wp-content\/uploads\/Stefano-Benemeglio-300x199.jpg 300w\" alt=\"\" width=\"364\" height=\"242\" \/><\/p>\n<h3 style=\"margin: 0px; padding: 0px; border: 0px; font-variant-numeric: inherit; font-variant-east-asian: inherit; font-stretch: inherit; font-size: 1.3em; line-height: 30px; font-family: 'Source Sans Pro', sans-serif; vertical-align: baseline; color: #181818; text-align: center;\">Igor Vitale<\/h3>\n<p style=\"margin-top: 0px; margin-bottom: 1.1em; padding: 0px; border: 0px; font-style: inherit; font-variant: inherit; font-weight: inherit; font-stretch: inherit; font-size: 17px; line-height: 1.5em; font-family: 'Source Sans Pro', sans-serif; vertical-align: baseline; color: #262626; text-align: center;\">Psicologo, Relatore Internazionale, co-Autore del Trattato d&#8217;Ipnosi. Docente esterno per i Master Universitari di Universit\u00e0 di Padova, Universit\u00e0 LUMSA, Universit\u00e0 Tor Vergata. Esperto chiave in 10 Progetto Internazionali approvati dalla Commissione Europea su temi della salute e della sicurezza nazionale in partenariato con Romania, Regno Unito, Austria, Bulgaria, Italia, Spagna, Norvegia, Cipro, Germania, Turchia, Grecia e molte altre<\/p>\n<h3 style=\"margin: 0px; padding: 0px; border: 0px; font-variant-numeric: inherit; font-variant-east-asian: inherit; font-stretch: inherit; font-size: 1.3em; line-height: 30px; font-family: 'Source Sans Pro', sans-serif; vertical-align: baseline; color: #181818; text-align: center;\">Marco Valerio Ricci<\/h3>\n<p style=\"margin-top: 0px; margin-bottom: 1.1em; padding: 0px; border: 0px; font-style: inherit; font-variant: inherit; font-weight: inherit; font-stretch: inherit; font-size: 17px; line-height: 1.5em; font-family: 'Source Sans Pro', sans-serif; vertical-align: baseline; color: #262626; text-align: center;\">Marco Valerio Ricci \u00e8 uno dei quattro Licensed NLP Master Trainer italiani (e circa trenta al mondo), nominato direttamente dal Dr. Richard Bandler, co-creatore del campo della PNL, ad Orlando (Florida). Durante il Congresso Mondiale d&#8217;Ipnosi, Marco Valerio Ricci terr\u00e0 un training intensivo di Ipnosi per la motivazione e Sviluppo dell&#8217;Energia Ipnotica<\/p>\n<p><img loading=\"lazy\" decoding=\"async\" src=\"https:\/\/www.neurolinguistic.com\/blog\/wp-content\/uploads\/igor-vitale-b-300x198.jpg\" alt=\"\" width=\"300\" height=\"198\" \/><br \/>\n<img loading=\"lazy\" decoding=\"async\" src=\"https:\/\/www.neurolinguistic.com\/blog\/wp-content\/uploads\/marco-valerio-ricci.jpg\" alt=\"\" width=\"300\" height=\"254\" \/><\/p>\n<h2 style=\"margin: 0px; padding: 0px; border: 0px; font-variant-numeric: inherit; font-variant-east-asian: inherit; font-stretch: inherit; font-size: 26px; line-height: 1.1em; font-family: 'Source Sans Pro', sans-serif; vertical-align: baseline; color: #212121; letter-spacing: -1px; text-shadow: rgba(255, 255, 255, 0.5) 1px 1px 0px; text-align: center;\">Altri docenti: Giuseppe Arena, Elio Isaia ed altri docenti internazionali in fase di programmazione<\/h2>\n<h2 style=\"margin: 0px; padding: 0px; border: 0px; font-variant-numeric: inherit; font-variant-east-asian: inherit; font-weight: normal; font-stretch: inherit; font-size: 40px; line-height: 1.1em; font-family: 'Source Sans Pro', sans-serif; vertical-align: baseline; color: #2697da; letter-spacing: -1px; text-shadow: rgba(255, 255, 255, 0.5) 1px 1px 0px; text-align: center;\">Il Programma Didattico<\/h2>\n<h3 style=\"margin: 0px; padding: 0px; border: 0px; font-variant-numeric: inherit; font-variant-east-asian: inherit; font-stretch: inherit; font-size: 1.3em; line-height: 30px; font-family: 'Source Sans Pro', sans-serif; vertical-align: baseline; color: #181818; text-align: center;\">Giorno 1 &#8211; Ipnosi e Scienze di Frontiera<\/h3>\n<p style=\"margin-top: 0px; margin-bottom: 1.1em; padding: 0px; border: 0px; font-style: inherit; font-variant: inherit; font-weight: inherit; font-stretch: inherit; font-size: 17px; line-height: 1.5em; font-family: 'Source Sans Pro', sans-serif; vertical-align: baseline; color: #262626;\">Programma Sala Centrale (orario 14-18.30)<br style=\"margin: 0pt; padding: 0pt;\" \/>Ipnosi per il cambiamento personali &#8211; Esercizi di autoipnosi per la vita quotidiana &#8211; Esercizi di Ipnosi Paretiana . Ipnosi Simbolica e Regressioni &#8211; Ipnosi e Scienze di Frontiera<\/p>\n<p style=\"margin-top: 0px; margin-bottom: 1.1em; padding: 0px; border: 0px; font-style: inherit; font-variant: inherit; font-weight: inherit; font-stretch: inherit; font-size: 17px; line-height: 1.5em; font-family: 'Source Sans Pro', sans-serif; vertical-align: baseline; color: #262626;\">Programma Sala Esercizi (orario 19-21)<\/p>\n<p style=\"margin-top: 0px; margin-bottom: 1.1em; padding: 0px; border: 0px; font-style: inherit; font-variant: inherit; font-weight: inherit; font-stretch: inherit; font-size: 17px; line-height: 1.5em; font-family: 'Source Sans Pro', sans-serif; vertical-align: baseline; color: #262626;\">Protocolli ed esercitazioni di Ipnosi Paretiana, le tecniche di induzione ipnotica.<\/p>\n<p><img loading=\"lazy\" decoding=\"async\" src=\"https:\/\/www.neurolinguistic.com\/blog\/wp-content\/uploads\/ipnos-3.jpg\" sizes=\"auto, (max-width: 960px) 100vw, 960px\" srcset=\"https:\/\/www.neurolinguistic.com\/blog\/wp-content\/uploads\/ipnos-3.jpg 960w, https:\/\/www.neurolinguistic.com\/blog\/wp-content\/uploads\/ipnos-3-300x200.jpg 300w, https:\/\/www.neurolinguistic.com\/blog\/wp-content\/uploads\/ipnos-3-768x512.jpg 768w\" alt=\"\" width=\"960\" height=\"640\" \/><\/p>\n<h3 style=\"margin: 0px; padding: 0px; border: 0px; font-variant-numeric: inherit; font-variant-east-asian: inherit; font-stretch: inherit; font-size: 1.3em; line-height: 30px; font-family: 'Source Sans Pro', sans-serif; vertical-align: baseline; color: #181818; text-align: center;\">Giorno 2 &#8211; Protocolli di Ipnosi<\/h3>\n<p style=\"margin-top: 0px; margin-bottom: 1.1em; padding: 0px; border: 0px; font-style: inherit; font-variant: inherit; font-weight: inherit; font-stretch: inherit; font-size: 17px; line-height: 1.5em; font-family: 'Source Sans Pro', sans-serif; vertical-align: baseline; color: #262626;\">Programma Sala Centrale (orario 10-18.30)<br style=\"margin: 0pt; padding: 0pt;\" \/>Ipnosi per la gestione delle emozioni negative &#8211; Ipnosi per il cambiamento &#8211; Ipnosi Simbolica &#8211; Ipnosi Benemegliana &#8211; Script di induzione ipnotica &#8211; ipnosi per il benessere personale &#8211; ipnosi per la felicit\u00e0 &#8211; ipnosi per aumentare le capacit\u00e0 di comunicazioni e le skill empatiche &#8211; Ipnosi per la Motivazione &#8211; Sviluppo dell&#8217;Energia Ipnotica<\/p>\n<p style=\"margin-top: 0px; margin-bottom: 1.1em; padding: 0px; border: 0px; font-style: inherit; font-variant: inherit; font-weight: inherit; font-stretch: inherit; font-size: 17px; line-height: 1.5em; font-family: 'Source Sans Pro', sans-serif; vertical-align: baseline; color: #262626;\">Programma Sala Esercizi (orario 10-18.30)<br style=\"margin: 0pt; padding: 0pt;\" \/>Protocolli di induzione ipnotica &#8211; Ipnosi per dimagrire &#8211; Ipnosi per ridurre le abitudini disfunzionali &#8211; Ipnosi per la riduzione della dipendenza affettiva e delle compulsioni &#8211; Ipnosi Simbolica Benemegliana &#8211; fenomenologie ipnotiche &#8211; Ipnosi Quantistica<\/p>\n<p style=\"margin-top: 0px; margin-bottom: 1.1em; padding: 0px; border: 0px; font-style: inherit; font-variant: inherit; font-weight: inherit; font-stretch: inherit; font-size: 17px; line-height: 1.5em; font-family: 'Source Sans Pro', sans-serif; vertical-align: baseline; color: #262626;\">Programma Sala Esercizi (orario 19-21) &#8211; A cura del prof. Puentes<br style=\"margin: 0pt; padding: 0pt;\" \/>Ipnosi clinica, protocolli di ipnosi istantanea, tecniche ipnotiche per la riduzione del dolore.<\/p>\n<p><img loading=\"lazy\" decoding=\"async\" src=\"https:\/\/www.neurolinguistic.com\/blog\/wp-content\/uploads\/ipno-6.jpg\" sizes=\"auto, (max-width: 960px) 100vw, 960px\" srcset=\"https:\/\/www.neurolinguistic.com\/blog\/wp-content\/uploads\/ipno-6.jpg 960w, https:\/\/www.neurolinguistic.com\/blog\/wp-content\/uploads\/ipno-6-300x200.jpg 300w, https:\/\/www.neurolinguistic.com\/blog\/wp-content\/uploads\/ipno-6-768x512.jpg 768w\" alt=\"\" width=\"960\" height=\"640\" \/><\/p>\n<h3 style=\"margin: 0px; padding: 0px; border: 0px; font-variant-numeric: inherit; font-variant-east-asian: inherit; font-stretch: inherit; font-size: 1.3em; line-height: 30px; font-family: 'Source Sans Pro', sans-serif; vertical-align: baseline; color: #181818; text-align: center;\">Giorno 3 &#8211; Ipnosi Regressiva<\/h3>\n<p style=\"margin-top: 0px; margin-bottom: 1.1em; padding: 0px; border: 0px; font-style: inherit; font-variant: inherit; font-weight: inherit; font-stretch: inherit; font-size: 17px; line-height: 1.5em; font-family: 'Source Sans Pro', sans-serif; vertical-align: baseline; color: #262626;\">Programma Sala Centrale (orario 10-18.30)<br style=\"margin: 0pt; padding: 0pt;\" \/>Ipnosi Regressiva &#8211; Ipnosi Progressiva &#8211; Come gestire eventi passati disfunzionali &#8211; Past Life Therapy &#8211; Regressioni a confronto &#8211; Il potenziale dell&#8217;ipnosi regressiva per i blocchi emotivi &#8211; Quantum Regression Therapy<\/p>\n<p style=\"margin-top: 0px; margin-bottom: 1.1em; padding: 0px; border: 0px; font-style: inherit; font-variant: inherit; font-weight: inherit; font-stretch: inherit; font-size: 17px; line-height: 1.5em; font-family: 'Source Sans Pro', sans-serif; vertical-align: baseline; color: #262626;\">Programma Sala Esercizi (orario 10-18.30)<br style=\"margin: 0pt; padding: 0pt;\" \/>Tecniche di Ipnosi Regressiva &#8211; Tecniche di Ipnosi Progressiva &#8211; Esercizi di Past Life Therapy &#8211; l&#8217;uso della Timeline delle procedure ipnotiche &#8211; esercizi per usare le emozioni nel processo di regressione &#8211; Tecniche di Ipnosi Terapeutica &#8211; Esercizi<\/p>\n<p><img loading=\"lazy\" decoding=\"async\" src=\"https:\/\/www.neurolinguistic.com\/blog\/wp-content\/uploads\/ipno1.jpg\" sizes=\"auto, (max-width: 960px) 100vw, 960px\" srcset=\"https:\/\/www.neurolinguistic.com\/blog\/wp-content\/uploads\/ipno1.jpg 960w, https:\/\/www.neurolinguistic.com\/blog\/wp-content\/uploads\/ipno1-300x200.jpg 300w, https:\/\/www.neurolinguistic.com\/blog\/wp-content\/uploads\/ipno1-768x512.jpg 768w\" alt=\"\" width=\"960\" height=\"640\" \/><\/p>\n<h3 style=\"margin: 0px; padding: 0px; border: 0px; font-variant-numeric: inherit; font-variant-east-asian: inherit; font-stretch: inherit; font-size: 1.3em; line-height: 30px; font-family: 'Source Sans Pro', sans-serif; vertical-align: baseline; color: #181818; text-align: center;\">Giorno 4 &#8211; Ipnosi Rapida col prof. Puentes<\/h3>\n<p style=\"margin-top: 0px; margin-bottom: 1.1em; padding: 0px; border: 0px; font-style: inherit; font-variant: inherit; font-weight: inherit; font-stretch: inherit; font-size: 17px; line-height: 1.5em; font-family: 'Source Sans Pro', sans-serif; vertical-align: baseline; color: #262626; text-align: center;\">Cosa dire e cosa fare prima di indurre l&#8217;ipnosi &#8211; tecniche di ipnosi rapida &#8211; tecniche di ipnosi istantanea &#8211; protocolli di ipnosi &#8211; ipnosi terapeutica &#8211; come indurre l&#8217;ipnosi in meno di un minuto &#8211; ipnosi non verbale &#8211; Esercizi<\/p>\n<p><img loading=\"lazy\" decoding=\"async\" src=\"https:\/\/www.neurolinguistic.com\/blog\/wp-content\/uploads\/puentes1-1024x640.jpg\" sizes=\"auto, (max-width: 1024px) 100vw, 1024px\" srcset=\"https:\/\/www.neurolinguistic.com\/blog\/wp-content\/uploads\/puentes1-1024x640.jpg 1024w, https:\/\/www.neurolinguistic.com\/blog\/wp-content\/uploads\/puentes1-300x188.jpg 300w, https:\/\/www.neurolinguistic.com\/blog\/wp-content\/uploads\/puentes1-768x480.jpg 768w, https:\/\/www.neurolinguistic.com\/blog\/wp-content\/uploads\/puentes1.jpg 1152w\" alt=\"\" width=\"1024\" height=\"640\" \/><\/p>\n<h3 style=\"margin: 0px; padding: 0px; border: 0px; font-variant-numeric: inherit; font-variant-east-asian: inherit; font-stretch: inherit; font-size: 1.3em; line-height: 30px; font-family: 'Source Sans Pro', sans-serif; vertical-align: baseline; color: #181818; text-align: center;\">Giorno 5 &#8211; Ipnosi Rapida col prof. Puentes<\/h3>\n<p style=\"margin-top: 0px; margin-bottom: 1.1em; padding: 0px; border: 0px; font-style: inherit; font-variant: inherit; font-weight: inherit; font-stretch: inherit; font-size: 17px; line-height: 1.5em; font-family: 'Source Sans Pro', sans-serif; vertical-align: baseline; color: #262626; text-align: center;\">Ipnosi rapida e cambiamento &#8211; Ipnosi Istantanea II &#8211; Il protocollo di induzione ipnotica del prof. Puentes &#8211; Tecniche linguistiche di induzione ipnotica &#8211; come mantenere stabile il cambiamento e il processo ipnotico &#8211; ipnosi per ridurre il dolore, emozioni disfunzionali ed ansia &#8211; tecniche di autoipnosi &#8211; Esercizi<\/p>\n<p><img loading=\"lazy\" decoding=\"async\" src=\"https:\/\/www.neurolinguistic.com\/blog\/wp-content\/uploads\/puentes33.png\" sizes=\"auto, (max-width: 499px) 100vw, 499px\" srcset=\"https:\/\/www.neurolinguistic.com\/blog\/wp-content\/uploads\/puentes33.png 499w, https:\/\/www.neurolinguistic.com\/blog\/wp-content\/uploads\/puentes33-300x183.png 300w\" alt=\"\" width=\"499\" height=\"304\" \/><\/p>\n<h2 style=\"margin: 0px; padding: 0px; border: 0px; font-variant-numeric: inherit; font-variant-east-asian: inherit; font-weight: normal; font-stretch: inherit; font-size: 40px; line-height: 1.1em; font-family: 'Source Sans Pro', sans-serif; vertical-align: baseline; color: #2697da; letter-spacing: -1px; text-shadow: rgba(255, 255, 255, 0.5) 1px 1px 0px; text-align: center;\">Roma, 21-25 Giugno 2019<br \/>\nHotel Oly, via Santuario Regina degli Apostoli, 36<\/h2>\n<p><img loading=\"lazy\" decoding=\"async\" src=\"https:\/\/www.neurolinguistic.com\/blog\/wp-content\/uploads\/roma1.jpg\" sizes=\"auto, (max-width: 600px) 100vw, 600px\" srcset=\"https:\/\/www.neurolinguistic.com\/blog\/wp-content\/uploads\/roma1.jpg 600w, https:\/\/www.neurolinguistic.com\/blog\/wp-content\/uploads\/roma1-300x170.jpg 300w\" alt=\"\" width=\"600\" height=\"340\" \/><\/p>\n<h2 style=\"margin: 0px; padding: 0px; border: 0px; font-variant-numeric: inherit; font-variant-east-asian: inherit; font-weight: normal; font-stretch: inherit; font-size: 40px; line-height: 1.1em; font-family: 'Source Sans Pro', sans-serif; vertical-align: baseline; color: #2697da; letter-spacing: -1px; text-shadow: rgba(255, 255, 255, 0.5) 1px 1px 0px; text-align: center;\">Iscriviti al Corso<\/h2>\n<h3 style=\"margin: 0px; padding: 0px; border: 0px; font-variant-numeric: inherit; font-variant-east-asian: inherit; font-stretch: inherit; font-size: 1.3em; line-height: 30px; font-family: 'Source Sans Pro', sans-serif; vertical-align: baseline; color: #181818; text-align: center;\">Biglietto Bronzo &#8211; \u20ac139<\/h3>\n<p style=\"margin-top: 0px; margin-bottom: 1.1em; padding: 0px; border: 0px; font-style: inherit; font-variant: inherit; font-weight: inherit; font-stretch: inherit; font-size: 17px; line-height: 1.5em; font-family: 'Source Sans Pro', sans-serif; vertical-align: baseline; color: #262626; text-align: center;\">Accesso alla Sala Centrale giorni 21-23 Giugno 2019<\/p>\n<p style=\"margin-top: 0px; margin-bottom: 1.1em; padding: 0px; border: 0px; font-style: inherit; font-variant: inherit; font-weight: inherit; font-stretch: inherit; font-size: 17px; line-height: 1.5em; font-family: 'Source Sans Pro', sans-serif; vertical-align: baseline; color: #262626; text-align: center;\">Attestato di Partecipazione<\/p>\n<p style=\"margin-top: 0px; margin-bottom: 1.1em; padding: 0px; border: 0px; font-style: inherit; font-variant: inherit; font-weight: inherit; font-stretch: inherit; font-size: 17px; line-height: 1.5em; font-family: 'Source Sans Pro', sans-serif; vertical-align: baseline; color: #262626; text-align: center;\">Materiale Didattico<\/p>\n<p><img loading=\"lazy\" decoding=\"async\" src=\"https:\/\/www.neurolinguistic.com\/blog\/wp-content\/uploads\/biglietto-bronzo-300x156.jpg\" alt=\"\" width=\"300\" height=\"156\" \/><\/p>\n<h3 style=\"margin: 0px; padding: 0px; border: 0px; font-variant-numeric: inherit; font-variant-east-asian: inherit; font-stretch: inherit; font-size: 1.3em; line-height: 30px; font-family: 'Source Sans Pro', sans-serif; vertical-align: baseline; color: #181818; text-align: center;\">Biglietto Argento &#8211; \u20ac265<\/h3>\n<p style=\"margin-top: 0px; margin-bottom: 1.1em; padding: 0px; border: 0px; font-style: inherit; font-variant: inherit; font-weight: inherit; font-stretch: inherit; font-size: 17px; line-height: 1.5em; font-family: 'Source Sans Pro', sans-serif; vertical-align: baseline; color: #262626; text-align: center;\">Accesso alla Sala Centrale giorni 21-23 Giugno 2019<br style=\"margin: 0pt; padding: 0pt;\" \/>Accesso alla Sala Esercizi giorni 21-23 Giugno 2019<\/p>\n<p style=\"margin-top: 0px; margin-bottom: 1.1em; padding: 0px; border: 0px; font-style: inherit; font-variant: inherit; font-weight: inherit; font-stretch: inherit; font-size: 17px; line-height: 1.5em; font-family: 'Source Sans Pro', sans-serif; vertical-align: baseline; color: #262626; text-align: center;\">Attestato di Partecipazione<\/p>\n<p style=\"margin-top: 0px; margin-bottom: 1.1em; padding: 0px; border: 0px; font-style: inherit; font-variant: inherit; font-weight: inherit; font-stretch: inherit; font-size: 17px; line-height: 1.5em; font-family: 'Source Sans Pro', sans-serif; vertical-align: baseline; color: #262626; text-align: center;\">Materiale Didattico<\/p>\n<p><img loading=\"lazy\" decoding=\"async\" src=\"https:\/\/www.neurolinguistic.com\/blog\/wp-content\/uploads\/biglietto-argento-300x156.png\" alt=\"\" width=\"300\" height=\"156\" \/><\/p>\n<h3 style=\"margin: 0px; padding: 0px; border: 0px; font-variant-numeric: inherit; font-variant-east-asian: inherit; font-stretch: inherit; font-size: 1.3em; line-height: 30px; font-family: 'Source Sans Pro', sans-serif; vertical-align: baseline; color: #181818; text-align: center;\">Biglietto Oro &#8211; \u20ac365<\/h3>\n<p style=\"margin-top: 0px; margin-bottom: 1.1em; padding: 0px; border: 0px; font-style: inherit; font-variant: inherit; font-weight: inherit; font-stretch: inherit; font-size: 17px; line-height: 1.5em; font-family: 'Source Sans Pro', sans-serif; vertical-align: baseline; color: #262626; text-align: center;\">Accesso alla Sala Centrale giorni 21-23 Giugno 2019<br style=\"margin: 0pt; padding: 0pt;\" \/>Accesso alla Sala Esercizi giorni 21-23 Giugno 2019<br style=\"margin: 0pt; padding: 0pt;\" \/>Posto riservato nelle prime due file<br style=\"margin: 0pt; padding: 0pt;\" \/>Video del Congresso Mondiale d&#8217;Ipnosi 2019 (+10 ore)<br style=\"margin: 0pt; padding: 0pt;\" \/>Video del Congresso Mondiale d&#8217;Ipnosi 2018 e 2017 (+10 ore)<\/p>\n<p style=\"margin-top: 0px; margin-bottom: 1.1em; padding: 0px; border: 0px; font-style: inherit; font-variant: inherit; font-weight: inherit; font-stretch: inherit; font-size: 17px; line-height: 1.5em; font-family: 'Source Sans Pro', sans-serif; vertical-align: baseline; color: #262626; text-align: center;\">Attestato di Partecipazione<\/p>\n<p style=\"margin-top: 0px; margin-bottom: 1.1em; padding: 0px; border: 0px; font-style: inherit; font-variant: inherit; font-weight: inherit; font-stretch: inherit; font-size: 17px; line-height: 1.5em; font-family: 'Source Sans Pro', sans-serif; vertical-align: baseline; color: #262626; text-align: center;\">Materiale Didattico<\/p>\n<p><img loading=\"lazy\" decoding=\"async\" src=\"https:\/\/www.neurolinguistic.com\/blog\/wp-content\/uploads\/biglietto-oro-300x156.jpg\" alt=\"\" width=\"300\" height=\"156\" \/><\/p>\n<h3 style=\"margin: 0px; padding: 0px; border: 0px; font-variant-numeric: inherit; font-variant-east-asian: inherit; font-stretch: inherit; font-size: 1.3em; line-height: 30px; font-family: 'Source Sans Pro', sans-serif; vertical-align: baseline; color: #181818; text-align: center;\">Biglietto Ipnosi Rapida &#8211; \u20ac299<\/h3>\n<p style=\"margin-top: 0px; margin-bottom: 1.1em; padding: 0px; border: 0px; font-style: inherit; font-variant: inherit; font-weight: inherit; font-stretch: inherit; font-size: 17px; line-height: 1.5em; font-family: 'Source Sans Pro', sans-serif; vertical-align: baseline; color: #262626; text-align: center;\">Accesso alla Masterclass di Ipnosi Rapida con il prof. Puentes 24-25 Giugno 2019<br style=\"margin: 0pt; padding: 0pt;\" \/>Attestato di Partecipazione &#8220;Masterclass di Ipnosi Rapida&#8221;<\/p>\n<p style=\"margin-top: 0px; margin-bottom: 1.1em; padding: 0px; border: 0px; font-style: inherit; font-variant: inherit; font-weight: inherit; font-stretch: inherit; font-size: 17px; line-height: 1.5em; font-family: 'Source Sans Pro', sans-serif; vertical-align: baseline; color: #262626; text-align: center;\">Materiale Didattico<\/p>\n<p><img loading=\"lazy\" decoding=\"async\" src=\"https:\/\/www.neurolinguistic.com\/blog\/wp-content\/uploads\/biglietto-rosso-300x156.jpg\" alt=\"\" width=\"300\" height=\"156\" \/><\/p>\n<h3 style=\"margin: 0px; padding: 0px; border: 0px; font-variant-numeric: inherit; font-variant-east-asian: inherit; font-stretch: inherit; font-size: 1.3em; line-height: 30px; font-family: 'Source Sans Pro', sans-serif; vertical-align: baseline; color: #181818; text-align: center;\">Biglietto Smeraldo &#8211; \u20ac399<\/h3>\n<p style=\"margin-top: 0px; margin-bottom: 1.1em; padding: 0px; border: 0px; font-style: inherit; font-variant: inherit; font-weight: inherit; font-stretch: inherit; font-size: 17px; line-height: 1.5em; font-family: 'Source Sans Pro', sans-serif; vertical-align: baseline; color: #262626; text-align: center;\">Accesso alla Sala Centrale nei giorni 21-23 Giugno 2019<\/p>\n<p style=\"margin-top: 0px; margin-bottom: 1.1em; padding: 0px; border: 0px; font-style: inherit; font-variant: inherit; font-weight: inherit; font-stretch: inherit; font-size: 17px; line-height: 1.5em; font-family: 'Source Sans Pro', sans-serif; vertical-align: baseline; color: #262626; text-align: center;\">Accesso alla Masterclass con il prof. Puentes 24-25 Giugno 2019<\/p>\n<p style=\"margin-top: 0px; margin-bottom: 1.1em; padding: 0px; border: 0px; font-style: inherit; font-variant: inherit; font-weight: inherit; font-stretch: inherit; font-size: 17px; line-height: 1.5em; font-family: 'Source Sans Pro', sans-serif; vertical-align: baseline; color: #262626; text-align: center;\">Certificato di Partecipazione &#8220;Congresso Mondiale d&#8217;Ipnosi&#8221;<\/p>\n<p style=\"margin-top: 0px; margin-bottom: 1.1em; padding: 0px; border: 0px; font-style: inherit; font-variant: inherit; font-weight: inherit; font-stretch: inherit; font-size: 17px; line-height: 1.5em; font-family: 'Source Sans Pro', sans-serif; vertical-align: baseline; color: #262626; text-align: center;\">Certificazione Internazionale &#8220;Masterclass di Ipnosi Rapida&#8221;<\/p>\n<p style=\"margin-top: 0px; margin-bottom: 1.1em; padding: 0px; border: 0px; font-style: inherit; font-variant: inherit; font-weight: inherit; font-stretch: inherit; font-size: 17px; line-height: 1.5em; font-family: 'Source Sans Pro', sans-serif; vertical-align: baseline; color: #262626; text-align: center;\">Materiale Didattico<\/p>\n<p><img loading=\"lazy\" decoding=\"async\" src=\"https:\/\/www.neurolinguistic.com\/blog\/wp-content\/uploads\/biglietto-smeraldo-300x156.jpg\" alt=\"\" width=\"300\" height=\"156\" \/><\/p>\n<h3 style=\"margin: 0px; padding: 0px; border: 0px; font-variant-numeric: inherit; font-variant-east-asian: inherit; font-stretch: inherit; font-size: 1.3em; line-height: 30px; font-family: 'Source Sans Pro', sans-serif; vertical-align: baseline; color: #181818; text-align: center;\">Biglietto Zaffiro &#8211; \u20ac499<\/h3>\n<p style=\"margin-top: 0px; margin-bottom: 1.1em; padding: 0px; border: 0px; font-style: inherit; font-variant: inherit; font-weight: inherit; font-stretch: inherit; font-size: 17px; line-height: 1.5em; font-family: 'Source Sans Pro', sans-serif; vertical-align: baseline; color: #262626; text-align: center;\">Accesso alla Sala Centrale nei giorni 21-23 Giugno 2019<\/p>\n<p style=\"margin-top: 0px; margin-bottom: 1.1em; padding: 0px; border: 0px; font-style: inherit; font-variant: inherit; font-weight: inherit; font-stretch: inherit; font-size: 17px; line-height: 1.5em; font-family: 'Source Sans Pro', sans-serif; vertical-align: baseline; color: #262626; text-align: center;\">Accesso alla Sala Esercizi nei giorni 21-23 Giugno 2019<\/p>\n<p style=\"margin-top: 0px; margin-bottom: 1.1em; padding: 0px; border: 0px; font-style: inherit; font-variant: inherit; font-weight: inherit; font-stretch: inherit; font-size: 17px; line-height: 1.5em; font-family: 'Source Sans Pro', sans-serif; vertical-align: baseline; color: #262626; text-align: center;\">Accesso alla Masterclass con il prof. Puentes 24-25 Giugno 2019<\/p>\n<p style=\"margin-top: 0px; margin-bottom: 1.1em; padding: 0px; border: 0px; font-style: inherit; font-variant: inherit; font-weight: inherit; font-stretch: inherit; font-size: 17px; line-height: 1.5em; font-family: 'Source Sans Pro', sans-serif; vertical-align: baseline; color: #262626; text-align: center;\">Certificato di Partecipazione &#8220;Congresso Mondiale d&#8217;Ipnosi&#8221;<\/p>\n<p style=\"margin-top: 0px; margin-bottom: 1.1em; padding: 0px; border: 0px; font-style: inherit; font-variant: inherit; font-weight: inherit; font-stretch: inherit; font-size: 17px; line-height: 1.5em; font-family: 'Source Sans Pro', sans-serif; vertical-align: baseline; color: #262626; text-align: center;\">Certificazione Internazionale &#8220;Masterclass di Ipnosi Rapida&#8221;<\/p>\n<p style=\"margin-top: 0px; margin-bottom: 1.1em; padding: 0px; border: 0px; font-style: inherit; font-variant: inherit; font-weight: inherit; font-stretch: inherit; font-size: 17px; line-height: 1.5em; font-family: 'Source Sans Pro', sans-serif; vertical-align: baseline; color: #262626; text-align: center;\">Materiale Didattico<\/p>\n<p><img loading=\"lazy\" decoding=\"async\" src=\"https:\/\/www.neurolinguistic.com\/blog\/wp-content\/uploads\/biglietto-zaffiro-300x156.jpg\" alt=\"\" width=\"300\" height=\"156\" \/><\/p>\n<h3 style=\"margin: 0px; padding: 0px; border: 0px; font-variant-numeric: inherit; font-variant-east-asian: inherit; font-stretch: inherit; font-size: 1.3em; line-height: 30px; font-family: 'Source Sans Pro', sans-serif; vertical-align: baseline; color: #181818; text-align: center;\">Biglietto Platino &#8211; \u20ac599<\/h3>\n<p style=\"margin-top: 0px; margin-bottom: 1.1em; padding: 0px; border: 0px; font-style: inherit; font-variant: inherit; font-weight: inherit; font-stretch: inherit; font-size: 17px; line-height: 1.5em; font-family: 'Source Sans Pro', sans-serif; vertical-align: baseline; color: #262626; text-align: center;\">Accesso alla Sala Centrale nei giorni 21-23 Giugno 2019<\/p>\n<p style=\"margin-top: 0px; margin-bottom: 1.1em; padding: 0px; border: 0px; font-style: inherit; font-variant: inherit; font-weight: inherit; font-stretch: inherit; font-size: 17px; line-height: 1.5em; font-family: 'Source Sans Pro', sans-serif; vertical-align: baseline; color: #262626; text-align: center;\">Accesso alla Sala Esercizi nei giorni 21-23 Giugno 2019<\/p>\n<p style=\"margin-top: 0px; margin-bottom: 1.1em; padding: 0px; border: 0px; font-style: inherit; font-variant: inherit; font-weight: inherit; font-stretch: inherit; font-size: 17px; line-height: 1.5em; font-family: 'Source Sans Pro', sans-serif; vertical-align: baseline; color: #262626; text-align: center;\">Accesso alla Masterclass con il prof. Puentes 24-25 Giugno 2019<\/p>\n<p style=\"margin-top: 0px; margin-bottom: 1.1em; padding: 0px; border: 0px; font-style: inherit; font-variant: inherit; font-weight: inherit; font-stretch: inherit; font-size: 17px; line-height: 1.5em; font-family: 'Source Sans Pro', sans-serif; vertical-align: baseline; color: #262626; text-align: center;\">Video del Congresso Mondiale d&#8217;Ipnosi 2019 (+10 ore)<br style=\"margin: 0pt; padding: 0pt;\" \/>Video del Congresso Mondiale d&#8217;Ipnosi 2018 e 2017 (+10 ore)<\/p>\n<p style=\"margin-top: 0px; margin-bottom: 1.1em; padding: 0px; border: 0px; font-style: inherit; font-variant: inherit; font-weight: inherit; font-stretch: inherit; font-size: 17px; line-height: 1.5em; font-family: 'Source Sans Pro', sans-serif; vertical-align: baseline; color: #262626; text-align: center;\">Certificato di Partecipazione &#8220;Congresso Mondiale d&#8217;Ipnosi&#8221;<\/p>\n<p style=\"margin-top: 0px; margin-bottom: 1.1em; padding: 0px; border: 0px; font-style: inherit; font-variant: inherit; font-weight: inherit; font-stretch: inherit; font-size: 17px; line-height: 1.5em; font-family: 'Source Sans Pro', sans-serif; vertical-align: baseline; color: #262626; text-align: center;\">Certificazione Internazionale &#8220;Masterclass di Ipnosi Rapida&#8221;<\/p>\n<p style=\"margin-top: 0px; margin-bottom: 1.1em; padding: 0px; border: 0px; font-style: inherit; font-variant: inherit; font-weight: inherit; font-stretch: inherit; font-size: 17px; line-height: 1.5em; font-family: 'Source Sans Pro', sans-serif; vertical-align: baseline; color: #262626; text-align: center;\">Materiale Didattico<\/p>\n<p>Prima fila inclusa<\/p>\n<p><img loading=\"lazy\" decoding=\"async\" src=\"https:\/\/www.neurolinguistic.com\/blog\/wp-content\/uploads\/biglietto-platino-300x156.jpg\" alt=\"\" width=\"300\" height=\"156\" \/><\/p>\n<h2 style=\"margin: 0px; padding: 0px; border: 0px; font-variant-numeric: inherit; font-variant-east-asian: inherit; font-weight: normal; font-stretch: inherit; font-size: 40px; line-height: 1.1em; font-family: 'Source Sans Pro', sans-serif; vertical-align: baseline; color: #2697da; letter-spacing: -1px; text-shadow: rgba(255, 255, 255, 0.5) 1px 1px 0px; text-align: center;\">Iscriviti oggi<\/h2>\n<form action=\"https:\/\/www.paypal.com\/cgi-bin\/webscr\" method=\"post\" target=\"_top\"><input name=\"cmd\" type=\"hidden\" value=\"_s-xclick\" \/><br \/>\n<input name=\"hosted_button_id\" type=\"hidden\" value=\"QVVV7HEW9B6XG\" \/><\/p>\n<table>\n<tbody>\n<tr>\n<td><input name=\"on0\" type=\"hidden\" value=\"Scegli il Biglietto\" \/>Scegli il Biglietto<\/td>\n<\/tr>\n<tr>\n<td><select name=\"os0\"><option value=\"Biglietto Bronzo\">Biglietto Bronzo \u20ac139,00 EUR<\/option><option value=\"Biglietto Argento\">Biglietto Argento \u20ac265,00 EUR<\/option><option value=\"Biglietto Oro\">Biglietto Oro \u20ac365,00 EUR<\/option><option value=\"Ipnosi Rapida\">Ipnosi Rapida \u20ac299,00 EUR<\/option><option value=\"Biglietto Smeraldo\">Biglietto Smeraldo \u20ac399,00 EUR<\/option><option value=\"Biglietto Zaffiro\">Biglietto Zaffiro \u20ac499,00 EUR<\/option><option value=\"Biglietto Platino\">Biglietto Platino \u20ac599,00 EUR<\/option><option value=\"Bronzo x 3\">Bronzo x 3 \u20ac333,00 EUR<\/option><option value=\"Bronzo aggiunto al gruppo\">Bronzo aggiunto al gruppo \u20ac111,00 EUR<\/option><\/select><\/td>\n<\/tr>\n<\/tbody>\n<\/table>\n<p><input name=\"currency_code\" type=\"hidden\" value=\"EUR\" \/><br \/>\n<input alt=\"PayPal \u00e8 il metodo rapido e sicuro per pagare e farsi pagare online.\" name=\"submit\" src=\"https:\/\/www.neurolinguistic.com\/blog\/wp-content\/uploads\/iscrivitiora.jpg\" type=\"image\" \/><br \/>\n<img loading=\"lazy\" decoding=\"async\" src=\"https:\/\/www.paypalobjects.com\/it_IT\/i\/scr\/pixel.gif\" alt=\"\" width=\"1\" height=\"1\" border=\"0\" \/><\/p>\n<\/form>\n","protected":false},"excerpt":{"rendered":"<p>Congresso Mondiale d&rsquo;Ipnosi 2019 Roma, 21-25 Giugno 2019 Prof. Fabio Puentes, PhD (Brasile) Il Prof. Fabio Puentes &egrave; il massimo esperto brasiliano di ipnosi in ambito clinico. Opera come Ipnologo presso l&rsquo;Ospedale di San Paolo presso il Dipartimento di Neurochirurgia. Durante il Congresso Mondiale d&rsquo;Ipnosi spiegher&agrave; i Protocolli da lui utilizzati per la riduzione del [&hellip;]<\/p>\n","protected":false},"author":1,"featured_media":0,"parent":0,"menu_order":0,"comment_status":"closed","ping_status":"closed","template":"elementor_canvas","meta":{"footnotes":""},"class_list":["post-2609","page","type-page","status-publish","hentry"],"yoast_head":"<!-- This site is optimized with the Yoast SEO plugin v27.2 - https:\/\/yoast.com\/product\/yoast-seo-wordpress\/ -->\n<title>Congresso d&#039;Ipnosi 2019 &#8211; Universit\u00e9 Europ\u00e9enne - ISI-CNV<\/title>\n<meta name=\"robots\" content=\"index, follow, max-snippet:-1, max-image-preview:large, max-video-preview:-1\" \/>\n<link rel=\"canonical\" href=\"https:\/\/www.neurolinguistic.com\/blog\/congresso-dipnosi-2019-2\/\" \/>\n<meta property=\"og:locale\" content=\"it_IT\" \/>\n<meta property=\"og:type\" content=\"article\" \/>\n<meta property=\"og:title\" content=\"Congresso d&#039;Ipnosi 2019 &#8211; Universit\u00e9 Europ\u00e9enne - ISI-CNV\" \/>\n<meta property=\"og:description\" content=\"Congresso Mondiale d&rsquo;Ipnosi 2019 Roma, 21-25 Giugno 2019 Prof. Fabio Puentes, PhD (Brasile) Il Prof. Fabio Puentes &egrave; il massimo esperto brasiliano di ipnosi in ambito clinico. Opera come Ipnologo presso l&rsquo;Ospedale di San Paolo presso il Dipartimento di Neurochirurgia. Durante il Congresso Mondiale d&rsquo;Ipnosi spiegher&agrave; i Protocolli da lui utilizzati per la riduzione del [&hellip;]\" \/>\n<meta property=\"og:url\" content=\"https:\/\/www.neurolinguistic.com\/blog\/congresso-dipnosi-2019-2\/\" \/>\n<meta property=\"og:site_name\" content=\"Universit\u00e9 Europ\u00e9enne - ISI-CNV\" \/>\n<meta property=\"article:publisher\" content=\"https:\/\/www.facebook.com\/ipnositecniche\" \/>\n<meta property=\"article:modified_time\" content=\"2019-04-29T17:25:05+00:00\" \/>\n<meta property=\"og:image\" content=\"https:\/\/www.neurolinguistic.com\/blog\/wp-content\/uploads\/fabio-puentes.jpg\" \/>\n<meta name=\"twitter:card\" content=\"summary_large_image\" \/>\n<meta name=\"twitter:label1\" content=\"Tempo di lettura stimato\" \/>\n\t<meta name=\"twitter:data1\" content=\"5 minuti\" \/>\n<script type=\"application\/ld+json\" class=\"yoast-schema-graph\">{\"@context\":\"https:\/\/schema.org\",\"@graph\":[{\"@type\":\"WebPage\",\"@id\":\"https:\/\/www.neurolinguistic.com\/blog\/congresso-dipnosi-2019-2\/\",\"url\":\"https:\/\/www.neurolinguistic.com\/blog\/congresso-dipnosi-2019-2\/\",\"name\":\"Congresso d'Ipnosi 2019 &#8211; Universit\u00e9 Europ\u00e9enne - ISI-CNV\",\"isPartOf\":{\"@id\":\"https:\/\/www.neurolinguistic.com\/blog\/#website\"},\"primaryImageOfPage\":{\"@id\":\"https:\/\/www.neurolinguistic.com\/blog\/congresso-dipnosi-2019-2\/#primaryimage\"},\"image\":{\"@id\":\"https:\/\/www.neurolinguistic.com\/blog\/congresso-dipnosi-2019-2\/#primaryimage\"},\"thumbnailUrl\":\"https:\/\/www.neurolinguistic.com\/blog\/wp-content\/uploads\/fabio-puentes.jpg\",\"datePublished\":\"2019-04-29T17:21:24+00:00\",\"dateModified\":\"2019-04-29T17:25:05+00:00\",\"breadcrumb\":{\"@id\":\"https:\/\/www.neurolinguistic.com\/blog\/congresso-dipnosi-2019-2\/#breadcrumb\"},\"inLanguage\":\"it-IT\",\"potentialAction\":[{\"@type\":\"ReadAction\",\"target\":[\"https:\/\/www.neurolinguistic.com\/blog\/congresso-dipnosi-2019-2\/\"]}]},{\"@type\":\"ImageObject\",\"inLanguage\":\"it-IT\",\"@id\":\"https:\/\/www.neurolinguistic.com\/blog\/congresso-dipnosi-2019-2\/#primaryimage\",\"url\":\"https:\/\/www.neurolinguistic.com\/blog\/wp-content\/uploads\/fabio-puentes.jpg\",\"contentUrl\":\"https:\/\/www.neurolinguistic.com\/blog\/wp-content\/uploads\/fabio-puentes.jpg\",\"width\":300,\"height\":248},{\"@type\":\"BreadcrumbList\",\"@id\":\"https:\/\/www.neurolinguistic.com\/blog\/congresso-dipnosi-2019-2\/#breadcrumb\",\"itemListElement\":[{\"@type\":\"ListItem\",\"position\":1,\"name\":\"Home\",\"item\":\"https:\/\/www.neurolinguistic.com\/blog\/\"},{\"@type\":\"ListItem\",\"position\":2,\"name\":\"Congresso d&#8217;Ipnosi 2019\"}]},{\"@type\":\"WebSite\",\"@id\":\"https:\/\/www.neurolinguistic.com\/blog\/#website\",\"url\":\"https:\/\/www.neurolinguistic.com\/blog\/\",\"name\":\"Universit\u00e9 Europ\u00e9enne - ISI-CNV\",\"description\":\"Articoli, Lezioni Online, Omaggi, Video e molto altro\",\"potentialAction\":[{\"@type\":\"SearchAction\",\"target\":{\"@type\":\"EntryPoint\",\"urlTemplate\":\"https:\/\/www.neurolinguistic.com\/blog\/?s={search_term_string}\"},\"query-input\":{\"@type\":\"PropertyValueSpecification\",\"valueRequired\":true,\"valueName\":\"search_term_string\"}}],\"inLanguage\":\"it-IT\"}]}<\/script>\n<!-- \/ Yoast SEO plugin. -->","yoast_head_json":{"title":"Congresso d'Ipnosi 2019 &#8211; Universit\u00e9 Europ\u00e9enne - ISI-CNV","robots":{"index":"index","follow":"follow","max-snippet":"max-snippet:-1","max-image-preview":"max-image-preview:large","max-video-preview":"max-video-preview:-1"},"canonical":"https:\/\/www.neurolinguistic.com\/blog\/congresso-dipnosi-2019-2\/","og_locale":"it_IT","og_type":"article","og_title":"Congresso d'Ipnosi 2019 &#8211; Universit\u00e9 Europ\u00e9enne - ISI-CNV","og_description":"Congresso Mondiale d&rsquo;Ipnosi 2019 Roma, 21-25 Giugno 2019 Prof. Fabio Puentes, PhD (Brasile) Il Prof. Fabio Puentes &egrave; il massimo esperto brasiliano di ipnosi in ambito clinico. Opera come Ipnologo presso l&rsquo;Ospedale di San Paolo presso il Dipartimento di Neurochirurgia. Durante il Congresso Mondiale d&rsquo;Ipnosi spiegher&agrave; i Protocolli da lui utilizzati per la riduzione del [&hellip;]","og_url":"https:\/\/www.neurolinguistic.com\/blog\/congresso-dipnosi-2019-2\/","og_site_name":"Universit\u00e9 Europ\u00e9enne - ISI-CNV","article_publisher":"https:\/\/www.facebook.com\/ipnositecniche","article_modified_time":"2019-04-29T17:25:05+00:00","og_image":[{"url":"https:\/\/www.neurolinguistic.com\/blog\/wp-content\/uploads\/fabio-puentes.jpg","type":"","width":"","height":""}],"twitter_card":"summary_large_image","twitter_misc":{"Tempo di lettura stimato":"5 minuti"},"schema":{"@context":"https:\/\/schema.org","@graph":[{"@type":"WebPage","@id":"https:\/\/www.neurolinguistic.com\/blog\/congresso-dipnosi-2019-2\/","url":"https:\/\/www.neurolinguistic.com\/blog\/congresso-dipnosi-2019-2\/","name":"Congresso d'Ipnosi 2019 &#8211; Universit\u00e9 Europ\u00e9enne - ISI-CNV","isPartOf":{"@id":"https:\/\/www.neurolinguistic.com\/blog\/#website"},"primaryImageOfPage":{"@id":"https:\/\/www.neurolinguistic.com\/blog\/congresso-dipnosi-2019-2\/#primaryimage"},"image":{"@id":"https:\/\/www.neurolinguistic.com\/blog\/congresso-dipnosi-2019-2\/#primaryimage"},"thumbnailUrl":"https:\/\/www.neurolinguistic.com\/blog\/wp-content\/uploads\/fabio-puentes.jpg","datePublished":"2019-04-29T17:21:24+00:00","dateModified":"2019-04-29T17:25:05+00:00","breadcrumb":{"@id":"https:\/\/www.neurolinguistic.com\/blog\/congresso-dipnosi-2019-2\/#breadcrumb"},"inLanguage":"it-IT","potentialAction":[{"@type":"ReadAction","target":["https:\/\/www.neurolinguistic.com\/blog\/congresso-dipnosi-2019-2\/"]}]},{"@type":"ImageObject","inLanguage":"it-IT","@id":"https:\/\/www.neurolinguistic.com\/blog\/congresso-dipnosi-2019-2\/#primaryimage","url":"https:\/\/www.neurolinguistic.com\/blog\/wp-content\/uploads\/fabio-puentes.jpg","contentUrl":"https:\/\/www.neurolinguistic.com\/blog\/wp-content\/uploads\/fabio-puentes.jpg","width":300,"height":248},{"@type":"BreadcrumbList","@id":"https:\/\/www.neurolinguistic.com\/blog\/congresso-dipnosi-2019-2\/#breadcrumb","itemListElement":[{"@type":"ListItem","position":1,"name":"Home","item":"https:\/\/www.neurolinguistic.com\/blog\/"},{"@type":"ListItem","position":2,"name":"Congresso d&#8217;Ipnosi 2019"}]},{"@type":"WebSite","@id":"https:\/\/www.neurolinguistic.com\/blog\/#website","url":"https:\/\/www.neurolinguistic.com\/blog\/","name":"Universit\u00e9 Europ\u00e9enne - ISI-CNV","description":"Articoli, Lezioni Online, Omaggi, Video e molto altro","potentialAction":[{"@type":"SearchAction","target":{"@type":"EntryPoint","urlTemplate":"https:\/\/www.neurolinguistic.com\/blog\/?s={search_term_string}"},"query-input":{"@type":"PropertyValueSpecification","valueRequired":true,"valueName":"search_term_string"}}],"inLanguage":"it-IT"}]}},"_links":{"self":[{"href":"https:\/\/www.neurolinguistic.com\/blog\/wp-json\/wp\/v2\/pages\/2609","targetHints":{"allow":["GET"]}}],"collection":[{"href":"https:\/\/www.neurolinguistic.com\/blog\/wp-json\/wp\/v2\/pages"}],"about":[{"href":"https:\/\/www.neurolinguistic.com\/blog\/wp-json\/wp\/v2\/types\/page"}],"author":[{"embeddable":true,"href":"https:\/\/www.neurolinguistic.com\/blog\/wp-json\/wp\/v2\/users\/1"}],"replies":[{"embeddable":true,"href":"https:\/\/www.neurolinguistic.com\/blog\/wp-json\/wp\/v2\/comments?post=2609"}],"version-history":[{"count":0,"href":"https:\/\/www.neurolinguistic.com\/blog\/wp-json\/wp\/v2\/pages\/2609\/revisions"}],"wp:attachment":[{"href":"https:\/\/www.neurolinguistic.com\/blog\/wp-json\/wp\/v2\/media?parent=2609"}],"curies":[{"name":"wp","href":"https:\/\/api.w.org\/{rel}","templated":true}]}}