{"id":2477,"date":"2018-12-01T14:09:44","date_gmt":"2018-12-01T13:09:44","guid":{"rendered":"https:\/\/www.neurolinguistic.com\/blog\/?page_id=2477"},"modified":"2019-09-11T18:09:54","modified_gmt":"2019-09-11T16:09:54","slug":"corso-internazionale-di-ipnosi-regressiva-2019","status":"publish","type":"page","link":"https:\/\/www.neurolinguistic.com\/blog\/corso-internazionale-di-ipnosi-regressiva-2019\/","title":{"rendered":"Corso Internazionale di Ipnosi Regressiva 2019"},"content":{"rendered":"<p><img decoding=\"async\" title=\"nuovo banner\" src=\"https:\/\/www.neurolinguistic.com\/blog\/wp-content\/uploads\/elementor\/thumbs\/nuovo-banner-oanngbz36s14m2w28uhikrx4ggom2l1y2s42q2v52s.jpg\" alt=\"nuovo banner\" \/><\/p>\n<h2>Corso Internazionale in Ipnosi Regressiva Non Verbale<\/h2>\n<h2>con Pratica di Ipnosi<\/h2>\n<h2>Il Programma Didattico (16 Ore)<\/h2>\n<h2>I Relatori Internazionali<\/h2>\n<p><img loading=\"lazy\" decoding=\"async\" src=\"https:\/\/www.neurolinguistic.com\/blog\/wp-content\/uploads\/marco-paret-1-150x150.jpg\" alt=\"\" width=\"150\" height=\"150\" \/><\/p>\n<h3>Tecniche e Protocolli di Ipnosi Regressiva Non Verbale<\/h3>\n<p>A cura del\u00a0<b>Dr. Marco Paret<\/b>, Partner dell&#8217;Istituto Internazionale di Ipnosi e Comunicazione Non Verbale di Nizza <b>Universit\u00e9 Europ\u00e9enne<\/b>, relatore internazionale con esperienza in 4 continenti. Nel congresso, spiegher\u00e0 in esclusiva le nuove tecniche di <b>regressione ipnotica<\/b> e protocolli per la risoluzione delle emozioni negative e degli eventi passati.<\/p>\n<p><img loading=\"lazy\" decoding=\"async\" src=\"https:\/\/www.neurolinguistic.com\/blog\/wp-content\/uploads\/lee-gerrard-barlow-150x150.jpg\" sizes=\"auto, (max-width: 150px) 100vw, 150px\" srcset=\"https:\/\/www.neurolinguistic.com\/blog\/wp-content\/uploads\/lee-gerrard-barlow-150x150.jpg 150w, https:\/\/www.neurolinguistic.com\/blog\/wp-content\/uploads\/lee-gerrard-barlow-300x300.jpg 300w, https:\/\/www.neurolinguistic.com\/blog\/wp-content\/uploads\/lee-gerrard-barlow.jpg 728w\" alt=\"\" width=\"150\" height=\"150\" \/><\/p>\n<h3>Ipnosi Non Verbale Egizia<\/h3>\n<p>Il\u00a0Dr. Lee Gerrard Barlow (UK)\u00a0\u00e8 il massimo esperto britannico di ipnosi non verbale egizia. Durante il Corso Internazionale di Ipnosi Regressiva Non Verbale ti mostrer\u00e0 protocolli e strategie antichissime per indurre l&#8217;ipnosi senza l&#8217;uso delle parole. Il Dr. Lee Gerrard Barlow condurr\u00e0 inoltre una masterclass nella Sala Esercizi per imparare ad indurre l&#8217;ipnosi non verbale.<\/p>\n<p><img loading=\"lazy\" decoding=\"async\" src=\"https:\/\/www.neurolinguistic.com\/blog\/wp-content\/uploads\/serissimo-150x150.jpg\" alt=\"\" width=\"150\" height=\"150\" \/><\/p>\n<h3>Psicolinguistica dell&#8217;Ipnosi Regressiva<\/h3>\n<p>Igor Vitale, psicologo e relatore internazionale,\u00a0ti mostrer\u00e0 i\u00a0protocolli per formulare domande di esplorazione dell&#8217;inconscio\u00a0e i\u00a0fondamenti del linguaggio ipnotico in regressiva, strumenti pratici per condurre un&#8217;ipnosi regressiva. Durante l&#8217;Ipnosi Regressiva, l&#8217;inconscio rivela parole, simboli ed archetipi che possono essere letti ed interpretati in modo psicologico, per aiutare il cliente a sprigionare le risorse nascoste e sbloccare traumi e blocchi emotivi. Igor Vitale inoltre condurr\u00e0 un&#8217;ipnosi di gruppo per la risoluzione delle emozioni bloccate. Nella Sala Esercizi, il dr. Vitale presenter\u00e0 un metodo per risolvere relazioni negative passate ed imparare a dimenticarle.<\/p>\n<p><img loading=\"lazy\" decoding=\"async\" src=\"https:\/\/www.neurolinguistic.com\/blog\/wp-content\/uploads\/max-antonelli.png\" alt=\"\" width=\"150\" height=\"150\" \/><\/p>\n<h3>Ipnosi Simbolica<\/h3>\n<p>Formatore e Analogista, <strong>Max Antonelli<\/strong> \u00e8 uno stretto collaboratore di Stefano Benemeglio, ideatore del modello dell\u2019Ipnosi Dinamica\u00ae, che conosce nei primi anni \u201990. In questa occasione ti mostrer\u00e0 (e dimostrer\u00e0) le basi da cui il metodo dell\u2019Ipnosi Dinamica\u00ae ha preso corpo e gli strumenti innovativi che lo contraddistinguono, frutto della lunga attivit\u00e0 di ricerca condotta da S. Benemeglio in oltre 50 anni di studio.<\/p>\n<p><img loading=\"lazy\" decoding=\"async\" src=\"https:\/\/www.neurolinguistic.com\/blog\/wp-content\/uploads\/elio-e-giuseppe-150x150.jpg\" alt=\"\" width=\"150\" height=\"150\" \/><\/p>\n<h3>Ipnosi Regressiva alle Vite Passate<\/h3>\n<p>Elio Isaia e Giuseppe Arena\u00a0\u00a0fondatori dell&#8217;istituto Rilassamento Profondo, ipnotisti certificati a livello europeo, professionisti della regressione alle vite precedenti e studiosi dei campi di applicazione; presenteranno modalit\u00e0 innovative per ottenere una regressione alle vite passate, proporranno una dimostrazione di induzione con doppio operatore, oltre a spiegare l&#8217;utilizzo dell&#8217;Imagery all\u2019interno della pratica. Approfondiranno come aprire una via armonica per una regressione alle vite passate senza ostacoli.<\/p>\n<p><img loading=\"lazy\" decoding=\"async\" src=\"https:\/\/www.neurolinguistic.com\/blog\/wp-content\/uploads\/abstract-background-colors-150x150.jpg\" alt=\"\" width=\"150\" height=\"150\" \/><\/p>\n<h3>Ipnosi Clinica Regressiva<\/h3>\n<p>Il dr.\u00a0Sarotto\u00a0medico e gi\u00e0 Direttore ASL, mostrer\u00e0 le applicazioni dell&#8217;ipnosi in ambito clinico ed ospedaliero. L&#8217;ipnosi \u00e8 infatti uno strumento principe per trattare molti disturbi di natura medica e, sebbene non possa sostituire la terapia medica, pu\u00f2 essere di grande supporto nella gestione di qualsiasi condizione medico.<\/p>\n<p><img loading=\"lazy\" decoding=\"async\" src=\"https:\/\/www.neurolinguistic.com\/blog\/wp-content\/uploads\/abstract-background-colors-150x150.jpg\" alt=\"\" width=\"150\" height=\"150\" \/><\/p>\n<p><b>Nuove Promesse dell&#8217;Ipnosi e Tecniche Innovative contro la Violenza sulle Donne (\u20ac10 in beneficenza)<\/b><\/p>\n<p>Il 28 Settembre dalle ore 19 alle ore 21 terremo una serata benefica contro la Violenza sulle Donne in cooperazione con l&#8217;Associazione VitaRU. Durante la serata mostreremo il valore delle tecniche innovative (ipnosi, mindfulness, EFT, metodi integratietc.) a supporto della vittime di violenza di genere. La serata prevede una donazione di \u20ac10 a persona devoluti interamente in beneficienza all&#8217;Associazione VitaRU, presieduta da Natalia Siassina (Russia). Durante la sereta saranno esposti i metodi di supporto per le vittime a cura di Marco Paret, Igor Vitale e le Nuove Promesse dell&#8217;Ipnosi (Emanuele Mazzeo, Nicola Zuccarello e altri)<\/p>\n<p>Milano, 28-29 Settembre 2019<\/p>\n<p>sabato 10-18.30<\/p>\n<p>domenica 10-18.30<\/p>\n<p><img loading=\"lazy\" decoding=\"async\" src=\"https:\/\/www.neurolinguistic.com\/blog\/wp-content\/uploads\/milano1.jpg\" sizes=\"auto, (max-width: 835px) 100vw, 835px\" srcset=\"https:\/\/www.neurolinguistic.com\/blog\/wp-content\/uploads\/milano1.jpg 835w, https:\/\/www.neurolinguistic.com\/blog\/wp-content\/uploads\/milano1-300x157.jpg 300w, https:\/\/www.neurolinguistic.com\/blog\/wp-content\/uploads\/milano1-768x402.jpg 768w\" alt=\"\" width=\"835\" height=\"437\" \/><\/p>\n<h2>Hotel Leonardo &#8211; via Messina, 10<\/h2>\n<p><a href=\"https:\/\/docs.google.com\/spreadsheets\/d\/17wUe9goBslnPXu1Py1Y33745MpLT8hHYX4U_17csF4A\/export?format=pdf\"><br \/>\nScarica il Programma Dettagliato<br \/>\n<\/a><\/p>\n<p>&#8211; Quote di Iscrizione &#8211;<\/p>\n<h2 style=\"text-align: center;\">Biglietto Platino &#8211; \u20ac420 anzich\u00e9 \u20ac449<\/h2>\n<p style=\"text-align: center;\">Partecipazione al Corso con posto in prima o seconda fila garantita. Accesso alla Sala Centrale e alla Sala Pratica di ipnosi. Video registrazioni del Corso Internazionale in Ipnosi Regressiva 2019. Omaggio Video del Congresso Mondiale d\u2019Ipnosi 2018 e 2019.<\/p>\n<h2 style=\"text-align: center;\">Biglietto Oro &#8211; \u20ac255 anzich\u00e9 \u20ac349<\/h2>\n<p style=\"text-align: center;\">Accesso alla sala Centrale ed alla Sala Pratica di Ipnosi.<\/p>\n<h2 style=\"text-align: center;\">Biglietto Bronzo\u00a0 \u20ac139<\/h2>\n<p style=\"text-align: center;\">Accesso alla sala Centrale<\/p>\n<h2 style=\"text-align: center;\">Evento Nuove Promesse dell&#8217;Ipnosi &#8211; \u20ac10 in beneficenza<\/h2>\n<p style=\"text-align: center;\">Biglietto supplementare per l\u2019accesso alla serata del sabato 28\/09 (ore 19-21). Il ricavato sar\u00e0 interamente devoluto in beneficenza a supporto delle vittime di violenza di genere.<\/p>\n<h2 style=\"text-align: center;\">Iscriviti adesso ed approfitta dello sconto disponibile fino al 20 settembre 2019<\/h2>\n<form action=\"https:\/\/www.paypal.com\/cgi-bin\/webscr\" method=\"post\" target=\"paypal\"><input name=\"cmd\" type=\"hidden\" value=\"_s-xclick\" \/><br \/>\n<input name=\"hosted_button_id\" type=\"hidden\" value=\"GSFWRSUQ94RDA\" \/><\/p>\n<table>\n<tbody>\n<tr>\n<td><input name=\"on0\" type=\"hidden\" value=\"Quota di iscrizione\" \/>Quota di iscrizione<\/td>\n<\/tr>\n<tr>\n<td><select name=\"os0\"><option value=\"Standard\">Standard \u20ac139,00 EUR<\/option><option value=\"Biglietto Oro\">Biglietto Oro \u20ac255,00 EUR<\/option><option value=\"Biglietto Platino\">Biglietto Platino \u20ac420,00 EUR<\/option><option value=\"Ex Allievo Master Marco Paret\">Ex Allievo Master Marco Paret \u20ac60,00 EUR<\/option><option value=\"Serata Nuove Promesse\">Serata Nuove Promesse \u20ac10,00 EUR<\/option><\/select><\/td>\n<\/tr>\n<\/tbody>\n<\/table>\n<p><input name=\"currency_code\" type=\"hidden\" value=\"EUR\" \/><br \/>\n<input alt=\"PayPal \u00e8 il metodo rapido e sicuro per pagare e farsi pagare online.\" name=\"submit\" src=\"https:\/\/www.neurolinguistic.com\/blog\/wp-content\/uploads\/iscrivitiora.jpg\" type=\"image\" \/><br \/>\n<img loading=\"lazy\" decoding=\"async\" src=\"https:\/\/www.paypalobjects.com\/it_IT\/i\/scr\/pixel.gif\" alt=\"\" width=\"1\" height=\"1\" border=\"0\" \/><\/p>\n<\/form>\n<h2>Informazioni ed iscrizioni:<\/h2>\n<h1>europeenneuniversite@gmail.com<\/h1>\n<h2>Tel: +39 06 94806601<\/h2>\n","protected":false},"excerpt":{"rendered":"<p>Corso Internazionale in Ipnosi Regressiva Non Verbale con Pratica di Ipnosi Il Programma Didattico (16 Ore) I Relatori Internazionali Tecniche e Protocolli di Ipnosi Regressiva Non Verbale A cura del&nbsp;Dr. Marco Paret, Partner dell&rsquo;Istituto Internazionale di Ipnosi e Comunicazione Non Verbale di Nizza Universit&eacute; Europ&eacute;enne, relatore internazionale con esperienza in 4 continenti. Nel congresso, spiegher&agrave; [&hellip;]<\/p>\n","protected":false},"author":1,"featured_media":0,"parent":0,"menu_order":0,"comment_status":"closed","ping_status":"closed","template":"elementor_canvas","meta":{"footnotes":""},"class_list":["post-2477","page","type-page","status-publish","hentry"],"yoast_head":"<!-- This site is optimized with the Yoast SEO plugin v27.2 - https:\/\/yoast.com\/product\/yoast-seo-wordpress\/ -->\n<title>Corso Internazionale di Ipnosi Regressiva 2019 &#8211; Universit\u00e9 Europ\u00e9enne - ISI-CNV<\/title>\n<meta name=\"robots\" content=\"index, follow, max-snippet:-1, max-image-preview:large, max-video-preview:-1\" \/>\n<link rel=\"canonical\" href=\"https:\/\/www.neurolinguistic.com\/blog\/corso-internazionale-di-ipnosi-regressiva-2019\/\" \/>\n<meta property=\"og:locale\" content=\"it_IT\" \/>\n<meta property=\"og:type\" content=\"article\" \/>\n<meta property=\"og:title\" content=\"Corso Internazionale di Ipnosi Regressiva 2019 &#8211; Universit\u00e9 Europ\u00e9enne - ISI-CNV\" \/>\n<meta property=\"og:description\" content=\"Corso Internazionale in Ipnosi Regressiva Non Verbale con Pratica di Ipnosi Il Programma Didattico (16 Ore) I Relatori Internazionali Tecniche e Protocolli di Ipnosi Regressiva Non Verbale A cura del&nbsp;Dr. Marco Paret, Partner dell&rsquo;Istituto Internazionale di Ipnosi e Comunicazione Non Verbale di Nizza Universit&eacute; Europ&eacute;enne, relatore internazionale con esperienza in 4 continenti. Nel congresso, spiegher&agrave; [&hellip;]\" \/>\n<meta property=\"og:url\" content=\"https:\/\/www.neurolinguistic.com\/blog\/corso-internazionale-di-ipnosi-regressiva-2019\/\" \/>\n<meta property=\"og:site_name\" content=\"Universit\u00e9 Europ\u00e9enne - ISI-CNV\" \/>\n<meta property=\"article:publisher\" content=\"https:\/\/www.facebook.com\/ipnositecniche\" \/>\n<meta property=\"article:modified_time\" content=\"2019-09-11T16:09:54+00:00\" \/>\n<meta property=\"og:image\" content=\"https:\/\/www.neurolinguistic.com\/blog\/wp-content\/uploads\/elementor\/thumbs\/nuovo-banner-oanngbz36s14m2w28uhikrx4ggom2l1y2s42q2v52s.jpg\" \/>\n<meta name=\"twitter:card\" content=\"summary_large_image\" \/>\n<meta name=\"twitter:label1\" content=\"Tempo di lettura stimato\" \/>\n\t<meta name=\"twitter:data1\" content=\"3 minuti\" \/>\n<script type=\"application\/ld+json\" class=\"yoast-schema-graph\">{\"@context\":\"https:\/\/schema.org\",\"@graph\":[{\"@type\":\"WebPage\",\"@id\":\"https:\/\/www.neurolinguistic.com\/blog\/corso-internazionale-di-ipnosi-regressiva-2019\/\",\"url\":\"https:\/\/www.neurolinguistic.com\/blog\/corso-internazionale-di-ipnosi-regressiva-2019\/\",\"name\":\"Corso Internazionale di Ipnosi Regressiva 2019 &#8211; Universit\u00e9 Europ\u00e9enne - ISI-CNV\",\"isPartOf\":{\"@id\":\"https:\/\/www.neurolinguistic.com\/blog\/#website\"},\"primaryImageOfPage\":{\"@id\":\"https:\/\/www.neurolinguistic.com\/blog\/corso-internazionale-di-ipnosi-regressiva-2019\/#primaryimage\"},\"image\":{\"@id\":\"https:\/\/www.neurolinguistic.com\/blog\/corso-internazionale-di-ipnosi-regressiva-2019\/#primaryimage\"},\"thumbnailUrl\":\"https:\/\/www.neurolinguistic.com\/blog\/wp-content\/uploads\/elementor\/thumbs\/nuovo-banner-oanngbz36s14m2w28uhikrx4ggom2l1y2s42q2v52s.jpg\",\"datePublished\":\"2018-12-01T13:09:44+00:00\",\"dateModified\":\"2019-09-11T16:09:54+00:00\",\"breadcrumb\":{\"@id\":\"https:\/\/www.neurolinguistic.com\/blog\/corso-internazionale-di-ipnosi-regressiva-2019\/#breadcrumb\"},\"inLanguage\":\"it-IT\",\"potentialAction\":[{\"@type\":\"ReadAction\",\"target\":[\"https:\/\/www.neurolinguistic.com\/blog\/corso-internazionale-di-ipnosi-regressiva-2019\/\"]}]},{\"@type\":\"ImageObject\",\"inLanguage\":\"it-IT\",\"@id\":\"https:\/\/www.neurolinguistic.com\/blog\/corso-internazionale-di-ipnosi-regressiva-2019\/#primaryimage\",\"url\":\"https:\/\/www.neurolinguistic.com\/blog\/wp-content\/uploads\/elementor\/thumbs\/nuovo-banner-oanngbz36s14m2w28uhikrx4ggom2l1y2s42q2v52s.jpg\",\"contentUrl\":\"https:\/\/www.neurolinguistic.com\/blog\/wp-content\/uploads\/elementor\/thumbs\/nuovo-banner-oanngbz36s14m2w28uhikrx4ggom2l1y2s42q2v52s.jpg\"},{\"@type\":\"BreadcrumbList\",\"@id\":\"https:\/\/www.neurolinguistic.com\/blog\/corso-internazionale-di-ipnosi-regressiva-2019\/#breadcrumb\",\"itemListElement\":[{\"@type\":\"ListItem\",\"position\":1,\"name\":\"Home\",\"item\":\"https:\/\/www.neurolinguistic.com\/blog\/\"},{\"@type\":\"ListItem\",\"position\":2,\"name\":\"Corso Internazionale di Ipnosi Regressiva 2019\"}]},{\"@type\":\"WebSite\",\"@id\":\"https:\/\/www.neurolinguistic.com\/blog\/#website\",\"url\":\"https:\/\/www.neurolinguistic.com\/blog\/\",\"name\":\"Universit\u00e9 Europ\u00e9enne - ISI-CNV\",\"description\":\"Articoli, Lezioni Online, Omaggi, Video e molto altro\",\"potentialAction\":[{\"@type\":\"SearchAction\",\"target\":{\"@type\":\"EntryPoint\",\"urlTemplate\":\"https:\/\/www.neurolinguistic.com\/blog\/?s={search_term_string}\"},\"query-input\":{\"@type\":\"PropertyValueSpecification\",\"valueRequired\":true,\"valueName\":\"search_term_string\"}}],\"inLanguage\":\"it-IT\"}]}<\/script>\n<!-- \/ Yoast SEO plugin. -->","yoast_head_json":{"title":"Corso Internazionale di Ipnosi Regressiva 2019 &#8211; Universit\u00e9 Europ\u00e9enne - ISI-CNV","robots":{"index":"index","follow":"follow","max-snippet":"max-snippet:-1","max-image-preview":"max-image-preview:large","max-video-preview":"max-video-preview:-1"},"canonical":"https:\/\/www.neurolinguistic.com\/blog\/corso-internazionale-di-ipnosi-regressiva-2019\/","og_locale":"it_IT","og_type":"article","og_title":"Corso Internazionale di Ipnosi Regressiva 2019 &#8211; Universit\u00e9 Europ\u00e9enne - ISI-CNV","og_description":"Corso Internazionale in Ipnosi Regressiva Non Verbale con Pratica di Ipnosi Il Programma Didattico (16 Ore) I Relatori Internazionali Tecniche e Protocolli di Ipnosi Regressiva Non Verbale A cura del&nbsp;Dr. Marco Paret, Partner dell&rsquo;Istituto Internazionale di Ipnosi e Comunicazione Non Verbale di Nizza Universit&eacute; Europ&eacute;enne, relatore internazionale con esperienza in 4 continenti. Nel congresso, spiegher&agrave; [&hellip;]","og_url":"https:\/\/www.neurolinguistic.com\/blog\/corso-internazionale-di-ipnosi-regressiva-2019\/","og_site_name":"Universit\u00e9 Europ\u00e9enne - ISI-CNV","article_publisher":"https:\/\/www.facebook.com\/ipnositecniche","article_modified_time":"2019-09-11T16:09:54+00:00","og_image":[{"url":"https:\/\/www.neurolinguistic.com\/blog\/wp-content\/uploads\/elementor\/thumbs\/nuovo-banner-oanngbz36s14m2w28uhikrx4ggom2l1y2s42q2v52s.jpg","type":"","width":"","height":""}],"twitter_card":"summary_large_image","twitter_misc":{"Tempo di lettura stimato":"3 minuti"},"schema":{"@context":"https:\/\/schema.org","@graph":[{"@type":"WebPage","@id":"https:\/\/www.neurolinguistic.com\/blog\/corso-internazionale-di-ipnosi-regressiva-2019\/","url":"https:\/\/www.neurolinguistic.com\/blog\/corso-internazionale-di-ipnosi-regressiva-2019\/","name":"Corso Internazionale di Ipnosi Regressiva 2019 &#8211; Universit\u00e9 Europ\u00e9enne - ISI-CNV","isPartOf":{"@id":"https:\/\/www.neurolinguistic.com\/blog\/#website"},"primaryImageOfPage":{"@id":"https:\/\/www.neurolinguistic.com\/blog\/corso-internazionale-di-ipnosi-regressiva-2019\/#primaryimage"},"image":{"@id":"https:\/\/www.neurolinguistic.com\/blog\/corso-internazionale-di-ipnosi-regressiva-2019\/#primaryimage"},"thumbnailUrl":"https:\/\/www.neurolinguistic.com\/blog\/wp-content\/uploads\/elementor\/thumbs\/nuovo-banner-oanngbz36s14m2w28uhikrx4ggom2l1y2s42q2v52s.jpg","datePublished":"2018-12-01T13:09:44+00:00","dateModified":"2019-09-11T16:09:54+00:00","breadcrumb":{"@id":"https:\/\/www.neurolinguistic.com\/blog\/corso-internazionale-di-ipnosi-regressiva-2019\/#breadcrumb"},"inLanguage":"it-IT","potentialAction":[{"@type":"ReadAction","target":["https:\/\/www.neurolinguistic.com\/blog\/corso-internazionale-di-ipnosi-regressiva-2019\/"]}]},{"@type":"ImageObject","inLanguage":"it-IT","@id":"https:\/\/www.neurolinguistic.com\/blog\/corso-internazionale-di-ipnosi-regressiva-2019\/#primaryimage","url":"https:\/\/www.neurolinguistic.com\/blog\/wp-content\/uploads\/elementor\/thumbs\/nuovo-banner-oanngbz36s14m2w28uhikrx4ggom2l1y2s42q2v52s.jpg","contentUrl":"https:\/\/www.neurolinguistic.com\/blog\/wp-content\/uploads\/elementor\/thumbs\/nuovo-banner-oanngbz36s14m2w28uhikrx4ggom2l1y2s42q2v52s.jpg"},{"@type":"BreadcrumbList","@id":"https:\/\/www.neurolinguistic.com\/blog\/corso-internazionale-di-ipnosi-regressiva-2019\/#breadcrumb","itemListElement":[{"@type":"ListItem","position":1,"name":"Home","item":"https:\/\/www.neurolinguistic.com\/blog\/"},{"@type":"ListItem","position":2,"name":"Corso Internazionale di Ipnosi Regressiva 2019"}]},{"@type":"WebSite","@id":"https:\/\/www.neurolinguistic.com\/blog\/#website","url":"https:\/\/www.neurolinguistic.com\/blog\/","name":"Universit\u00e9 Europ\u00e9enne - ISI-CNV","description":"Articoli, Lezioni Online, Omaggi, Video e molto altro","potentialAction":[{"@type":"SearchAction","target":{"@type":"EntryPoint","urlTemplate":"https:\/\/www.neurolinguistic.com\/blog\/?s={search_term_string}"},"query-input":{"@type":"PropertyValueSpecification","valueRequired":true,"valueName":"search_term_string"}}],"inLanguage":"it-IT"}]}},"_links":{"self":[{"href":"https:\/\/www.neurolinguistic.com\/blog\/wp-json\/wp\/v2\/pages\/2477","targetHints":{"allow":["GET"]}}],"collection":[{"href":"https:\/\/www.neurolinguistic.com\/blog\/wp-json\/wp\/v2\/pages"}],"about":[{"href":"https:\/\/www.neurolinguistic.com\/blog\/wp-json\/wp\/v2\/types\/page"}],"author":[{"embeddable":true,"href":"https:\/\/www.neurolinguistic.com\/blog\/wp-json\/wp\/v2\/users\/1"}],"replies":[{"embeddable":true,"href":"https:\/\/www.neurolinguistic.com\/blog\/wp-json\/wp\/v2\/comments?post=2477"}],"version-history":[{"count":0,"href":"https:\/\/www.neurolinguistic.com\/blog\/wp-json\/wp\/v2\/pages\/2477\/revisions"}],"wp:attachment":[{"href":"https:\/\/www.neurolinguistic.com\/blog\/wp-json\/wp\/v2\/media?parent=2477"}],"curies":[{"name":"wp","href":"https:\/\/api.w.org\/{rel}","templated":true}]}}