{"id":1982,"date":"2017-03-10T18:34:10","date_gmt":"2017-03-10T17:34:10","guid":{"rendered":"http:\/\/www.neurolinguistic.com\/blog\/?page_id=1982"},"modified":"2017-06-13T13:07:51","modified_gmt":"2017-06-13T11:07:51","slug":"pagina-corso","status":"publish","type":"page","link":"https:\/\/www.neurolinguistic.com\/blog\/pagina-corso\/","title":{"rendered":"Congresso Mondiale di Ipnosi &#8211; Roma, 2017"},"content":{"rendered":"<div id=\"le_body_row_1\" class=\"row one-column cf ui-sortable section\">\n<div class=\"fixed-width\">\n<div id=\"le_body_row_1_col_1\" class=\"one-column column cols\">\n<div id=\"le_body_row_1_col_1_el_2\" class=\"element-container cf\"><\/div>\n<div id=\"le_body_row_1_col_1_el_3\" class=\"element-container cf\">\n<div class=\"element\">\n<h2 style=\"text-align: center;\"><img loading=\"lazy\" decoding=\"async\" class=\"aligncenter size-full wp-image-1939\" src=\"https:\/\/www.neurolinguistic.com\/blog\/wp-content\/uploads\/congresso-mondiale-ipnosi-2017-1.png\" alt=\"\" width=\"952\" height=\"498\" srcset=\"https:\/\/www.neurolinguistic.com\/blog\/wp-content\/uploads\/congresso-mondiale-ipnosi-2017-1.png 952w, https:\/\/www.neurolinguistic.com\/blog\/wp-content\/uploads\/congresso-mondiale-ipnosi-2017-1-300x157.png 300w, https:\/\/www.neurolinguistic.com\/blog\/wp-content\/uploads\/congresso-mondiale-ipnosi-2017-1-768x402.png 768w\" sizes=\"auto, (max-width: 952px) 100vw, 952px\" \/><\/h2>\n<form action=\"https:\/\/www.paypal.com\/cgi-bin\/webscr\" method=\"post\" target=\"_top\">\n<h1 style=\"text-align: center;\"><strong><span style=\"color: #ff0000;\">Il Congresso \u00e8 SOLD OUT<\/span><\/strong><\/h1>\n<\/form>\n<h2 style=\"text-align: center;\">Contatti: europeenneuniversite@gmail.com &#8211;\u00a006 94806601<\/h2>\n<h2 style=\"text-align: center;\">CONGRESSO MONDIALE<\/h2>\n<p style=\"text-align: center;\"><strong>Tema:<\/strong><\/p>\n<p style=\"text-align: center;\"><strong>Utilizzi Pratici dell&#8217;Ipnosi Verbale e dell&#8217;ipnosi Non Verbale<\/strong><\/p>\n<h2 style=\"text-align: center;\">i massimi esperti di IPNOSI verbale e IPNOSI NON verbale si incontrano con<br \/>\nSEMINARI PRATICI dove imparerai:<\/h2>\n<\/div>\n<\/div>\n<div id=\"le_body_row_1_col_1_el_4\" class=\"element-container cf\">\n<div class=\"element\">\n<ol id=\"step-graphic-3df9dac73b963c74adccfd6b0d35bc50\" class=\"step-graphic-style-1\">\n<li><strong>Tecniche di Ipnosi da tutto il Mondo con approfondimenti specifici studiati dai relatori per \u00a0essere presentati in questo CONGRESSO.<\/strong> E&#8217; un&#8217;occasione unica dove puoi imparare tanti metodi diversi di induzione ipnotica provenienti dal mondo come: Ipnosi Indiana, Ipnosi Occidentale ed Orientale a confronto, Ipnosi Atzeca, Ipnosi Tibetana, Ipnosi Tradizionale ed Ipnosi Moderna a confronto<\/li>\n<li><strong>Tecniche UNICHE DI QUESTO CONGRESSO<\/strong>. infatti uno dei temi di questo congresso \u00e8 che in quest&#8217;occasione scoprirai non solo la dimensione VERBALE dell&#8217;IPNOSI come quella espressa da MILTON ERICKSON e dalla PNL, ma questo Congresso presenter\u00e0 anche <strong>tecniche non reperibili altrove<\/strong> legate all&#8217;IPNOSI NON VERBALE di FASCINAZIONE IPNOTICA \u00a0CON LO SGUARDO, IPNOSI SIMBOLICA COL TOCCO, e TECNICHE DI IPNOSI MAGNETICA PARETIANA\u00a0<strong>reperibili solo<\/strong> durante questa iniziativa.<\/li>\n<li><strong>Tanta esperienza di IPNOSI ma non solo&#8230; vi saranno infatti anche esperienze di tecniche affini all&#8217;ipnosi e che possono essere COMPLEMENTARI come la COMUNICAZIONE NON VERBALE ed il MAGNETISMO in PRATICA.<\/strong> L&#8217;evento \u00e8 altamente caratterizzato dalla pratica, ogni relatore parler\u00e0 infatti di: tecniche spiegate di induzione, protocolli di ipnosi, ipnosi di gruppo, dimostrazioni, esercizi ed esperienze pratiche<\/li>\n<li><strong>Profonde esperienze EMOZIONALI che potrai vivere solo qui<\/strong>. Con l&#8217;IPNOSI SIMBOLICA e l&#8217;ipnosi BENEMEGLIANA tramite la CNV<\/li>\n<li><strong>Ipnosi oltre la (ex) CORTINA DI FERRO.<\/strong> Con IVO Velichkov direttamente dalla BULGARIA ed esperto non solo in Ipnosi ma anche della sua applicazione alle Arti Marziali<\/li>\n<li><strong>Ipnosi RAPIDA<\/strong>. Parecchi esperti mostreranno le loro tecniche di <strong>IPNOSI RAPIDA <\/strong>nonch\u00e8 scoprirai la<strong> FASCINAZIONE per L&#8217;IPNOSI RAPIDA<\/strong><\/li>\n<li><strong>Ipnosi ISTANTANEA.<\/strong> Varie tecniche di ipnosi istantanea<\/li>\n<li><strong>TRANCE PROFONDA<\/strong>. Cosa \u00e8, come si pu\u00f2 approfondirla, tante maniere diverse&#8230; vedrai il VERO sonnambulismo<\/li>\n<li>Una tecnica simile all&#8217;Ipnosi: IL <strong>CARISMA MAGNETICO <\/strong>che pu\u00f2 essere utile fin dall&#8217;inizio all&#8217;operatore<\/li>\n<li><strong>AMBITO PROFESSIONALE<\/strong>\u00a0: per il PESO, il FUMO e la pratica Professionale in genere, scoprendo approcci che neppure pensavi esistessero<\/li>\n<li><strong>REGRESSIONI<\/strong>: per scoprire veramente s\u00e8 stessi. Anche Regressioni con Metodi NON VERBALI<\/li>\n<li>\n<div>\n<p class=\"heading\"><strong>Ipnosi Medica e Biologia della Mente.<\/strong> L&#8217;ipnosi \u00e8 un processo naturale in grado di influenzare in modo significativo emozioni, pensieri e comportamenti. Oggi, questo ha una spiegazione scientifica. L&#8217;ipnosi pu\u00f2 di fatto innescare dei processi di cura del proprio corpo fisico e della propria salute fisica e psicologica. Medici, psicologi ed altri esperti ti sveleranno questo processo<\/p>\n<\/div>\n<\/li>\n<li><strong>Ipnoterapia Scientifica.<\/strong>\u00a0Uno tra i tanti ospiti speciali di questa edizione \u00e8 Tom Silver (USA) uno dei pi\u00f9 noti ipnologi al mondo, che porter\u00e0 il tema della Ipnoterapia Scientifica e delle Induzioni fisiche istantanea<\/li>\n<li><strong>Esercitazioni pratiche.<\/strong> I biglietti Silver e Gold consentono l&#8217;accesso ad ulteriori attivit\u00e0 a cerchia ristretta con gli ipnologi pi\u00f9 noti in ambito internazionale. Si tratta di aule speciali dove si pu\u00f2 fare esclusivamente pratica ed imparare l&#8217;ipnosi<\/li>\n<\/ol>\n<p>Un Congresso per<\/p>\n<ul>\n<li>Scoprire nuove strategie e programmi di successo<\/li>\n<li>Una POTENTE esperienza PERSONALE e PROFESSIONALE che rimarr\u00e0 con te per sempre<\/li>\n<li>se sei un professionsita troverai quanto aumenti la tua confidenza mentre pratichi e personalmente potrai avere maggiore carisma<\/li>\n<li>Naturalmente guadagnerai di pi\u00f9 se sei un professionista dopo questa esperienza realmente dirompente<\/li>\n<li>Conoscerai gente nuova con interessi simili creando connessioni<\/li>\n<li>Potrai scegliere tra 16 presentazioni<\/li>\n<li>Sarai parte della nostra comunit\u00e0 con persone che la pensano come te<\/li>\n<li>Ti ricaricherai spiritualmente<\/li>\n<li>Saprai come operare nel quadro LEGALE<\/li>\n<li>Quanto seguirai sar\u00e0 anche valido come ECP dell&#8217;associazione di Categoria<\/li>\n<li>Scoprire come gli altri risolvono le situazioni<\/li>\n<li>Scopriari nuove possibilit\u00e0<\/li>\n<li>Lascerai da parte molte credenze limitanti<\/li>\n<li>Incontrari leader, educatori, esperi, colleghi<\/li>\n<li>Ed imparerai semplici ed efficaci metodi per la crescita personale e per il tuo sviluppo<\/li>\n<\/ul>\n<div id=\"le_body_row_1_col_1_el_5\" class=\"element-container cf\">\n<div class=\"element\">\n<h2 style=\"text-align: center;\">Roma, 16-17-18 Giugno 2017<\/h2>\n<h2 style=\"text-align: center;\">Sede: Hotel Oly &#8211; via del Santuario Regina degli Apostoli 36<\/h2>\n<\/div>\n<\/div>\n<div id=\"le_body_row_1_col_1_el_6\" class=\"element-container cf\">\n<div class=\"element\">\n<div class=\"image-caption\"><img decoding=\"async\" class=\"full-width\" src=\"http:\/\/vitale6.simply-webspace.it\/wp-content\/uploads\/2015\/06\/roma.png\" alt=\"\" border=\"0\" \/><\/div>\n<\/div>\n<\/div>\n<\/div>\n<\/div>\n<div id=\"le_body_row_1_col_1_el_5\" class=\"element-container cf\">\n<div class=\"element\">\n<h2 style=\"text-align: center;\">Tom Silver sar\u00e0 l&#8217;ospite speciale del Congresso Mondiale d&#8217;Ipnosi (4 ore)<\/h2>\n<\/div>\n<\/div>\n<div id=\"le_body_row_1_col_1_el_6\" class=\"element-container cf\">\n<div class=\"element\">\n<div id=\"op_img_text_aside_op_assets_core_img_text_aside_8dcc86015501358d1ffa347549d1349f\" class=\"image-text-style-1\">\n<p><span class=\"image-text-style-img-container\"><img loading=\"lazy\" decoding=\"async\" class=\"scale-with-grid aligncenter\" src=\"http:\/\/vitale6.simply-webspace.it\/wp-content\/uploads\/2017\/01\/tom-silver-300x265.png\" width=\"300\" height=\"265\" \/><\/span><\/p>\n<h3 style=\"text-align: center;\">Scientific Hypnotherapy<\/h3>\n<p style=\"text-align: center;\">\u00e8 considerato il\u00a0<strong>massimo esperto mondiale<\/strong> di tecniche di ipnosi rapida. Fondatore\u00a0Hypnosis University in Oregon (USA).\u00a0E&#8217; sostenitore dell&#8217;Ipnoterapia Scientifica<\/p>\n<p style=\"text-align: center;\">ed \u00e8 l&#8217;ideatore dell&#8217;Emotion Replacement Therapy, ed EEG Hypnotherapy per il trattamento rapido di fobie,\u00a0dipendenza, depressione, disturbi alimentari. Durante il Congresso Mondiale d&#8217;Ipnosi ti mostrer\u00e0 questi approcci e molto altro nel suo\u00a0intervento di <strong>4 ore<\/strong>. Autore di Testi Scientifici e Dimostrativi sull&#8217;Ipnoterapia tradotti in tutto il mondo<\/p>\n<h2 style=\"text-align: center;\">La Squadra Internazionale dei Trainer<\/h2>\n\n<\/div>\n<\/div>\n<\/div>\n<\/div>\n<\/div>\n<\/div>\n<div id=\"le_body_row_3\" class=\"row one-column cf ui-sortable\">\n<div class=\"fixed-width\">\n<div id=\"le_body_row_3_col_1\" class=\"one-column column cols\">\n<div id=\"le_body_row_3_col_1_el_1\" class=\"element-container cf\">\n<div class=\"element\">\n<h2 style=\"text-align: center;\"><a href=\"https:\/\/docs.google.com\/spreadsheets\/d\/1sNAGeIOzr8S7aQqq1jN7bu40qdm3mAYLjycIfxBXjak\/export?format=pdf\">&gt;&gt;&gt; Scarica il Programma Completo &lt;&lt;&lt;<\/a><\/h2>\n<h2 style=\"text-align: center;\">Iscriviti al Corso ora!<\/h2>\n<\/div>\n<\/div>\n<div id=\"le_body_row_3_col_1_el_2\" class=\"element-container cf\">\n<div class=\"element\">\n<ul class=\"feature-block feature-block-style-2 feature-block-three-col cf\">\n<li><span class=\"feature-block-2-img-container\"><img loading=\"lazy\" decoding=\"async\" class=\"feature-block-2 aligncenter\" src=\"http:\/\/vitale6.simply-webspace.it\/wp-content\/uploads\/2017\/01\/biglietto-bronzo-300x156.jpg\" width=\"146\" height=\"76\" \/><\/span><br \/>\n<h2 style=\"text-align: center;\"><strong>Biglietto Bronzo &#8211; \u20ac139<\/strong><\/h2>\n<p style=\"text-align: center;\">Accesso alla Sala Congresso \u2013 20 ore di formazione<\/p>\n<\/li>\n<\/ul>\n<div>\n<p><span class=\"feature-block-2-img-container\"><img loading=\"lazy\" decoding=\"async\" class=\"feature-block-2 aligncenter\" src=\"http:\/\/vitale6.simply-webspace.it\/wp-content\/uploads\/2017\/01\/biglietto-argento-300x156.png\" width=\"140\" height=\"73\" \/><\/span><\/p>\n<h2 style=\"text-align: center;\">Biglietto Argento &#8211; \u20ac265<\/h2>\n<p style=\"text-align: center;\">accesso libero in sala Congresso e Sale Esercitazioni \u2013\u00a0scelta possibile tra 48 diverse ore di formazione<\/p>\n<\/div>\n<p>&nbsp;<\/p>\n<div>\n<p><span class=\"feature-block-2-img-container\"><img loading=\"lazy\" decoding=\"async\" class=\"feature-block-2 aligncenter\" src=\"http:\/\/vitale6.simply-webspace.it\/wp-content\/uploads\/2017\/01\/biglietto-oro-300x156.jpg\" width=\"148\" height=\"77\" \/><\/span><\/p>\n<h2 style=\"text-align: center;\"><strong>Biglietto Oro &#8211; \u20ac365<\/strong><\/h2>\n<p style=\"text-align: center;\">accesso libero in sala Congresso e Sale Esercitazioni \u2013\u00a0scelta possibile tra 48 diverse ore di formazione \u2013\u00a0posto a sedere nelle prime due file garantito<\/p>\n<\/div>\n<\/div>\n<\/div>\n<div id=\"le_body_row_3_col_1_el_3\" class=\"element-container cf\">\n<div class=\"element\">\n<h2 style=\"text-align: center;\">Biglietto Bronzo scontato del 20% per gruppi di almeno 3 persone \u20ac333<\/h2>\n<\/div>\n<\/div>\n<div id=\"le_body_row_3_col_1_el_6\" class=\"element-container cf\">\n<div class=\"element\">\n<h2 style=\"text-align: center;\">La quota include<\/h2>\n<\/div>\n<\/div>\n<div id=\"le_body_row_3_col_1_el_7\" class=\"element-container cf\">\n<div class=\"element\">\n<ul class=\"feature-block feature-block-style-2 feature-block-three-col cf\">\n<li>3 giornate di formazione in Ipnosi<\/li>\n<li>Materiale Didattico<\/li>\n<li>Traduzione in Italiano per le lezioni dei relatori esteri<\/li>\n<li>Attestato Internazionale\u00a0di Ipnosi<br \/>\n<img loading=\"lazy\" decoding=\"async\" src=\"https:\/\/www.paypalobjects.com\/en_GB\/i\/scr\/pixel.gif\" alt=\"\" width=\"1\" height=\"1\" border=\"0\" \/><\/li>\n<li>\n<form action=\"https:\/\/www.paypal.com\/cgi-bin\/webscr\" method=\"post\" target=\"_top\"><input name=\"cmd\" type=\"hidden\" value=\"_s-xclick\" \/><\/form>\n<form action=\"https:\/\/www.paypal.com\/cgi-bin\/webscr\" method=\"post\" target=\"_top\">\n<h1 style=\"text-align: center;\"><strong><span style=\"color: #ff0000;\">Il Congresso \u00e8 SOLD OUT<\/span><\/strong><\/h1>\n<\/form>\n<form action=\"https:\/\/www.paypal.com\/cgi-bin\/webscr\" method=\"post\" target=\"_top\">\n<h2 style=\"text-align: center;\">Contatti: europeenneuniversite@gmail.com &#8211;\u00a006 94806601<\/h2>\n<p><img loading=\"lazy\" decoding=\"async\" src=\"https:\/\/www.paypalobjects.com\/it_IT\/i\/scr\/pixel.gif\" alt=\"\" width=\"1\" height=\"1\" border=\"0\" \/><\/p>\n<\/form>\n<h2 style=\"text-align: center;\">Contatti: europeenneuniversite@gmail.com &#8211;\u00a006 94806601<\/h2>\n<\/li>\n<\/ul>\n<\/div>\n<\/div>\n<\/div>\n<\/div>\n<\/div>\n","protected":false},"excerpt":{"rendered":"<p>Il Congresso &egrave; SOLD OUT Contatti: europeenneuniversite@gmail.com &ndash;&nbsp;06 94806601 CONGRESSO MONDIALE Tema: Utilizzi Pratici dell&rsquo;Ipnosi Verbale e dell&rsquo;ipnosi Non Verbale i massimi esperti di IPNOSI verbale e IPNOSI NON verbale si incontrano con SEMINARI PRATICI dove imparerai: Tecniche di Ipnosi da tutto il Mondo con approfondimenti specifici studiati dai relatori per &nbsp;essere presentati in questo [&hellip;]<\/p>\n","protected":false},"author":1,"featured_media":1939,"parent":0,"menu_order":0,"comment_status":"closed","ping_status":"closed","template":"sptemplate-13.php","meta":{"footnotes":""},"class_list":["post-1982","page","type-page","status-publish","has-post-thumbnail","hentry"],"yoast_head":"<!-- This site is optimized with the Yoast SEO plugin v27.2 - https:\/\/yoast.com\/product\/yoast-seo-wordpress\/ -->\n<title>Congresso Mondiale di Ipnosi - Roma, 2017 &#8211; Universit\u00e9 Europ\u00e9enne - ISI-CNV<\/title>\n<meta name=\"robots\" content=\"index, follow, max-snippet:-1, max-image-preview:large, max-video-preview:-1\" \/>\n<link rel=\"canonical\" href=\"https:\/\/www.neurolinguistic.com\/blog\/pagina-corso\/\" \/>\n<meta property=\"og:locale\" content=\"it_IT\" \/>\n<meta property=\"og:type\" content=\"article\" \/>\n<meta property=\"og:title\" content=\"Congresso Mondiale di Ipnosi - Roma, 2017 &#8211; Universit\u00e9 Europ\u00e9enne - ISI-CNV\" \/>\n<meta property=\"og:description\" content=\"Il Congresso &egrave; SOLD OUT Contatti: europeenneuniversite@gmail.com &ndash;&nbsp;06 94806601 CONGRESSO MONDIALE Tema: Utilizzi Pratici dell&rsquo;Ipnosi Verbale e dell&rsquo;ipnosi Non Verbale i massimi esperti di IPNOSI verbale e IPNOSI NON verbale si incontrano con SEMINARI PRATICI dove imparerai: Tecniche di Ipnosi da tutto il Mondo con approfondimenti specifici studiati dai relatori per &nbsp;essere presentati in questo [&hellip;]\" \/>\n<meta property=\"og:url\" content=\"https:\/\/www.neurolinguistic.com\/blog\/pagina-corso\/\" \/>\n<meta property=\"og:site_name\" content=\"Universit\u00e9 Europ\u00e9enne - ISI-CNV\" \/>\n<meta property=\"article:publisher\" content=\"https:\/\/www.facebook.com\/ipnositecniche\" \/>\n<meta property=\"article:modified_time\" content=\"2017-06-13T11:07:51+00:00\" \/>\n<meta property=\"og:image\" content=\"https:\/\/www.neurolinguistic.com\/blog\/wp-content\/uploads\/congresso-mondiale-ipnosi-2017-1.png\" \/>\n\t<meta property=\"og:image:width\" content=\"952\" \/>\n\t<meta property=\"og:image:height\" content=\"498\" \/>\n\t<meta property=\"og:image:type\" content=\"image\/png\" \/>\n<meta name=\"twitter:card\" content=\"summary_large_image\" \/>\n<meta name=\"twitter:label1\" content=\"Tempo di lettura stimato\" \/>\n\t<meta name=\"twitter:data1\" content=\"4 minuti\" \/>\n<script type=\"application\/ld+json\" class=\"yoast-schema-graph\">{\"@context\":\"https:\/\/schema.org\",\"@graph\":[{\"@type\":\"WebPage\",\"@id\":\"https:\/\/www.neurolinguistic.com\/blog\/pagina-corso\/\",\"url\":\"https:\/\/www.neurolinguistic.com\/blog\/pagina-corso\/\",\"name\":\"Congresso Mondiale di Ipnosi - Roma, 2017 &#8211; Universit\u00e9 Europ\u00e9enne - ISI-CNV\",\"isPartOf\":{\"@id\":\"https:\/\/www.neurolinguistic.com\/blog\/#website\"},\"primaryImageOfPage\":{\"@id\":\"https:\/\/www.neurolinguistic.com\/blog\/pagina-corso\/#primaryimage\"},\"image\":{\"@id\":\"https:\/\/www.neurolinguistic.com\/blog\/pagina-corso\/#primaryimage\"},\"thumbnailUrl\":\"https:\/\/www.neurolinguistic.com\/blog\/wp-content\/uploads\/congresso-mondiale-ipnosi-2017-1.png\",\"datePublished\":\"2017-03-10T17:34:10+00:00\",\"dateModified\":\"2017-06-13T11:07:51+00:00\",\"breadcrumb\":{\"@id\":\"https:\/\/www.neurolinguistic.com\/blog\/pagina-corso\/#breadcrumb\"},\"inLanguage\":\"it-IT\",\"potentialAction\":[{\"@type\":\"ReadAction\",\"target\":[\"https:\/\/www.neurolinguistic.com\/blog\/pagina-corso\/\"]}]},{\"@type\":\"ImageObject\",\"inLanguage\":\"it-IT\",\"@id\":\"https:\/\/www.neurolinguistic.com\/blog\/pagina-corso\/#primaryimage\",\"url\":\"https:\/\/www.neurolinguistic.com\/blog\/wp-content\/uploads\/congresso-mondiale-ipnosi-2017-1.png\",\"contentUrl\":\"https:\/\/www.neurolinguistic.com\/blog\/wp-content\/uploads\/congresso-mondiale-ipnosi-2017-1.png\",\"width\":952,\"height\":498},{\"@type\":\"BreadcrumbList\",\"@id\":\"https:\/\/www.neurolinguistic.com\/blog\/pagina-corso\/#breadcrumb\",\"itemListElement\":[{\"@type\":\"ListItem\",\"position\":1,\"name\":\"Home\",\"item\":\"https:\/\/www.neurolinguistic.com\/blog\/\"},{\"@type\":\"ListItem\",\"position\":2,\"name\":\"Congresso Mondiale di Ipnosi &#8211; Roma, 2017\"}]},{\"@type\":\"WebSite\",\"@id\":\"https:\/\/www.neurolinguistic.com\/blog\/#website\",\"url\":\"https:\/\/www.neurolinguistic.com\/blog\/\",\"name\":\"Universit\u00e9 Europ\u00e9enne - ISI-CNV\",\"description\":\"Articoli, Lezioni Online, Omaggi, Video e molto altro\",\"potentialAction\":[{\"@type\":\"SearchAction\",\"target\":{\"@type\":\"EntryPoint\",\"urlTemplate\":\"https:\/\/www.neurolinguistic.com\/blog\/?s={search_term_string}\"},\"query-input\":{\"@type\":\"PropertyValueSpecification\",\"valueRequired\":true,\"valueName\":\"search_term_string\"}}],\"inLanguage\":\"it-IT\"}]}<\/script>\n<!-- \/ Yoast SEO plugin. -->","yoast_head_json":{"title":"Congresso Mondiale di Ipnosi - Roma, 2017 &#8211; Universit\u00e9 Europ\u00e9enne - ISI-CNV","robots":{"index":"index","follow":"follow","max-snippet":"max-snippet:-1","max-image-preview":"max-image-preview:large","max-video-preview":"max-video-preview:-1"},"canonical":"https:\/\/www.neurolinguistic.com\/blog\/pagina-corso\/","og_locale":"it_IT","og_type":"article","og_title":"Congresso Mondiale di Ipnosi - Roma, 2017 &#8211; Universit\u00e9 Europ\u00e9enne - ISI-CNV","og_description":"Il Congresso &egrave; SOLD OUT Contatti: europeenneuniversite@gmail.com &ndash;&nbsp;06 94806601 CONGRESSO MONDIALE Tema: Utilizzi Pratici dell&rsquo;Ipnosi Verbale e dell&rsquo;ipnosi Non Verbale i massimi esperti di IPNOSI verbale e IPNOSI NON verbale si incontrano con SEMINARI PRATICI dove imparerai: Tecniche di Ipnosi da tutto il Mondo con approfondimenti specifici studiati dai relatori per &nbsp;essere presentati in questo [&hellip;]","og_url":"https:\/\/www.neurolinguistic.com\/blog\/pagina-corso\/","og_site_name":"Universit\u00e9 Europ\u00e9enne - ISI-CNV","article_publisher":"https:\/\/www.facebook.com\/ipnositecniche","article_modified_time":"2017-06-13T11:07:51+00:00","og_image":[{"width":952,"height":498,"url":"https:\/\/www.neurolinguistic.com\/blog\/wp-content\/uploads\/congresso-mondiale-ipnosi-2017-1.png","type":"image\/png"}],"twitter_card":"summary_large_image","twitter_misc":{"Tempo di lettura stimato":"4 minuti"},"schema":{"@context":"https:\/\/schema.org","@graph":[{"@type":"WebPage","@id":"https:\/\/www.neurolinguistic.com\/blog\/pagina-corso\/","url":"https:\/\/www.neurolinguistic.com\/blog\/pagina-corso\/","name":"Congresso Mondiale di Ipnosi - Roma, 2017 &#8211; Universit\u00e9 Europ\u00e9enne - ISI-CNV","isPartOf":{"@id":"https:\/\/www.neurolinguistic.com\/blog\/#website"},"primaryImageOfPage":{"@id":"https:\/\/www.neurolinguistic.com\/blog\/pagina-corso\/#primaryimage"},"image":{"@id":"https:\/\/www.neurolinguistic.com\/blog\/pagina-corso\/#primaryimage"},"thumbnailUrl":"https:\/\/www.neurolinguistic.com\/blog\/wp-content\/uploads\/congresso-mondiale-ipnosi-2017-1.png","datePublished":"2017-03-10T17:34:10+00:00","dateModified":"2017-06-13T11:07:51+00:00","breadcrumb":{"@id":"https:\/\/www.neurolinguistic.com\/blog\/pagina-corso\/#breadcrumb"},"inLanguage":"it-IT","potentialAction":[{"@type":"ReadAction","target":["https:\/\/www.neurolinguistic.com\/blog\/pagina-corso\/"]}]},{"@type":"ImageObject","inLanguage":"it-IT","@id":"https:\/\/www.neurolinguistic.com\/blog\/pagina-corso\/#primaryimage","url":"https:\/\/www.neurolinguistic.com\/blog\/wp-content\/uploads\/congresso-mondiale-ipnosi-2017-1.png","contentUrl":"https:\/\/www.neurolinguistic.com\/blog\/wp-content\/uploads\/congresso-mondiale-ipnosi-2017-1.png","width":952,"height":498},{"@type":"BreadcrumbList","@id":"https:\/\/www.neurolinguistic.com\/blog\/pagina-corso\/#breadcrumb","itemListElement":[{"@type":"ListItem","position":1,"name":"Home","item":"https:\/\/www.neurolinguistic.com\/blog\/"},{"@type":"ListItem","position":2,"name":"Congresso Mondiale di Ipnosi &#8211; Roma, 2017"}]},{"@type":"WebSite","@id":"https:\/\/www.neurolinguistic.com\/blog\/#website","url":"https:\/\/www.neurolinguistic.com\/blog\/","name":"Universit\u00e9 Europ\u00e9enne - ISI-CNV","description":"Articoli, Lezioni Online, Omaggi, Video e molto altro","potentialAction":[{"@type":"SearchAction","target":{"@type":"EntryPoint","urlTemplate":"https:\/\/www.neurolinguistic.com\/blog\/?s={search_term_string}"},"query-input":{"@type":"PropertyValueSpecification","valueRequired":true,"valueName":"search_term_string"}}],"inLanguage":"it-IT"}]}},"_links":{"self":[{"href":"https:\/\/www.neurolinguistic.com\/blog\/wp-json\/wp\/v2\/pages\/1982","targetHints":{"allow":["GET"]}}],"collection":[{"href":"https:\/\/www.neurolinguistic.com\/blog\/wp-json\/wp\/v2\/pages"}],"about":[{"href":"https:\/\/www.neurolinguistic.com\/blog\/wp-json\/wp\/v2\/types\/page"}],"author":[{"embeddable":true,"href":"https:\/\/www.neurolinguistic.com\/blog\/wp-json\/wp\/v2\/users\/1"}],"replies":[{"embeddable":true,"href":"https:\/\/www.neurolinguistic.com\/blog\/wp-json\/wp\/v2\/comments?post=1982"}],"version-history":[{"count":1,"href":"https:\/\/www.neurolinguistic.com\/blog\/wp-json\/wp\/v2\/pages\/1982\/revisions"}],"predecessor-version":[{"id":2111,"href":"https:\/\/www.neurolinguistic.com\/blog\/wp-json\/wp\/v2\/pages\/1982\/revisions\/2111"}],"wp:featuredmedia":[{"embeddable":true,"href":"https:\/\/www.neurolinguistic.com\/blog\/wp-json\/wp\/v2\/media\/1939"}],"wp:attachment":[{"href":"https:\/\/www.neurolinguistic.com\/blog\/wp-json\/wp\/v2\/media?parent=1982"}],"curies":[{"name":"wp","href":"https:\/\/api.w.org\/{rel}","templated":true}]}}