{"id":1610,"date":"2016-03-08T17:23:10","date_gmt":"2016-03-08T17:23:10","guid":{"rendered":"http:\/\/www.neurolinguistic.com\/blog\/?page_id=1610"},"modified":"2016-03-08T17:23:32","modified_gmt":"2016-03-08T17:23:32","slug":"iscrizione-avvenuta","status":"publish","type":"page","link":"https:\/\/www.neurolinguistic.com\/blog\/iscrizione-avvenuta\/","title":{"rendered":"Iscrizione avvenuta"},"content":{"rendered":"<p><span style=\"font-size: 14pt;\">Grazie! Ti \u00e8 stata inviata un&#8217;e-mail con il primo capitolo del corso on-line gratuito. <span style=\"color: #ff0000;\">Il mondo dell&#8217;ipnosi ti affascina?<\/span> Dai un&#8217;occhiata qui di seguito ai nostri Master per <strong><span style=\"color: #025dcc;\">imparare a padroneggiare da\u00a0professionista questa meravigliosa arte.<\/span><\/strong><\/span><\/p>\n<p><img decoding=\"async\" class=\"aligncenter\" src=\"https:\/\/www.neurolinguistic.com\/blog\/wp-content\/themes\/flexsqueeze2\/images\/da_orange2.png\" alt=\"\" \/><\/p>\n<p class=\" ffhead3\"><span style=\"color: #b00000;\">Master professionale\u00a0in PNL, Ipnosi e Coaching. <span style=\"text-decoration: underline;\">Il programma pi\u00f9 completo<\/span> in tecniche d&#8217;ipnosi e olistiche,\u00a0espressamente creato per professionisti che vogliono ottenere il massimo.<\/span><\/p>\n<p class=\" ffbox ffwarning\" style=\"text-align: left;\"><span style=\"font-size: 14pt;\">Compilare il modulo in fondo alla pagina per informazioni e prenotazioni.<\/span><\/p>\n<p class=\" ffhead4\">Un Master in nuove discipline frequentato anche da Medici e Psicologi per l&#8217;approccio scientifico e, contemporaneamente, aperto a tutti gli appassionati di queste materie e a chi progetta di operare nel\u00a0settore.<\/p>\n<p class=\" ffhead4\" style=\"text-align: center;\"><span style=\"color: #808080;\">Corsi ufficialmente autorizzati dalle associazioni di categoria per la formazione di professionisti italiani.<\/span><\/p>\n<p style=\"text-align: justify;\"><strong><span style=\"font-family: trebuchet ms,geneva; font-size: 22px; letter-spacing: -1px; line-height: 115%;\">Certificato di idoneit\u00e0 professionale e assistenza del Sindacato S.I.N.A.P.E. &#8211; C.I.S.L. sia per chi inizia l&#8217;attivit\u00e0 e sia per chi \u00e8 gi\u00e0 operatore e desidera ampliare il suo campo di competenza.<\/span><\/strong><\/p>\n<p style=\"text-align: center;\"><img decoding=\"async\" class=\"aligncenter wp-image-1014\" src=\"https:\/\/www.neurolinguistic.com\/blog\/wp-content\/uploads\/wellness2.jpg\" alt=\"wellness\" \/><\/p>\n<div class=\"fspbanner fspblue\">\n<h3 class=\"softshadow\"><span style=\"color: #ffffff;\">Materie trattate durante il Master:.<\/span><\/h3>\n<\/div>\n<div class=\"fspfooter\"><span style=\"display: none;\">.<\/span><\/div>\n<div class=\"section group\">\n<div class=\"col span_6_of_12\">\n<ul class=\"flexlist greencheck3\">\n<li>Ipnosi verbale ed Ericksoniana.<\/li>\n<li>Ipnosi non verbale.<\/li>\n<li>Ipnosi regressiva.<\/li>\n<li>Mesmerismo, fascinazione e tecniche magnetiche.<\/li>\n<li>Magnetismo Ermetico<\/li>\n<li>Tutte le tipologie d&#8217;induzione verbale e non verbale.<\/li>\n<li>Tecniche d&#8217;induzione speciali per soggetti particolarmente resistenti.<\/li>\n<li>L&#8217;ipnosi e la moderna scienza quantistica.<\/li>\n<\/ul>\n<\/div>\n<div class=\"col span_6_of_12\">\n<ul class=\"flexlist greencheck3\">\n<li>Metodo Esdaile.<\/li>\n<li>Metodo Sichot.<\/li>\n<li>Tecniche di analgesia ipnotica.<\/li>\n<li>Ipnosi e PNL nel trattamento rapido dei disturbi emotivi e dei traumi.<\/li>\n<li>L&#8217;ipnosi nel marketing e in azienda.<\/li>\n<li>L&#8217;ipnosi nello sport.<\/li>\n<li>Coaching per professionisti.<\/li>\n<li>Wellness Coaching.<\/li>\n<li>Nuove fenomenologie ipnotiche.<\/li>\n<\/ul>\n<\/div>\n<\/div>\n<p style=\"font-family: book antiqua,palatino; font-size: 18pt;\"><span style=\"font-family: arial, helvetica, sans-serif;\">Nei seguenti video possiamo vedere una tra le innumerevoli fenomenologie che verranno trattate durante i seminari:<\/span><\/p>\n<p><center><iframe loading=\"lazy\" src=\"https:\/\/www.youtube.com\/embed\/3uocozqjanw?rel=0&amp;showinfo=0\" width=\"639\" height=\"359\" frameborder=\"0\" allowfullscreen=\"allowfullscreen\"><\/iframe><\/center><\/p>\n<div style=\"clear: both; height: 30px;\"><span style=\"display: none;\">.<\/span><\/div>\n<p><center><\/center><center><iframe loading=\"lazy\" src=\"https:\/\/www.youtube.com\/embed\/w_SdOv3pa8w?rel=0&amp;showinfo=0\" width=\"639\" height=\"359\" frameborder=\"0\" allowfullscreen=\"allowfullscreen\"><\/iframe><\/center><\/p>\n<div style=\"clear: both; height: 30px;\"><span style=\"display: none;\">.<\/span><\/div>\n<p><center><\/center><center><iframe loading=\"lazy\" src=\"https:\/\/www.youtube.com\/embed\/KsoDw9-H6Bc?rel=0&amp;showinfo=0\" width=\"639\" height=\"359\" frameborder=\"0\" allowfullscreen=\"allowfullscreen\"><\/iframe><\/center><\/p>\n<p style=\"font-family: 'book antiqua', palatino; font-size: 18pt; text-align: center;\"><span style=\"font-family: arial, helvetica, sans-serif;\">Utilizza queste tecniche in terapia, in ambito commerciale\u00a0o personale e otterrai risultati sorprendenti.<\/span><\/p>\n<p class=\" ffcenterquote\"><span style=\"font-family: arial, helvetica, sans-serif;\">Quest&#8217;anno un&#8217;importante novit\u00e0! <span style=\"color: #b50000;\"><strong>Il personal coaching<\/strong><\/span>. Per chi ha gi\u00e0 frequentato corsi e vuole perfezionarsi\u00a0e per i nuovi allievi che desiderano approfondire argomenti specifici o risolvere problematiche di natura\u00a0personale.<\/span><\/p>\n<p style=\"text-align: center;\"><span style=\"font-family: arial, helvetica, sans-serif; font-size: 24pt;\">Una breve presentazione del Direttore e Docente principale dei Corsi<\/span><\/p>\n<p><img loading=\"lazy\" decoding=\"async\" class=\"alignleft wp-image-897 size-medium\" src=\"https:\/\/www.neurolinguistic.com\/blog\/wp-content\/uploads\/member_7793157-199x300.jpeg\" alt=\"member_7793157\" width=\"199\" height=\"300\" srcset=\"https:\/\/www.neurolinguistic.com\/blog\/wp-content\/uploads\/member_7793157-199x300.jpeg 199w, https:\/\/www.neurolinguistic.com\/blog\/wp-content\/uploads\/member_7793157.jpeg 239w\" sizes=\"auto, (max-width: 199px) 100vw, 199px\" \/><span style=\"font-family: arial, helvetica, sans-serif; font-size: 12pt;\">Sono il Dott Marco Paret ed ho pi\u00f9 di 25 anni di esperienza e ricerca nel settore.\u00a0Sono attualmente uno dei massimi esperti di ipnosi (vedi la homepage in inglese www.marcoparet.com). La mia formazione vanta maestri di indiscutibile lignaggio come il Prof. Erminio di Pisa, Gil Boyne, Ormond Mc Gill (definito il decano degli ipnotisti americani), Tad James e anche personaggi conosciuti solo dagli specialisti come Virgilio T. detto anche \u201cl\u2019ultimo dei fascinatori\u201d. Sono fondatore e direttore dell\u2019istituto \u201cISI-CNV\u201d che da 20 anni ha come mission la divulgazione delle pi\u00f9 potenti tecniche di comunicazione, ipnosi e miglioramento personale e conduco anche attivit\u00e0 di ricerca. Grazie al mio lavoro ho portato alla luce segreti che fino ad oggi erano rimasti gelosamente custoditi. Ho reso questi tesori accessibili a chiunque voglia dare una svolta decisiva alla propria vita e\/o professione. Sono costantemente invitato in varie parti del mondo anche distanti come l\u2019Australia per trasmettere queste conoscenze. Oltre all\u2019ipnosi sono esperto di coaching aziendale, dove utilizzo molti dei miei principii, ed ho lavorato anche per marchi prestigiosi come Ferrari auto, Vodafone, L\u2019Oreal, Marzotto, Telecom e molti altri.<\/span><\/p>\n<p class=\" ffbox ffsuccess\" style=\"text-align: left;\"><span style=\"font-family: arial, helvetica, sans-serif; font-size: 14pt;\">In tutti questi anni migliaia di ricercatori e appassionati hanno vissuto esperienze trasformanti ed estremamente proficue per il loro futuro professionale.<\/span><\/p>\n<p style=\"text-align: center;\"><img loading=\"lazy\" decoding=\"async\" class=\"aligncenter size-full wp-image-1158\" src=\"https:\/\/www.neurolinguistic.com\/blog\/wp-content\/uploads\/classe.jpg\" alt=\"classe\" width=\"586\" height=\"387\" srcset=\"https:\/\/www.neurolinguistic.com\/blog\/wp-content\/uploads\/classe.jpg 586w, https:\/\/www.neurolinguistic.com\/blog\/wp-content\/uploads\/classe-300x198.jpg 300w\" sizes=\"auto, (max-width: 586px) 100vw, 586px\" \/><\/p>\n<p style=\"text-align: justify;\"><em>\u00abL\u2019ipnosi \u00e8 comunicazione. E\u2019 il treno che ci permette di andare a visitare noi stessi\u00bb. Partendo da questa premessa, spostiamo ora l\u2019attenzione sul cervello: l\u2019emisfero destro \u00e8 quello cosiddetto creativo, dei pensieri fantasiosi, elabora i sogni, le informazioni musicali. L\u2019emisfero sinistro \u00e8 specializzato nei pensieri razionali, nella logica, nel linguaggio. \u00abL\u2019ipnosi non fa altro che permettere all\u2019emisfero destro di attivarsi, questo \u00e8 il suo principio\u00bb. Un processo che permettere di \u00abentrare\u00bb in contatto con la parte pi\u00f9 profonda di noi, di conoscersi, di crescere, di avviare delle decise trasformazioni. A parlare di Ipnosi Moderna \u00e8 il dottor Marco Paret, ideatore per quest\u2019estate anche di interessanti seminari-vacanza.<\/em><\/p>\n<p style=\"text-align: right;\"><em>Tratto da &#8220;LA STAMPA WEB BENESSERE&#8221;<\/em><\/p>\n<p style=\"text-align: justify;\"><span style=\"font-family: trebuchet ms,geneva; font-size: 22px; letter-spacing: -1px; line-height: 115%;\">Compila il seguente modulo per farti contattare dal nostro Tutor e ricevere tutte le informazioni utili su corsi, programmi e date di questo percorso formativo unico nel suo genere:<\/span><\/p>\n<p style=\"text-align: justify;\"><strong>Compila il modulo qui sotto per richiede un contatto telefonico con la segreteria ISI-CNV sui Master Annuali di PNL e Ipnosi. <span style=\"color: #ff0000;\">Contattateci se sinceramente interessati.<\/span> Abbiamo moltissime richieste ma rispondiamo a tutti entro pochi giorni.<\/strong><\/p>\n<p style=\"text-align: center;\"><img decoding=\"async\" class=\"aligncenter\" src=\"https:\/\/www.neurolinguistic.com\/blog\/wp-content\/themes\/flexsqueeze150\/images\/da_blue2.png\" alt=\"\" \/><\/p>\n<div class=\"yellowbox aligncenter\" style=\"width: 500px; border-width: 3px; border-style: dashed;\">\n<p style=\"text-align: left;\"><span style=\"font-family: trebuchet ms,geneva; font-size: 22px; letter-spacing: -1px; line-height: 115%;\">S\u00ec grazie voglio essere contattato\/a dalla vs. segreteria per conoscere <strong>modalit\u00e0, quote di iscrizione, sedi e agevolazioni\u00a0<\/strong>per accedere ai Master.<br \/>\n<\/span><\/p>\n\n<div class=\"wpcf7 no-js\" id=\"wpcf7-f1241-o1\" lang=\"it-IT\" dir=\"ltr\" data-wpcf7-id=\"1241\">\n<div class=\"screen-reader-response\"><p role=\"status\" aria-live=\"polite\" aria-atomic=\"true\"><\/p> <ul><\/ul><\/div>\n<form action=\"\/blog\/wp-json\/wp\/v2\/pages\/1610#wpcf7-f1241-o1\" method=\"post\" class=\"wpcf7-form init\" aria-label=\"Modulo di contatto\" novalidate=\"novalidate\" data-status=\"init\">\n<fieldset class=\"hidden-fields-container\"><input type=\"hidden\" name=\"_wpcf7\" value=\"1241\" \/><input type=\"hidden\" name=\"_wpcf7_version\" value=\"6.1.5\" \/><input type=\"hidden\" name=\"_wpcf7_locale\" value=\"it_IT\" \/><input type=\"hidden\" name=\"_wpcf7_unit_tag\" value=\"wpcf7-f1241-o1\" \/><input type=\"hidden\" name=\"_wpcf7_container_post\" value=\"0\" \/><input type=\"hidden\" name=\"_wpcf7_posted_data_hash\" value=\"\" \/><input type=\"hidden\" name=\"_wpcf7dtx_version\" value=\"5.0.5\" \/>\n<\/fieldset>\n<p>Il Tuo Nome (richiesto)\n<\/p>\n<p><span class=\"wpcf7-form-control-wrap\" data-name=\"your-name\"><input size=\"40\" maxlength=\"400\" class=\"wpcf7-form-control wpcf7-text wpcf7-validates-as-required\" aria-required=\"true\" aria-invalid=\"false\" value=\"\" type=\"text\" name=\"your-name\" \/><\/span>\n<\/p>\n<p>La Tua Email (richiesto)\n<\/p>\n<p><span class=\"wpcf7-form-control-wrap\" data-name=\"your-email\"><input size=\"40\" maxlength=\"400\" class=\"wpcf7-form-control wpcf7-email wpcf7-validates-as-required wpcf7-text wpcf7-validates-as-email\" aria-required=\"true\" aria-invalid=\"false\" value=\"\" type=\"email\" name=\"your-email\" \/><\/span>\n<\/p>\n<p>Telefono (richiesto)\n<\/p>\n<p><span class=\"wpcf7-form-control-wrap\" data-name=\"telefono\"><input size=\"40\" maxlength=\"400\" class=\"wpcf7-form-control wpcf7-text wpcf7-validates-as-required\" aria-required=\"true\" aria-invalid=\"false\" value=\"\" type=\"text\" name=\"telefono\" \/><\/span>\n<\/p>\n<p>Citt\u00e0\n<\/p>\n<p><span class=\"wpcf7-form-control-wrap\" data-name=\"cit\"><input size=\"40\" maxlength=\"400\" class=\"wpcf7-form-control wpcf7-text\" aria-invalid=\"false\" value=\"\" type=\"text\" name=\"cit\" \/><\/span>\n<\/p>\n<p>Professione (richiesto)\n<\/p>\n<p><span class=\"wpcf7-form-control-wrap\" data-name=\"professione\"><input size=\"40\" maxlength=\"400\" class=\"wpcf7-form-control wpcf7-text wpcf7-validates-as-required\" aria-required=\"true\" aria-invalid=\"false\" value=\"\" type=\"text\" name=\"professione\" \/><\/span>\n<\/p>\n<p>Data di nascita\n<\/p>\n<p><span class=\"wpcf7-form-control-wrap\" data-name=\"nascita\"><input size=\"40\" maxlength=\"400\" class=\"wpcf7-form-control wpcf7-text\" aria-invalid=\"false\" value=\"\" type=\"text\" name=\"nascita\" \/><\/span>\n<\/p>\n<div style=\"width:345px;\">\n\t<div style=\"float:left; width:193px; padding-right:7px; font-size:13px;\">\n\t\t<p>Hai gi\u00e0 partecipato a corsi di formazione in questo settore?\n\t\t<\/p>\n\t\t<p><span class=\"wpcf7-form-control-wrap\" data-name=\"esperienze\"><span class=\"wpcf7-form-control wpcf7-radio\"><span class=\"wpcf7-list-item first\"><input type=\"radio\" name=\"esperienze\" value=\"S\u00ec\" \/><span class=\"wpcf7-list-item-label\">S\u00ec<\/span><\/span><span class=\"wpcf7-list-item last\"><input type=\"radio\" name=\"esperienze\" value=\"No\" \/><span class=\"wpcf7-list-item-label\">No<\/span><\/span><\/span><\/span>\n\t\t<\/p>\n\t<\/div>\n\t<div style=\"float:right; width:135px; padding-left:7px; border-left:1px solid; height:75px;\">\n\t\t<p>Scegli una sede (richiesto)\n\t\t<\/p>\n\t\t<p><span class=\"wpcf7-form-control-wrap\" data-name=\"sede\"><select class=\"wpcf7-form-control wpcf7-select wpcf7-validates-as-required\" aria-required=\"true\" aria-invalid=\"false\" name=\"sede\"><option value=\"\">&#8212;Seleziona un&#039;opzione&#8212;<\/option><option value=\"Milano\">Milano<\/option><option value=\"Roma\">Roma<\/option><option value=\"Nizza\">Nizza<\/option><\/select><\/span>\n\t\t<\/p>\n\t<\/div>\n<\/div>\n<div style=\"clear:both;\">\n<\/div>\n<p>Motivazioni per cui vuoi partecipare alle nostre iniziative (richiesto):\n<\/p>\n<p><span class=\"wpcf7-form-control-wrap\" data-name=\"motivazioni\"><select class=\"wpcf7-form-control wpcf7-select wpcf7-validates-as-required\" aria-required=\"true\" aria-invalid=\"false\" name=\"motivazioni\"><option value=\"\">&#8212;Seleziona un&#039;opzione&#8212;<\/option><option value=\"Riconversione completa della propria attivit\u00e0 lavorativa\">Riconversione completa della propria attivit\u00e0 lavorativa<\/option><option value=\"Nuovo lavoro\">Nuovo lavoro<\/option><option value=\"Aggiunta di nuove abilit\u00e0\">Aggiunta di nuove abilit\u00e0<\/option><option value=\"Approfondimento professionale\">Approfondimento professionale<\/option><option value=\"Approfondimento personale \/ crescita interiore\">Approfondimento personale \/ crescita interiore<\/option><option value=\"Cultore della materia\">Cultore della materia<\/option><option value=\"Curiosit\u00e0\">Curiosit\u00e0<\/option><option value=\"Altro (specifica nel campo sottostante)\">Altro (specifica nel campo sottostante)<\/option><\/select><\/span>\n<\/p>\n<p>Esperienze precedenti \/ ulteriori motivazioni:\n<\/p>\n<p><span class=\"wpcf7-form-control-wrap\" data-name=\"your-message\"><textarea cols=\"40\" rows=\"10\" maxlength=\"2000\" class=\"wpcf7-form-control wpcf7-textarea\" aria-invalid=\"false\" name=\"your-message\"><\/textarea><\/span>\n<\/p>\n<p>Note:<br \/>\n<span class=\"wpcf7-form-control-wrap\" data-name=\"note\"><textarea cols=\"40\" rows=\"10\" maxlength=\"2000\" class=\"wpcf7-form-control wpcf7-textarea\" aria-invalid=\"false\" name=\"note\"><\/textarea><\/span><br \/>\n(compila questo campo e sarai contattato in maniera PRIORITARIA)\n<\/p>\n<div style=\"display:none; margin-bottom:0px;\">\n\t<p>[AFCF_BB getvar=\"q\"]<span class=\"wpcf7-form-control-wrap\" data-name=\"referer\"><input size=\"40\" maxlength=\"400\" class=\"wpcf7-form-control wpcf7-text\" aria-invalid=\"false\" value=\"\" type=\"text\" name=\"referer\" \/><\/span>[\/AFCF_BB]<br \/>\n<span class=\"wpcf7-form-control-wrap\" data-name=\"referer-page\"><input size=\"40\" maxlength=\"400\" class=\"wpcf7-form-control wpcf7-text referer-page\" aria-invalid=\"false\" value=\"\" type=\"text\" name=\"referer-page\" \/><\/span><br \/>\n\t<span class=\"wpcf7-form-control-wrap geoloc\" data-name=\"geoloc\"><input type=\"hidden\" name=\"geoloc\" class=\"wpcf7-form-control wpcf7-hidden wpcf7dtx wpcf7dtx-hidden\" aria-invalid=\"false\" value=\"geoloc\"><\/span>\n\t<\/p>\n<\/div>\n<p><input class=\"wpcf7-form-control wpcf7-submit has-spinner\" type=\"submit\" value=\"Invia richiesta!\" \/>\n<\/p><div class=\"wpcf7-response-output\" aria-hidden=\"true\"><\/div>\n<\/form>\n<\/div>\n\n<\/div>\n<p style=\"text-align: justify;\"><span style=\"font-family: trebuchet ms,geneva; font-size: 22px; letter-spacing: -1px; line-height: 115%;\"><a href=\"https:\/\/www.neurolinguistic.com\/blog\/wp-content\/uploads\/legge14-01-2013.zip\" target=\"_blank\"><strong>CLICCA QUI<\/strong><\/a> per scaricare il testo completo della Legge\u00a014 gennaio 2013, n. 4 sulle disposizioni in materia di professioni non organizzate. (Pag. 1 Gazzetta Ufficiale del 26 Gennaio 2013).<br \/>\n<\/span><\/p>\n<p style=\"text-align: center;\"><img loading=\"lazy\" decoding=\"async\" class=\"aligncenter wp-image-1010\" src=\"https:\/\/www.neurolinguistic.com\/blog\/wp-content\/uploads\/gazzetta-ufficiale.png\" alt=\"gazzetta-ufficiale\" width=\"555\" height=\"155\" \/><\/p>\n<p style=\"border-bottom-width: 1px; border-bottom-style: solid; border-bottom-color: #dddddd; border-top-width: 1px; border-top-style: solid; border-top-color: #dddddd; padding-bottom: 8px; margin: 20px 0px; text-align: center;\"><span style=\"font-family: tahoma,arial,helvetica,sans-serif; font-size: 32px; letter-spacing: -1px; line-height: 115%; font-weight: bold; color: #444;\">Certificazioni conseguibili<\/span><\/p>\n<ul class=\"greencheckbox\" style=\"font-size: 18px;\">\n<li><strong>Basic Hypnotist<\/strong><\/li>\n<li><strong>Advanced Hypnotherapist<\/strong><\/li>\n<li><strong>Mental Coach<\/strong><\/li>\n<li><strong>Master Mental Coach<\/strong><\/li>\n<li><strong>Business Coach<\/strong><\/li>\n<li><strong>Master Business Coach<\/strong><\/li>\n<\/ul>\n<p style=\"text-align: center;\"><img decoding=\"async\" class=\"aligncenter\" style=\"width: 100%;\" src=\"https:\/\/www.neurolinguistic.com\/blog\/wp-content\/themes\/flexsqueeze2\/images\/dividers\/clear-bubble.png\" alt=\"\" \/><\/p>\n<p style=\"text-align: center;\">IHI in partnership with Universit\u00e9 Europ\u00e9enne 788-790 FINCHLEY ROAD London<\/p>\n","protected":false},"excerpt":{"rendered":"<p>Grazie! Ti &egrave; stata inviata un&rsquo;e-mail con il primo capitolo del corso on-line gratuito. Il mondo dell&rsquo;ipnosi ti affascina? Dai un&rsquo;occhiata qui di seguito ai nostri Master per imparare a padroneggiare da&nbsp;professionista questa meravigliosa arte. Master professionale&nbsp;in PNL, Ipnosi e Coaching. Il programma pi&ugrave; completo in tecniche d&rsquo;ipnosi e olistiche,&nbsp;espressamente creato per professionisti che vogliono [&hellip;]<\/p>\n","protected":false},"author":1,"featured_media":0,"parent":0,"menu_order":0,"comment_status":"closed","ping_status":"closed","template":"sptemplate-13.php","meta":{"footnotes":""},"class_list":["post-1610","page","type-page","status-publish","hentry"],"yoast_head":"<!-- This site is optimized with the Yoast SEO plugin v27.2 - https:\/\/yoast.com\/product\/yoast-seo-wordpress\/ -->\n<title>Iscrizione avvenuta &#8211; Universit\u00e9 Europ\u00e9enne - ISI-CNV<\/title>\n<meta name=\"robots\" content=\"index, follow, max-snippet:-1, max-image-preview:large, max-video-preview:-1\" \/>\n<link rel=\"canonical\" href=\"https:\/\/www.neurolinguistic.com\/blog\/iscrizione-avvenuta\/\" \/>\n<meta property=\"og:locale\" content=\"it_IT\" \/>\n<meta property=\"og:type\" content=\"article\" \/>\n<meta property=\"og:title\" content=\"Iscrizione avvenuta &#8211; Universit\u00e9 Europ\u00e9enne - ISI-CNV\" \/>\n<meta property=\"og:description\" content=\"Grazie! Ti &egrave; stata inviata un&rsquo;e-mail con il primo capitolo del corso on-line gratuito. Il mondo dell&rsquo;ipnosi ti affascina? Dai un&rsquo;occhiata qui di seguito ai nostri Master per imparare a padroneggiare da&nbsp;professionista questa meravigliosa arte. Master professionale&nbsp;in PNL, Ipnosi e Coaching. Il programma pi&ugrave; completo in tecniche d&rsquo;ipnosi e olistiche,&nbsp;espressamente creato per professionisti che vogliono [&hellip;]\" \/>\n<meta property=\"og:url\" content=\"https:\/\/www.neurolinguistic.com\/blog\/iscrizione-avvenuta\/\" \/>\n<meta property=\"og:site_name\" content=\"Universit\u00e9 Europ\u00e9enne - ISI-CNV\" \/>\n<meta property=\"article:publisher\" content=\"https:\/\/www.facebook.com\/ipnositecniche\" \/>\n<meta property=\"article:modified_time\" content=\"2016-03-08T17:23:32+00:00\" \/>\n<meta property=\"og:image\" content=\"https:\/\/www.neurolinguistic.com\/blog\/wp-content\/themes\/flexsqueeze2\/images\/da_orange2.png\" \/>\n<meta name=\"twitter:card\" content=\"summary_large_image\" \/>\n<meta name=\"twitter:label1\" content=\"Tempo di lettura stimato\" \/>\n\t<meta name=\"twitter:data1\" content=\"4 minuti\" \/>\n<script type=\"application\/ld+json\" class=\"yoast-schema-graph\">{\"@context\":\"https:\/\/schema.org\",\"@graph\":[{\"@type\":\"WebPage\",\"@id\":\"https:\/\/www.neurolinguistic.com\/blog\/iscrizione-avvenuta\/\",\"url\":\"https:\/\/www.neurolinguistic.com\/blog\/iscrizione-avvenuta\/\",\"name\":\"Iscrizione avvenuta &#8211; Universit\u00e9 Europ\u00e9enne - ISI-CNV\",\"isPartOf\":{\"@id\":\"https:\/\/www.neurolinguistic.com\/blog\/#website\"},\"primaryImageOfPage\":{\"@id\":\"https:\/\/www.neurolinguistic.com\/blog\/iscrizione-avvenuta\/#primaryimage\"},\"image\":{\"@id\":\"https:\/\/www.neurolinguistic.com\/blog\/iscrizione-avvenuta\/#primaryimage\"},\"thumbnailUrl\":\"https:\/\/www.neurolinguistic.com\/blog\/wp-content\/themes\/flexsqueeze2\/images\/da_orange2.png\",\"datePublished\":\"2016-03-08T17:23:10+00:00\",\"dateModified\":\"2016-03-08T17:23:32+00:00\",\"breadcrumb\":{\"@id\":\"https:\/\/www.neurolinguistic.com\/blog\/iscrizione-avvenuta\/#breadcrumb\"},\"inLanguage\":\"it-IT\",\"potentialAction\":[{\"@type\":\"ReadAction\",\"target\":[\"https:\/\/www.neurolinguistic.com\/blog\/iscrizione-avvenuta\/\"]}]},{\"@type\":\"ImageObject\",\"inLanguage\":\"it-IT\",\"@id\":\"https:\/\/www.neurolinguistic.com\/blog\/iscrizione-avvenuta\/#primaryimage\",\"url\":\"https:\/\/www.neurolinguistic.com\/blog\/wp-content\/themes\/flexsqueeze2\/images\/da_orange2.png\",\"contentUrl\":\"https:\/\/www.neurolinguistic.com\/blog\/wp-content\/themes\/flexsqueeze2\/images\/da_orange2.png\"},{\"@type\":\"BreadcrumbList\",\"@id\":\"https:\/\/www.neurolinguistic.com\/blog\/iscrizione-avvenuta\/#breadcrumb\",\"itemListElement\":[{\"@type\":\"ListItem\",\"position\":1,\"name\":\"Home\",\"item\":\"https:\/\/www.neurolinguistic.com\/blog\/\"},{\"@type\":\"ListItem\",\"position\":2,\"name\":\"Iscrizione avvenuta\"}]},{\"@type\":\"WebSite\",\"@id\":\"https:\/\/www.neurolinguistic.com\/blog\/#website\",\"url\":\"https:\/\/www.neurolinguistic.com\/blog\/\",\"name\":\"Universit\u00e9 Europ\u00e9enne - ISI-CNV\",\"description\":\"Articoli, Lezioni Online, Omaggi, Video e molto altro\",\"potentialAction\":[{\"@type\":\"SearchAction\",\"target\":{\"@type\":\"EntryPoint\",\"urlTemplate\":\"https:\/\/www.neurolinguistic.com\/blog\/?s={search_term_string}\"},\"query-input\":{\"@type\":\"PropertyValueSpecification\",\"valueRequired\":true,\"valueName\":\"search_term_string\"}}],\"inLanguage\":\"it-IT\"}]}<\/script>\n<!-- \/ Yoast SEO plugin. -->","yoast_head_json":{"title":"Iscrizione avvenuta &#8211; Universit\u00e9 Europ\u00e9enne - ISI-CNV","robots":{"index":"index","follow":"follow","max-snippet":"max-snippet:-1","max-image-preview":"max-image-preview:large","max-video-preview":"max-video-preview:-1"},"canonical":"https:\/\/www.neurolinguistic.com\/blog\/iscrizione-avvenuta\/","og_locale":"it_IT","og_type":"article","og_title":"Iscrizione avvenuta &#8211; Universit\u00e9 Europ\u00e9enne - ISI-CNV","og_description":"Grazie! Ti &egrave; stata inviata un&rsquo;e-mail con il primo capitolo del corso on-line gratuito. Il mondo dell&rsquo;ipnosi ti affascina? Dai un&rsquo;occhiata qui di seguito ai nostri Master per imparare a padroneggiare da&nbsp;professionista questa meravigliosa arte. Master professionale&nbsp;in PNL, Ipnosi e Coaching. Il programma pi&ugrave; completo in tecniche d&rsquo;ipnosi e olistiche,&nbsp;espressamente creato per professionisti che vogliono [&hellip;]","og_url":"https:\/\/www.neurolinguistic.com\/blog\/iscrizione-avvenuta\/","og_site_name":"Universit\u00e9 Europ\u00e9enne - ISI-CNV","article_publisher":"https:\/\/www.facebook.com\/ipnositecniche","article_modified_time":"2016-03-08T17:23:32+00:00","og_image":[{"url":"https:\/\/www.neurolinguistic.com\/blog\/wp-content\/themes\/flexsqueeze2\/images\/da_orange2.png","type":"","width":"","height":""}],"twitter_card":"summary_large_image","twitter_misc":{"Tempo di lettura stimato":"4 minuti"},"schema":{"@context":"https:\/\/schema.org","@graph":[{"@type":"WebPage","@id":"https:\/\/www.neurolinguistic.com\/blog\/iscrizione-avvenuta\/","url":"https:\/\/www.neurolinguistic.com\/blog\/iscrizione-avvenuta\/","name":"Iscrizione avvenuta &#8211; Universit\u00e9 Europ\u00e9enne - ISI-CNV","isPartOf":{"@id":"https:\/\/www.neurolinguistic.com\/blog\/#website"},"primaryImageOfPage":{"@id":"https:\/\/www.neurolinguistic.com\/blog\/iscrizione-avvenuta\/#primaryimage"},"image":{"@id":"https:\/\/www.neurolinguistic.com\/blog\/iscrizione-avvenuta\/#primaryimage"},"thumbnailUrl":"https:\/\/www.neurolinguistic.com\/blog\/wp-content\/themes\/flexsqueeze2\/images\/da_orange2.png","datePublished":"2016-03-08T17:23:10+00:00","dateModified":"2016-03-08T17:23:32+00:00","breadcrumb":{"@id":"https:\/\/www.neurolinguistic.com\/blog\/iscrizione-avvenuta\/#breadcrumb"},"inLanguage":"it-IT","potentialAction":[{"@type":"ReadAction","target":["https:\/\/www.neurolinguistic.com\/blog\/iscrizione-avvenuta\/"]}]},{"@type":"ImageObject","inLanguage":"it-IT","@id":"https:\/\/www.neurolinguistic.com\/blog\/iscrizione-avvenuta\/#primaryimage","url":"https:\/\/www.neurolinguistic.com\/blog\/wp-content\/themes\/flexsqueeze2\/images\/da_orange2.png","contentUrl":"https:\/\/www.neurolinguistic.com\/blog\/wp-content\/themes\/flexsqueeze2\/images\/da_orange2.png"},{"@type":"BreadcrumbList","@id":"https:\/\/www.neurolinguistic.com\/blog\/iscrizione-avvenuta\/#breadcrumb","itemListElement":[{"@type":"ListItem","position":1,"name":"Home","item":"https:\/\/www.neurolinguistic.com\/blog\/"},{"@type":"ListItem","position":2,"name":"Iscrizione avvenuta"}]},{"@type":"WebSite","@id":"https:\/\/www.neurolinguistic.com\/blog\/#website","url":"https:\/\/www.neurolinguistic.com\/blog\/","name":"Universit\u00e9 Europ\u00e9enne - ISI-CNV","description":"Articoli, Lezioni Online, Omaggi, Video e molto altro","potentialAction":[{"@type":"SearchAction","target":{"@type":"EntryPoint","urlTemplate":"https:\/\/www.neurolinguistic.com\/blog\/?s={search_term_string}"},"query-input":{"@type":"PropertyValueSpecification","valueRequired":true,"valueName":"search_term_string"}}],"inLanguage":"it-IT"}]}},"_links":{"self":[{"href":"https:\/\/www.neurolinguistic.com\/blog\/wp-json\/wp\/v2\/pages\/1610","targetHints":{"allow":["GET"]}}],"collection":[{"href":"https:\/\/www.neurolinguistic.com\/blog\/wp-json\/wp\/v2\/pages"}],"about":[{"href":"https:\/\/www.neurolinguistic.com\/blog\/wp-json\/wp\/v2\/types\/page"}],"author":[{"embeddable":true,"href":"https:\/\/www.neurolinguistic.com\/blog\/wp-json\/wp\/v2\/users\/1"}],"replies":[{"embeddable":true,"href":"https:\/\/www.neurolinguistic.com\/blog\/wp-json\/wp\/v2\/comments?post=1610"}],"version-history":[{"count":0,"href":"https:\/\/www.neurolinguistic.com\/blog\/wp-json\/wp\/v2\/pages\/1610\/revisions"}],"wp:attachment":[{"href":"https:\/\/www.neurolinguistic.com\/blog\/wp-json\/wp\/v2\/media?parent=1610"}],"curies":[{"name":"wp","href":"https:\/\/api.w.org\/{rel}","templated":true}]}}